{"id":227228,"date":"2026-04-01T11:26:08","date_gmt":"2026-04-01T09:26:08","guid":{"rendered":"https:\/\/autoshow.ch\/kompania\/anetar-i-e-a-i-v-t\/"},"modified":"2026-04-16T09:43:59","modified_gmt":"2026-04-16T07:43:59","slug":"anetar-i-e-a-i-v-t","status":"publish","type":"page","link":"https:\/\/autoshow.ch\/sq\/kompania\/anetar-i-e-a-i-v-t\/","title":{"rendered":"An\u00ebtar i E.A.I.V.T"},"content":{"rendered":"\t<header class=\"visual-title\">\n\t\t\t\t\t<img decoding=\"async\" class=\"lazyload\" src=\"https:\/\/autoshow.ch\/wp-content\/uploads\/2026\/04\/mitglied-bei-e-a-i-v-t-autoshow-aathal-ag-4-e1775822477249.jpeg\" alt=\"An\u00ebtar i E.A.I.V.T - Autoshow Aathal AG pran\u00eb Uster ofron oferta t\u00eb favorshme p\u00ebr makina t\u00eb p\u00ebrdorura dhe t\u00eb reja 3\" loading=\"lazy\">\n\t\t\t\t\n\t\t\t\t\t\n\n\n\n\t<\/header><!-- \/ visual-title -->\n\n<div class=\"wp-block-group md-group\"><div class=\"wp-block-group__inner-container is-layout-constrained wp-block-group-is-layout-constrained\">\t<div class=\"breadcrumbs-section container\">\n\t\t<ul class=\"breadcrumb\">\n\t\t\t<li class=\"breadcrumb-item\"><a property=\"item\" typeof=\"WebPage\" title=\"Go to Autoshow Aathal AG.\" href=\"https:\/\/autoshow.ch\/sq\/\" class=\"home\"><span property=\"name\">Start\u00adseite<\/span><\/a><meta property=\"position\" content=\"1\"><\/li><li class=\"breadcrumb-item\"><a property=\"item\" typeof=\"WebPage\" title=\"Go to Lajme.\" href=\"https:\/\/autoshow.ch\/sq\/lajme\/\" class=\"post-root post post-post\" aria-current=\"page\"><span property=\"name\">Lajme<\/span><\/a><meta property=\"position\" content=\"2\"><\/li>\t\t<\/ul>\n\t<\/div>\n<!-- \/.breadcrumbs-section -->\n\n\n<div class=\"page-title-section container\">\n\t\t\t<h1>An\u00ebtar i E.A.I.V.T<\/h1>\n\t<\/div>\n<!-- \/.page-title-section -->\n\n\n\n<div class=\"wp-block-columns is-layout-flex wp-container-core-columns-is-layout-8f761849 wp-block-columns-is-layout-flex\">\n<div class=\"wp-block-column is-layout-flow wp-block-column-is-layout-flow\" style=\"flex-basis:70%\">\n<h2 class=\"wp-block-heading\">An\u00ebtar i E.A.I.V.T. \u2013 p\u00ebr tregtin\u00eb e lir\u00eb t\u00eb automjeteve<\/h2>\n\n\n<p class=\"type-size-2\">\n\t\t\tAutoshow Aathal angazho\u00adhet p\u00ebr pro\u00admovimin e tregtis\u00eb s\u00eb lir\u00eb t\u00eb autom\u00adjeteve.<br>\nKush thot\u00eb \u00abA\u00bb, duhet t\u00eb mba\u00adj\u00eb edhe at\u00eb q\u00eb prem\u00adton! Autoshow Aathal ka qen\u00eb gjith\u00admon\u00eb nj\u00eb \u00abA\u00bb m\u00eb mir\u00eb p\u00ebr gati 30 vjet: E prem\u00adtu\u00adar! <br>\n\t<\/p>\n\n\n\t\t<div class=\"info-media-section type3\">\n\t\t<div class=\"container md\">\n\t\t\t<div class=\"row align-items-md-center\">\n\t\t\t\t\t\t\t\t\t\t\t\t<div class=\"col-md-6 d-md-flex\">\n\t\t\t\t\t<div class=\"img\">\n\t\t\t\t\t\t    <img decoding=\"async\" class=\"lazyload\" src=\"https:\/\/autoshow.ch\/wp-content\/uploads\/2026\/04\/mitglied-bei-a-i-v-t-autoshow-aathal-ag-4.webp\" srcset sizes=\"auto, (max-width: 768px) 100vw, 50vw\" alt=\"An\u00ebtar i A.I.V.T - Autoshow Aathal AG pran\u00eb Uster ofron makina t\u00eb p\u00ebrdorura dhe t\u00eb reja me \u00e7mime t\u00eb favorshme 3\" loading=\"lazy\" width=\"190\" height=\"180\">\n\t\t\t\t\t\t\t\t\t\t\t\n\t\t\t\t\t<\/div>\n\t\t\t\t<\/div>\n\t\t\t\t<div class=\"col-md-6 d-md-flex flex-md-column descr\">\n\t\t\t\t\t<p><!-- wp:heading --><\/p>\n<h2 class=\"wp-block-heading\">\u00c7far\u00eb \u00ebsht\u00eb E.A.I.V.T.?<\/h2>\n<p class=\"wp-block-heading\"><!-- wp:paragraph -->E.A.I.V.T. \u00ebsht\u00eb nj\u00eb grup intere\u00adsi i treg\u00adtar\u00ebve dhe shoqatave t\u00eb pavaru\u00adra nga indus\u00adtria e auto\u00admo\u00adbilave. Q\u00ebl\u00adli\u00admi i Shoqat\u00ebs Evropi\u00adane t\u00eb Treg\u00adtar\u00ebve t\u00eb Pavarur t\u00eb Autom\u00adjeteve \u00ebsht\u00eb forci\u00admi i pozi\u00adcionit t\u00eb tregut t\u00eb an\u00eb\u00adtar\u00ebve p\u00ebrmes bashk\u00ebpunim\u00adit t\u00eb shtu\u00adar dhe shk\u00ebm\u00adbim\u00adit t\u00eb t\u00eb dh\u00eb\u00adnave mes tyre. <\/p>\n<p><!-- \/wp:heading --><\/p>\n\t\t\t\t\t\t\t\t\t\t\t\t\t\t\t\t\t<a href=\"https:\/\/www.eaivt.org\/\" target=\"_blank\" class=\"btn btn-primary\">M\u00eb shum\u00eb rreth E.A.I.V.T.<\/a>\n\t\t\t\t\t\t\n\t\t\t\t\t\t\t\t\n\t\t\t\t<\/div>\n\t\t\t<\/div>\n\t\t<\/div>\n\t<\/div><!-- \/ info-media-section -->\n\n\n\n<p class=\"wp-block-paragraph\">Pro\u00admovi\u00admi i tregtis\u00eb s\u00eb lir\u00eb t\u00eb auto\u00admo\u00adbilave \u00ebsht\u00eb dhe mbetet nj\u00eb pik\u00eb ky\u00e7e e pun\u00ebs s\u00eb E.A.I.V.T. P\u00ebr\u00adfaq\u00eb\u00adsue\u00adsit e qev\u00aderis\u00eb dhe indus\u00adtris\u00eb e kon\u00adsidero\u00adjn\u00eb E.A.I.V.T. si nj\u00eb part\u00adner t\u00eb besuesh\u00ebm n\u00eb sek\u00adtorin e pavarur.<\/p>\n\n\n\n<hr class=\"wp-block-separator has-alpha-channel-opacity is-style-wide\">\n<\/div>\n\n\n\n<div class=\"wp-block-column is-layout-flow wp-block-column-is-layout-flow\" style=\"flex-basis:30%\">\t\n\t\t\t\t\t\t<nav class=\"sidebar-nav\">\n\t\t\t<ul>\n\t\t\t\t\t\t\t\t\t\t\t\t\t\t<li><a href=\"https:\/\/autoshow.ch\/autoshow-aathal-unternehmen\/geschichte\/\">His\u00adto\u00adria<\/a><\/li>\n\t\t\t\t\t\t\t\t\t\t\t\t\t\t<li><a href=\"https:\/\/autoshow.ch\/autoshow-aathal-unternehmen\/team\/\">Ekipi<\/a><\/li>\n\t\t\t\t\t\t\t\t\t\t\t\t\t\t<li><a href=\"https:\/\/autoshow.ch\/autoshow-aathal-unternehmen\/jobs\/\">Pun\u00eb<\/a><\/li>\n\t\t\t\t\t\t\t\t\t\t\t\t\t\t<li class=\"active\"><a href=\"https:\/\/autoshow.ch\/autoshow-aathal-unternehmen\/mitglied-bei-e-a-i-v-t\/\">An\u00eb\u00adtar i E.A.I.V.T<\/a><\/li>\n\t\t\t\t\t\t\t\t\t\t\t\t\t\t<li><a href=\"https:\/\/autoshow.ch\/autoshow-aathal-unternehmen\/vrb-partner\/\">Part\u00adner vRB<\/a><\/li>\n\t\t\t\t\t\t\t\t\n\t\t\t<\/ul>\n\t\t<\/nav>\n\t\t<!-- .sidebar-nav -->\n\t\n\n\t\t<div class=\"person-box bg-gray\">\n\t\t<h3>Si mund t\u2019ju ndihmoj m\u00eb tej?<\/h3>\n\t\t<figure class=\"photo-box\">\n\t\t\t<img decoding=\"async\" src=\"https:\/\/autoshow.ch\/wp-content\/uploads\/2022\/12\/patrick-liechti-autoshow-aathal-ag-3.jpg\" alt=\"Patrick Liechti\" class=\"lazyload\" loading=\"lazy\">\n\t\t<\/figure>\n\t\t<h4>Patrick Liechti<\/h4>\n\t\t<p class=\"role\">Gesch\u00e4ft\u00adsleitung<\/p>\n\t\t<p class=\"employee-langs\"><\/p>\n\t\t<ul class=\"contact-btns type2\">\n\t\t\t\t\t\t<li class=\"person-box-email\">\n\t\t\t\t<a href=\"mailto:pl@autoshow.ch\">\n\t\t\t\t\t<i class=\"fa-regular fa-envelope\" aria-hidden=\"true\"><\/i>\n\t\t\t\t\t<span class=\"tooltip-item\">pl@autoshow.ch<\/span>\n\t\t\t\t<\/a>\n\t\t\t<\/li>\n\t\t\t\t\t\t<li class=\"person-box-phone\">\n\t\t\t\t<a href=\"tel:41449330010\">\n\t\t\t\t\t<i class=\"fa fa-phone\" aria-hidden=\"true\"><\/i>\n\t\t\t\t\t<span class=\"tooltip-item\">+41 44 933 00 10<\/span>\n\t\t\t\t<\/a>\n\t\t\t<\/li>\n\t\t\t\t\t\t<li class=\"person-box-whatsapp\" style=\"display:none\">\n\t\t\t\t<a href=\"https:\/\/api.whatsapp.com\/send?phone=\">\n\t\t\t\t\t<span class=\"icon\"><i class=\"fa-brands fa-whatsapp\"><\/i><\/span>\n\t\t\t\t\t<span class=\"tooltip-item\"><\/span>\n\t\t\t\t<\/a>\n\t\t\t<\/li>\n\t\t<\/ul>\n\t\t\t<\/div>\n<\/div>\n<\/div>\n<\/div><\/div>\n","protected":false},"excerpt":{"rendered":"<p>An\u00eb\u00adtar i E.A.I.V.T. \u2013 p\u00ebr tregt\u00adin\u00eb e lir\u00eb t\u00eb autom\u00adjeteve Pro\u00admovi\u00admi i tregtis\u00eb s\u00eb\u2026<\/p>\n","protected":false},"author":31,"featured_media":232253,"parent":225863,"menu_order":40,"comment_status":"closed","ping_status":"closed","template":"","meta":{"_acf_changed":false,"inline_featured_image":false,"wp_typography_post_enhancements_disabled":false,"footnotes":""},"class_list":["post-227228","page","type-page","status-publish","has-post-thumbnail","hentry"],"acf":[],"yoast_head":"<!-- This site is optimized with the Yoast SEO plugin v28.4 - https:\/\/yoast.com\/product\/yoast-seo-wordpress\/ -->\n<title>An\u00ebtar i E.A.I.V.T. | Autoshow Aathal<\/title>\n<meta name=\"description\" content=\"Autoshow Aathal \u00ebsht\u00eb an\u00ebtare e Shoqat\u00ebs Evropiane t\u00eb Tregtar\u00ebve t\u00eb Pavarur t\u00eb Automjeteve \u2013 p\u00ebr promovimin e tregtis\u00eb s\u00eb lir\u00eb t\u00eb automjeteve.\" \/>\n<meta name=\"robots\" content=\"index, follow, max-snippet:-1, max-image-preview:large, max-video-preview:-1\" \/>\n<link rel=\"canonical\" href=\"https:\/\/autoshow.ch\/sq\/kompania\/anetar-i-e-a-i-v-t\/\" \/>\n<meta property=\"og:locale\" content=\"sq_AL\" \/>\n<meta property=\"og:type\" content=\"article\" \/>\n<meta property=\"og:title\" content=\"An\u00ebtar i E.A.I.V.T. | Autoshow Aathal\" \/>\n<meta property=\"og:description\" content=\"Autoshow Aathal \u00ebsht\u00eb an\u00ebtare e Shoqat\u00ebs Evropiane t\u00eb Tregtar\u00ebve t\u00eb Pavarur t\u00eb Automjeteve \u2013 p\u00ebr promovimin e tregtis\u00eb s\u00eb lir\u00eb t\u00eb automjeteve.\" \/>\n<meta property=\"og:url\" content=\"https:\/\/autoshow.ch\/sq\/kompania\/anetar-i-e-a-i-v-t\/\" \/>\n<meta property=\"og:site_name\" content=\"Autoshow Aathal AG\" \/>\n<meta property=\"article:publisher\" content=\"https:\/\/www.facebook.com\/autoshow.ch\" \/>\n<meta property=\"article:modified_time\" content=\"2026-04-16T07:43:59+00:00\" \/>\n<meta property=\"og:image\" content=\"https:\/\/autoshow.ch\/wp-content\/uploads\/2026\/04\/mitglied-bei-e-a-i-v-t-autoshow-aathal-ag-4-e1775822477249.jpeg\" \/>\n\t<meta property=\"og:image:width\" content=\"1920\" \/>\n\t<meta property=\"og:image:height\" content=\"640\" \/>\n\t<meta property=\"og:image:type\" content=\"image\/jpeg\" \/>\n<meta name=\"twitter:card\" content=\"summary_large_image\" \/>\n<!-- \/ Yoast SEO plugin. -->","yoast_head_json":{"title":"An\u00ebtar i E.A.I.V.T. | Autoshow Aathal","description":"Autoshow Aathal \u00ebsht\u00eb an\u00ebtare e Shoqat\u00ebs Evropiane t\u00eb Tregtar\u00ebve t\u00eb Pavarur t\u00eb Automjeteve \u2013 p\u00ebr promovimin e tregtis\u00eb s\u00eb lir\u00eb t\u00eb automjeteve.","robots":{"index":"index","follow":"follow","max-snippet":"max-snippet:-1","max-image-preview":"max-image-preview:large","max-video-preview":"max-video-preview:-1"},"canonical":"https:\/\/autoshow.ch\/sq\/kompania\/anetar-i-e-a-i-v-t\/","og_locale":"sq_AL","og_type":"article","og_title":"An\u00ebtar i E.A.I.V.T. | Autoshow Aathal","og_description":"Autoshow Aathal \u00ebsht\u00eb an\u00ebtare e Shoqat\u00ebs Evropiane t\u00eb Tregtar\u00ebve t\u00eb Pavarur t\u00eb Automjeteve \u2013 p\u00ebr promovimin e tregtis\u00eb s\u00eb lir\u00eb t\u00eb automjeteve.","og_url":"https:\/\/autoshow.ch\/sq\/kompania\/anetar-i-e-a-i-v-t\/","og_site_name":"Autoshow Aathal AG","article_publisher":"https:\/\/www.facebook.com\/autoshow.ch","article_modified_time":"2026-04-16T07:43:59+00:00","og_image":[{"width":1920,"height":640,"url":"https:\/\/autoshow.ch\/wp-content\/uploads\/2026\/04\/mitglied-bei-e-a-i-v-t-autoshow-aathal-ag-4-e1775822477249.jpeg","type":"image\/jpeg"}],"twitter_card":"summary_large_image","schema":{"@context":"https:\/\/schema.org","@graph":[{"@type":"WebPage","@id":"https:\/\/autoshow.ch\/sq\/kompania\/anetar-i-e-a-i-v-t\/","url":"https:\/\/autoshow.ch\/sq\/kompania\/anetar-i-e-a-i-v-t\/","name":"An\u00ebtar i E.A.I.V.T. | Autoshow Aathal","isPartOf":{"@id":"https:\/\/autoshow.ch\/sq\/#website"},"primaryImageOfPage":{"@id":"https:\/\/autoshow.ch\/sq\/kompania\/anetar-i-e-a-i-v-t\/#primaryimage"},"image":{"@id":"https:\/\/autoshow.ch\/sq\/kompania\/anetar-i-e-a-i-v-t\/#primaryimage"},"thumbnailUrl":"https:\/\/autoshow.ch\/wp-content\/uploads\/2026\/04\/mitglied-bei-e-a-i-v-t-autoshow-aathal-ag-4-e1775822477249.jpeg","datePublished":"2026-04-01T09:26:08+00:00","dateModified":"2026-04-16T07:43:59+00:00","description":"Autoshow Aathal \u00ebsht\u00eb an\u00ebtare e Shoqat\u00ebs Evropiane t\u00eb Tregtar\u00ebve t\u00eb Pavarur t\u00eb Automjeteve \u2013 p\u00ebr promovimin e tregtis\u00eb s\u00eb lir\u00eb t\u00eb automjeteve.","breadcrumb":{"@id":"https:\/\/autoshow.ch\/sq\/kompania\/anetar-i-e-a-i-v-t\/#breadcrumb"},"inLanguage":"sq","potentialAction":[{"@type":"ReadAction","target":["https:\/\/autoshow.ch\/sq\/kompania\/anetar-i-e-a-i-v-t\/"]}]},{"@type":"ImageObject","inLanguage":"sq","@id":"https:\/\/autoshow.ch\/sq\/kompania\/anetar-i-e-a-i-v-t\/#primaryimage","url":"https:\/\/autoshow.ch\/wp-content\/uploads\/2026\/04\/mitglied-bei-e-a-i-v-t-autoshow-aathal-ag-4-e1775822477249.jpeg","contentUrl":"https:\/\/autoshow.ch\/wp-content\/uploads\/2026\/04\/mitglied-bei-e-a-i-v-t-autoshow-aathal-ag-4-e1775822477249.jpeg","width":1920,"height":640,"caption":"An\u00ebtar i E.A.I.V.T - Autoshow Aathal AG pran\u00eb Uster ofron oferta t\u00eb favorshme p\u00ebr makina t\u00eb p\u00ebrdorura dhe t\u00eb reja 3"},{"@type":"BreadcrumbList","@id":"https:\/\/autoshow.ch\/sq\/kompania\/anetar-i-e-a-i-v-t\/#breadcrumb","itemListElement":[{"@type":"ListItem","position":1,"name":"Startseite","item":"https:\/\/autoshow.ch\/sq\/"},{"@type":"ListItem","position":2,"name":"Kompania","item":"https:\/\/autoshow.ch\/sq\/kompania\/"},{"@type":"ListItem","position":3,"name":"An\u00ebtar i E.A.I.V.T"}]},{"@type":"WebSite","@id":"https:\/\/autoshow.ch\/sq\/#website","url":"https:\/\/autoshow.ch\/sq\/","name":"Autoshow Aathal AG","description":"bei Uster bietet g\u00fcnstige Occasionen und Neuwagen","publisher":{"@id":"https:\/\/autoshow.ch\/sq\/#organization"},"alternateName":"Autoshow","potentialAction":[{"@type":"SearchAction","target":{"@type":"EntryPoint","urlTemplate":"https:\/\/autoshow.ch\/sq\/?s={search_term_string}"},"query-input":{"@type":"PropertyValueSpecification","valueRequired":true,"valueName":"search_term_string"}}],"inLanguage":"sq"},{"@type":"Organization","@id":"https:\/\/autoshow.ch\/sq\/#organization","name":"Autoshow Aathal AG","alternateName":"Autoshow","url":"https:\/\/autoshow.ch\/sq\/","logo":{"@type":"ImageObject","inLanguage":"sq","@id":"https:\/\/autoshow.ch\/sq\/#\/schema\/logo\/image\/","url":"https:\/\/autoshow.ch\/wp-content\/uploads\/2025\/12\/autoshow-aathal-ag-logo@696x696.png","contentUrl":"https:\/\/autoshow.ch\/wp-content\/uploads\/2025\/12\/autoshow-aathal-ag-logo@696x696.png","width":696,"height":696,"caption":"Autoshow Aathal AG"},"image":{"@id":"https:\/\/autoshow.ch\/sq\/#\/schema\/logo\/image\/"},"sameAs":["https:\/\/www.facebook.com\/autoshow.ch","https:\/\/www.instagram.com\/autoshow_aathal\/","https:\/\/www.linkedin.com\/company\/autoshow-aathal-ag","https:\/\/www.youtube.com\/user\/AutoshowAathal"]}]}},"_links":{"self":[{"href":"https:\/\/autoshow.ch\/sq\/wp-json\/wp\/v2\/pages\/227228","targetHints":{"allow":["GET"]}}],"collection":[{"href":"https:\/\/autoshow.ch\/sq\/wp-json\/wp\/v2\/pages"}],"about":[{"href":"https:\/\/autoshow.ch\/sq\/wp-json\/wp\/v2\/types\/page"}],"author":[{"embeddable":true,"href":"https:\/\/autoshow.ch\/sq\/wp-json\/wp\/v2\/users\/31"}],"replies":[{"embeddable":true,"href":"https:\/\/autoshow.ch\/sq\/wp-json\/wp\/v2\/comments?post=227228"}],"version-history":[{"count":3,"href":"https:\/\/autoshow.ch\/sq\/wp-json\/wp\/v2\/pages\/227228\/revisions"}],"predecessor-version":[{"id":232987,"href":"https:\/\/autoshow.ch\/sq\/wp-json\/wp\/v2\/pages\/227228\/revisions\/232987"}],"up":[{"embeddable":true,"href":"https:\/\/autoshow.ch\/sq\/wp-json\/wp\/v2\/pages\/225863"}],"wp:featuredmedia":[{"embeddable":true,"href":"https:\/\/autoshow.ch\/sq\/wp-json\/wp\/v2\/media\/232253"}],"wp:attachment":[{"href":"https:\/\/autoshow.ch\/sq\/wp-json\/wp\/v2\/media?parent=227228"}],"curies":[{"name":"wp","href":"https:\/\/api.w.org\/{rel}","templated":true}]}}