{"id":226160,"date":"2022-11-21T10:24:10","date_gmt":"2022-11-21T09:24:10","guid":{"rendered":"https:\/\/autoshow.ch\/kompania\/pune\/"},"modified":"2026-04-10T10:09:12","modified_gmt":"2026-04-10T08:09:12","slug":"pune","status":"publish","type":"page","link":"https:\/\/autoshow.ch\/sq\/kompania\/pune\/","title":{"rendered":"Pun\u00eb"},"content":{"rendered":"\t<header class=\"visual-title\">\n\t\t\t\t\t<img decoding=\"async\" class=\"lazyload\" src=\"https:\/\/autoshow.ch\/wp-content\/uploads\/2026\/04\/jobs-autoshow-aathal-ag-5.jpeg\" alt=\"Jobs - Autoshow Aathal AG bei Uster bietet g\u00fcnstige Occasionen und Neuwagen 4\" loading=\"lazy\">\n\t\t\t\t\n\t\t\t\t\t\n\n\n\n\t<\/header><!-- \/ visual-title -->\n\n<div class=\"wp-block-group md-group\"><div class=\"wp-block-group__inner-container is-layout-constrained wp-block-group-is-layout-constrained\">\t<div class=\"breadcrumbs-section container\">\n\t\t<ul class=\"breadcrumb\">\n\t\t\t<li class=\"breadcrumb-item\"><a property=\"item\" typeof=\"WebPage\" title=\"Go to Autoshow Aathal AG.\" href=\"https:\/\/autoshow.ch\/sq\/\" class=\"home\"><span property=\"name\">Start\u00adseite<\/span><\/a><meta property=\"position\" content=\"1\"><\/li><li class=\"breadcrumb-item\"><a property=\"item\" typeof=\"WebPage\" title=\"Go to Lajme.\" href=\"https:\/\/autoshow.ch\/sq\/lajme\/\" class=\"post-root post post-post\" aria-current=\"page\"><span property=\"name\">Lajme<\/span><\/a><meta property=\"position\" content=\"2\"><\/li>\t\t<\/ul>\n\t<\/div>\n<!-- \/.breadcrumbs-section -->\n\n\n<div class=\"page-title-section container\">\n\t\t\t<h1>PUN\u00cb<\/h1>\n\t<\/div>\n<!-- \/.page-title-section -->\n\n\n\n<div class=\"wp-block-columns is-layout-flex wp-container-core-columns-is-layout-8f761849 wp-block-columns-is-layout-flex\">\n<div class=\"wp-block-column is-layout-flow wp-block-column-is-layout-flow\" style=\"flex-basis:70%\">\t<div class=\"jobs-section\">\n\t\t\t\t\t<h2>B\u00ebhuni pjes\u00eb e ekipit \u00abAAA\u00bb<\/h2>\n\t\t\t\t\t\t\t<strong><p><strong>Jemi shum\u00eb t\u00eb lum\u00adtur q\u00eb jeni t\u00eb intere\u00adsuar p\u00ebr ne si pun\u00ebd\u00adh\u00ebn\u00ebs! Autoshow Aathal AG jeton nga punon\u00adj\u00ebs t\u00eb motivuar dhe t\u00eb besuesh\u00ebm, si dhe nj\u00eb ekip i bashk\u00ebren\u00add\u00aduar dhe miq\u00eb\u00adsor. <\/strong><\/p>\n<h2>Pozicione t\u00eb hapura<\/h2>\n<p>K\u00ebtu pub\u00adliko\u00adjm\u00eb pozi\u00adcionet tona t\u00eb hapu\u00adra. A ju p\u00ebr\u00adsh\u00adtatet ndon\u00adj\u00ebri prej tyre? At\u00ebher\u00eb aplikoni sot!  <\/p>\n<h2>Aplikim spontan<\/h2>\n<p>Na d\u00ebr\u00adgoni aplikimin tuaj spon\u00adtan n\u00eb bewerbung@autoshow.ch \u2013 do t\u00eb mer\u00adrni nj\u00eb p\u00ebrgjig\u00adje n\u00eb \u00e7do rast.<\/p>\n<p>Shi\u00adhe\u00admi s\u00eb shpe\u00adjti n\u00eb Autoshow Aathal! Ekipi juaj \u00abAAA\u00bb <\/p>\n<\/strong>\n\t\t\t\t\t\t\t<\/div>\n\t<!-- \/.jobs-section -->\n<\/div>\n\n\n\n<div class=\"wp-block-column is-layout-flow wp-block-column-is-layout-flow\" style=\"flex-basis:30%\">\t\n\t\t\t\t\t\t<nav class=\"sidebar-nav\">\n\t\t\t<ul>\n\t\t\t\t\t\t\t\t\t\t\t\t\t\t<li><a href=\"https:\/\/autoshow.ch\/autoshow-aathal-unternehmen\/geschichte\/\">His\u00adto\u00adria<\/a><\/li>\n\t\t\t\t\t\t\t\t\t\t\t\t\t\t<li><a href=\"https:\/\/autoshow.ch\/autoshow-aathal-unternehmen\/team\/\">Ekipi<\/a><\/li>\n\t\t\t\t\t\t\t\t\t\t\t\t\t\t<li class=\"active\"><a href=\"https:\/\/autoshow.ch\/autoshow-aathal-unternehmen\/jobs\/\">Pun\u00eb<\/a><\/li>\n\t\t\t\t\t\t\t\t\t\t\t\t\t\t<li><a href=\"https:\/\/autoshow.ch\/autoshow-aathal-unternehmen\/mitglied-bei-e-a-i-v-t\/\">An\u00eb\u00adtar i E.A.I.V.T<\/a><\/li>\n\t\t\t\t\t\t\t\t\t\t\t\t\t\t<li><a href=\"https:\/\/autoshow.ch\/autoshow-aathal-unternehmen\/vrb-partner\/\">Part\u00adner vRB<\/a><\/li>\n\t\t\t\t\t\t\t\t\n\t\t\t<\/ul>\n\t\t<\/nav>\n\t\t<!-- .sidebar-nav -->\n\t\n\n\t\t<div class=\"person-box bg-gray\">\n\t\t<h3>Si mund t\u2019ju ndihmoj m\u00eb tej?<\/h3>\n\t\t<figure class=\"photo-box\">\n\t\t\t<img decoding=\"async\" src=\"https:\/\/autoshow.ch\/wp-content\/uploads\/2022\/12\/patrick-liechti-autoshow-aathal-ag-3.jpg\" alt=\"Patrick Liechti\" class=\"lazyload\" loading=\"lazy\">\n\t\t<\/figure>\n\t\t<h4>Patrick Liechti<\/h4>\n\t\t<p class=\"role\">Gesch\u00e4ft\u00adsleitung<\/p>\n\t\t<p class=\"employee-langs\"><\/p>\n\t\t<ul class=\"contact-btns type2\">\n\t\t\t\t\t\t<li class=\"person-box-email\">\n\t\t\t\t<a href=\"mailto:pl@autoshow.ch\">\n\t\t\t\t\t<i class=\"fa-regular fa-envelope\" aria-hidden=\"true\"><\/i>\n\t\t\t\t\t<span class=\"tooltip-item\">pl@autoshow.ch<\/span>\n\t\t\t\t<\/a>\n\t\t\t<\/li>\n\t\t\t\t\t\t<li class=\"person-box-phone\">\n\t\t\t\t<a href=\"tel:41449330010\">\n\t\t\t\t\t<i class=\"fa fa-phone\" aria-hidden=\"true\"><\/i>\n\t\t\t\t\t<span class=\"tooltip-item\">+41 44 933 00 10<\/span>\n\t\t\t\t<\/a>\n\t\t\t<\/li>\n\t\t\t\t\t\t<li class=\"person-box-whatsapp\" style=\"display:none\">\n\t\t\t\t<a href=\"https:\/\/api.whatsapp.com\/send?phone=\">\n\t\t\t\t\t<span class=\"icon\"><i class=\"fa-brands fa-whatsapp\"><\/i><\/span>\n\t\t\t\t\t<span class=\"tooltip-item\"><\/span>\n\t\t\t\t<\/a>\n\t\t\t<\/li>\n\t\t<\/ul>\n\t\t\t<\/div>\n\n\n\t\n\t\t\t<div class=\"disturber style-04 size-02\">\n\t\t\t<div class=\"disturber-hold\">\n\t\t\t\t\t\t\t\t\t<h3 class=\"size-lg\">Aplikoni leht\u00ebsisht me e\u2011mail <br>\n<\/h3>\n\t\t\t\t\t\t\t\t\t\t\t\t\t<a href=\"mailto:df@altenburg-garage.ch\" target=\"_blank\">E\u2011mail drej\u00adtu\u00adar\u2026<\/a>\n\t\t\t\t\t\t\t\t\t\t\n\t\t\t<\/div>\n\t\t<\/div>\n\t\t\t\n<\/div>\n<\/div>\n<\/div><\/div>\n\t\n\n\t\t\t\t<div class=\"newsletter-section\">\n\t\t<div class=\"container\">\n\t\t\t<div class=\"row\">\n\t\t\t\t<div class=\"col-md-10 mx-auto\">\n\t\t\t\t\t<div class=\"inner\">\n\t\t\t\t\t\t\t\t\t\t\t\t\t<h2 class=\"h5\">Regjistrimi n\u00eb buletin<\/h2>\n\t\t\t\t\t\t\t\n\t\t\t\t\t\t\t\t\t\t\t\t\t\n<div class=\"wpcf7 no-js\" id=\"wpcf7-f232617-o1\" lang=\"sq\" dir=\"ltr\" data-wpcf7-id=\"232617\">\n<div class=\"screen-reader-response\"><p role=\"status\" aria-live=\"polite\" aria-atomic=\"true\"><\/p> <ul><\/ul><\/div>\n<form action=\"\/sq\/wp-json\/wp\/v2\/pages\/226160#wpcf7-f232617-o1\" method=\"post\" class=\"wpcf7-form init\" aria-label=\"Formular kontaktesh\" novalidate=\"novalidate\" data-status=\"init\">\n<fieldset class=\"hidden-fields-container\"><input type=\"hidden\" name=\"_wpcf7\" value=\"232617\"><input type=\"hidden\" name=\"_wpcf7_version\" value=\"6.1.7\"><input type=\"hidden\" name=\"_wpcf7_locale\" value=\"sq\"><input type=\"hidden\" name=\"_wpcf7_unit_tag\" value=\"wpcf7-f232617-o1\"><input type=\"hidden\" name=\"_wpcf7_container_post\" value=\"0\"><input type=\"hidden\" name=\"_wpcf7_posted_data_hash\" value><input type=\"hidden\" name=\"_wpcf7cf_hidden_group_fields\" value=\"[]\"><input type=\"hidden\" name=\"_wpcf7cf_hidden_groups\" value=\"[]\"><input type=\"hidden\" name=\"_wpcf7cf_visible_groups\" value=\"[]\"><input type=\"hidden\" name=\"_wpcf7cf_repeaters\" value=\"[]\"><input type=\"hidden\" name=\"_wpcf7cf_steps\" value=\"{}\"><input type=\"hidden\" name=\"_wpcf7cf_options\" value=\"{&quot;form_id&quot;:232617,&quot;conditions&quot;:[],&quot;settings&quot;:{&quot;animation&quot;:&quot;yes&quot;,&quot;animation_intime&quot;:200,&quot;animation_outtime&quot;:200,&quot;conditions_ui&quot;:&quot;normal&quot;,&quot;notice_dismissed&quot;:false,&quot;repeater_remove_button&quot;:&quot;bottom&quot;,&quot;notice_dismissed_rollback-cf7-5.8&quot;:true,&quot;notice_dismissed_rollback-cf7-5.8.1&quot;:true,&quot;notice_dismissed_rollback-cf7-5.8.3&quot;:true,&quot;notice_dismissed_rollback-cf7-5.8.4&quot;:true}}\">\n<\/fieldset>\n<div class=\"row\">\n<div class=\"col-md-6 col-lg-3\">\n<div class=\"form-group\">\n<span class=\"wpcf7-form-control-wrap\" data-name=\"salutation\"><select class=\"wpcf7-form-control wpcf7-select wpcf7-validates-as-required\" id=\"lbl-select-01\" aria-required=\"true\" aria-invalid=\"false\" name=\"salutation\"><option value>M\u00ebnyra e drejtimit<\/option><option value=\"Znj.\">Znj.<\/option><option value=\"Z.\">Z.<\/option><option value=\"Tjet\u00ebr\">Tjet\u00ebr<\/option><\/select><\/span>\n<label for=\"lbl-select-01\">M\u00ebnyra e drej\u00adtim\u00adit<\/label>\n<\/div>\n<\/div>\n<div class=\"col-md-6 col-lg-3\">\n<div class=\"form-group\">\n<span class=\"wpcf7-form-control-wrap\" data-name=\"your-email\"><input size=\"40\" maxlength=\"400\" class=\"wpcf7-form-control wpcf7-email wpcf7-validates-as-required wpcf7-text wpcf7-validates-as-email form-control\" id=\"email\" aria-required=\"true\" aria-invalid=\"false\" placeholder=\"Adresa e-mail\" value type=\"email\" name=\"your-email\"><\/span>\n<\/div>\n<\/div>\n<div class=\"col-md-6 col-lg-3\">\n<div class=\"form-group\">\n<span class=\"wpcf7-form-control-wrap\" data-name=\"your-name\"><input size=\"40\" maxlength=\"400\" class=\"wpcf7-form-control wpcf7-text wpcf7-validates-as-required form-control\" id=\"your-name\" aria-required=\"true\" aria-invalid=\"false\" placeholder=\"Emri\" value type=\"text\" name=\"your-name\"><\/span>\n<\/div>\n<\/div>\n<div class=\"col-md-6 col-lg-3\">\n<div class=\"form-group\">\n<span class=\"wpcf7-form-control-wrap\" data-name=\"your-nachname\"><input size=\"40\" maxlength=\"400\" class=\"wpcf7-form-control wpcf7-text wpcf7-validates-as-required form-control\" id=\"your-nachname\" aria-required=\"true\" aria-invalid=\"false\" placeholder=\"Mbiemri\" value type=\"text\" name=\"your-nachname\"><\/span>\n<\/div>\n<\/div>\n<div class=\"col-md-12 col-lg-8 col-xl-12\">\n<div class=\"form-check\">\n <span class=\"wpcf7-form-control-wrap\" data-name=\"newsletter\"><span class=\"wpcf7-form-control wpcf7-acceptance optional\"><span class=\"wpcf7-list-item\"><label><input type=\"checkbox\" name=\"newsletter\" value=\"1\" aria-invalid=\"false\"><span class=\"wpcf7-list-item-label\">Regjistro\u00adhu\u00adni n\u00eb buletin<\/span><\/label><\/span><\/span><\/span>\n<span class=\"wpcf7-form-control-wrap\" data-name=\"acceptance\"><span class=\"wpcf7-form-control wpcf7-acceptance\"><span class=\"wpcf7-list-item\"><label><input type=\"checkbox\" name=\"acceptance\" value=\"1\" aria-invalid=\"false\"><span class=\"wpcf7-list-item-label\">Kam lex\u00adu\u00adar, kup\u00adtuar dhe pra\u00adnoj <a target=\"_blank\" class=\"acceptance-link\" href=\"\/sq\/deklarata-e-privatesise\/\">poli\u00adtik\u00ebn e pri\u00advat\u00eb\u00adsis\u00eb<\/a> *<\/span><\/label><\/span><\/span><\/span>\n<\/div>\n<\/div>\n<div class=\"col-md-6 col-lg-4 col-xl-3 btn-holder\">\n<input class=\"wpcf7-form-control wpcf7-submit has-spinner btn btn-primary\" type=\"submit\" value=\"REGJISTROHUNI N\u00cb BULETIN\">\n<\/div>\n<\/div><div class=\"wpcf7-response-output\" aria-hidden=\"true\"><\/div>\n<\/form>\n<\/div>\n\t\t\t\t\n\t\t\t\t\t\t\t\t\t\t\t<\/div>\n\t\t\t\t<\/div>\n\t\t\t<\/div>\n\t\t<\/div>\n\t\t\t\t\n\t\t\t<figure class=\"bg-img\">\n\t\t\t\t<img decoding=\"async\" src=\"https:\/\/autoshow.ch\/wp-content\/uploads\/2025\/12\/news-autoshow.jpg\" alt loading=\"lazy\" class=\"lazyload\">\n\t\t\t<\/figure>\n\t\t\t<\/div>\n\t<!-- \/.newsletter-section -->\n\n","protected":false},"excerpt":{"rendered":"","protected":false},"author":31,"featured_media":226182,"parent":225863,"menu_order":30,"comment_status":"closed","ping_status":"closed","template":"","meta":{"_acf_changed":false,"inline_featured_image":false,"wp_typography_post_enhancements_disabled":false,"footnotes":""},"class_list":["post-226160","page","type-page","status-publish","has-post-thumbnail","hentry"],"acf":[],"yoast_head":"<!-- This site is optimized with the Yoast SEO plugin v28.4 - https:\/\/yoast.com\/product\/yoast-seo-wordpress\/ -->\n<title>Pun\u00eb | Autoshow Aathal \u2013 Karriera n\u00eb tregtin\u00eb e makinave<\/title>\n<meta name=\"description\" content=\"Vende pune n\u00eb Autoshow Aathal: Ekip i motivuar n\u00eb Z\u00fcrcher Oberland. Pozicione t\u00eb hapura dhe aplikime spontane jan\u00eb t\u00eb mir\u00ebseardhura.\" \/>\n<meta name=\"robots\" content=\"index, follow, max-snippet:-1, max-image-preview:large, max-video-preview:-1\" \/>\n<link rel=\"canonical\" href=\"https:\/\/autoshow.ch\/sq\/kompania\/pune\/\" \/>\n<meta property=\"og:locale\" content=\"sq_AL\" \/>\n<meta property=\"og:type\" content=\"article\" \/>\n<meta property=\"og:title\" content=\"Pun\u00eb | Autoshow Aathal \u2013 Karriera n\u00eb tregtin\u00eb e makinave\" \/>\n<meta property=\"og:description\" content=\"Vende pune n\u00eb Autoshow Aathal: Ekip i motivuar n\u00eb Z\u00fcrcher Oberland. Pozicione t\u00eb hapura dhe aplikime spontane jan\u00eb t\u00eb mir\u00ebseardhura.\" \/>\n<meta property=\"og:url\" content=\"https:\/\/autoshow.ch\/sq\/kompania\/pune\/\" \/>\n<meta property=\"og:site_name\" content=\"Autoshow Aathal AG\" \/>\n<meta property=\"article:publisher\" content=\"https:\/\/www.facebook.com\/autoshow.ch\" \/>\n<meta property=\"article:modified_time\" content=\"2026-04-10T08:09:12+00:00\" \/>\n<meta property=\"og:image\" content=\"https:\/\/autoshow.ch\/wp-content\/uploads\/2026\/04\/jobs-autoshow-aathal-ag-2.jpeg\" \/>\n\t<meta property=\"og:image:width\" content=\"1000\" \/>\n\t<meta property=\"og:image:height\" content=\"285\" \/>\n\t<meta property=\"og:image:type\" content=\"image\/jpeg\" \/>\n<meta name=\"twitter:card\" content=\"summary_large_image\" \/>\n<!-- \/ Yoast SEO plugin. -->","yoast_head_json":{"title":"Pun\u00eb | Autoshow Aathal \u2013 Karriera n\u00eb tregtin\u00eb e makinave","description":"Vende pune n\u00eb Autoshow Aathal: Ekip i motivuar n\u00eb Z\u00fcrcher Oberland. Pozicione t\u00eb hapura dhe aplikime spontane jan\u00eb t\u00eb mir\u00ebseardhura.","robots":{"index":"index","follow":"follow","max-snippet":"max-snippet:-1","max-image-preview":"max-image-preview:large","max-video-preview":"max-video-preview:-1"},"canonical":"https:\/\/autoshow.ch\/sq\/kompania\/pune\/","og_locale":"sq_AL","og_type":"article","og_title":"Pun\u00eb | Autoshow Aathal \u2013 Karriera n\u00eb tregtin\u00eb e makinave","og_description":"Vende pune n\u00eb Autoshow Aathal: Ekip i motivuar n\u00eb Z\u00fcrcher Oberland. Pozicione t\u00eb hapura dhe aplikime spontane jan\u00eb t\u00eb mir\u00ebseardhura.","og_url":"https:\/\/autoshow.ch\/sq\/kompania\/pune\/","og_site_name":"Autoshow Aathal AG","article_publisher":"https:\/\/www.facebook.com\/autoshow.ch","article_modified_time":"2026-04-10T08:09:12+00:00","og_image":[{"width":1000,"height":285,"url":"https:\/\/autoshow.ch\/wp-content\/uploads\/2026\/04\/jobs-autoshow-aathal-ag-2.jpeg","type":"image\/jpeg"}],"twitter_card":"summary_large_image","schema":{"@context":"https:\/\/schema.org","@graph":[{"@type":"WebPage","@id":"https:\/\/autoshow.ch\/sq\/kompania\/pune\/","url":"https:\/\/autoshow.ch\/sq\/kompania\/pune\/","name":"Pun\u00eb | Autoshow Aathal \u2013 Karriera n\u00eb tregtin\u00eb e makinave","isPartOf":{"@id":"https:\/\/autoshow.ch\/sq\/#website"},"primaryImageOfPage":{"@id":"https:\/\/autoshow.ch\/sq\/kompania\/pune\/#primaryimage"},"image":{"@id":"https:\/\/autoshow.ch\/sq\/kompania\/pune\/#primaryimage"},"thumbnailUrl":"https:\/\/autoshow.ch\/wp-content\/uploads\/2026\/04\/jobs-autoshow-aathal-ag-2.jpeg","datePublished":"2022-11-21T09:24:10+00:00","dateModified":"2026-04-10T08:09:12+00:00","description":"Vende pune n\u00eb Autoshow Aathal: Ekip i motivuar n\u00eb Z\u00fcrcher Oberland. Pozicione t\u00eb hapura dhe aplikime spontane jan\u00eb t\u00eb mir\u00ebseardhura.","breadcrumb":{"@id":"https:\/\/autoshow.ch\/sq\/kompania\/pune\/#breadcrumb"},"inLanguage":"sq","potentialAction":[{"@type":"ReadAction","target":["https:\/\/autoshow.ch\/sq\/kompania\/pune\/"]}]},{"@type":"ImageObject","inLanguage":"sq","@id":"https:\/\/autoshow.ch\/sq\/kompania\/pune\/#primaryimage","url":"https:\/\/autoshow.ch\/wp-content\/uploads\/2026\/04\/jobs-autoshow-aathal-ag-2.jpeg","contentUrl":"https:\/\/autoshow.ch\/wp-content\/uploads\/2026\/04\/jobs-autoshow-aathal-ag-2.jpeg","width":1000,"height":285,"caption":"Pun\u00eb - Autoshow Aathal AG pran\u00eb Uster ofron makina t\u00eb p\u00ebrdorura dhe t\u00eb reja me \u00e7mime t\u00eb favorshme 1"},{"@type":"BreadcrumbList","@id":"https:\/\/autoshow.ch\/sq\/kompania\/pune\/#breadcrumb","itemListElement":[{"@type":"ListItem","position":1,"name":"Startseite","item":"https:\/\/autoshow.ch\/sq\/"},{"@type":"ListItem","position":2,"name":"Kompania","item":"https:\/\/autoshow.ch\/sq\/kompania\/"},{"@type":"ListItem","position":3,"name":"Pun\u00eb"}]},{"@type":"WebSite","@id":"https:\/\/autoshow.ch\/sq\/#website","url":"https:\/\/autoshow.ch\/sq\/","name":"Autoshow Aathal AG","description":"bei Uster bietet g\u00fcnstige Occasionen und Neuwagen","publisher":{"@id":"https:\/\/autoshow.ch\/sq\/#organization"},"alternateName":"Autoshow","potentialAction":[{"@type":"SearchAction","target":{"@type":"EntryPoint","urlTemplate":"https:\/\/autoshow.ch\/sq\/?s={search_term_string}"},"query-input":{"@type":"PropertyValueSpecification","valueRequired":true,"valueName":"search_term_string"}}],"inLanguage":"sq"},{"@type":"Organization","@id":"https:\/\/autoshow.ch\/sq\/#organization","name":"Autoshow Aathal AG","alternateName":"Autoshow","url":"https:\/\/autoshow.ch\/sq\/","logo":{"@type":"ImageObject","inLanguage":"sq","@id":"https:\/\/autoshow.ch\/sq\/#\/schema\/logo\/image\/","url":"https:\/\/autoshow.ch\/wp-content\/uploads\/2025\/12\/autoshow-aathal-ag-logo@696x696.png","contentUrl":"https:\/\/autoshow.ch\/wp-content\/uploads\/2025\/12\/autoshow-aathal-ag-logo@696x696.png","width":696,"height":696,"caption":"Autoshow Aathal AG"},"image":{"@id":"https:\/\/autoshow.ch\/sq\/#\/schema\/logo\/image\/"},"sameAs":["https:\/\/www.facebook.com\/autoshow.ch","https:\/\/www.instagram.com\/autoshow_aathal\/","https:\/\/www.linkedin.com\/company\/autoshow-aathal-ag","https:\/\/www.youtube.com\/user\/AutoshowAathal"]}]}},"_links":{"self":[{"href":"https:\/\/autoshow.ch\/sq\/wp-json\/wp\/v2\/pages\/226160","targetHints":{"allow":["GET"]}}],"collection":[{"href":"https:\/\/autoshow.ch\/sq\/wp-json\/wp\/v2\/pages"}],"about":[{"href":"https:\/\/autoshow.ch\/sq\/wp-json\/wp\/v2\/types\/page"}],"author":[{"embeddable":true,"href":"https:\/\/autoshow.ch\/sq\/wp-json\/wp\/v2\/users\/31"}],"replies":[{"embeddable":true,"href":"https:\/\/autoshow.ch\/sq\/wp-json\/wp\/v2\/comments?post=226160"}],"version-history":[{"count":1,"href":"https:\/\/autoshow.ch\/sq\/wp-json\/wp\/v2\/pages\/226160\/revisions"}],"predecessor-version":[{"id":226186,"href":"https:\/\/autoshow.ch\/sq\/wp-json\/wp\/v2\/pages\/226160\/revisions\/226186"}],"up":[{"embeddable":true,"href":"https:\/\/autoshow.ch\/sq\/wp-json\/wp\/v2\/pages\/225863"}],"wp:featuredmedia":[{"embeddable":true,"href":"https:\/\/autoshow.ch\/sq\/wp-json\/wp\/v2\/media\/226182"}],"wp:attachment":[{"href":"https:\/\/autoshow.ch\/sq\/wp-json\/wp\/v2\/media?parent=226160"}],"curies":[{"name":"wp","href":"https:\/\/api.w.org\/{rel}","templated":true}]}}