{"id":228170,"date":"2022-11-21T10:24:10","date_gmt":"2022-11-21T09:24:10","guid":{"rendered":"https:\/\/autoshow.ch\/empresa\/empregos\/"},"modified":"2026-04-10T10:47:34","modified_gmt":"2026-04-10T08:47:34","slug":"empregos","status":"publish","type":"page","link":"https:\/\/autoshow.ch\/pt-pt\/empresa\/empregos\/","title":{"rendered":"Empregos"},"content":{"rendered":"\t<header class=\"visual-title\">\n\t\t\t\t\t<img decoding=\"async\" class=\"lazyload\" src=\"https:\/\/autoshow.ch\/wp-content\/uploads\/2026\/04\/jobs-autoshow-aathal-ag-5.jpeg\" alt=\"Jobs - Autoshow Aathal AG bei Uster bietet g\u00fcnstige Occasionen und Neuwagen 4\" loading=\"lazy\">\n\t\t\t\t\n\t\t\t\t\t\n\n\n\n\t<\/header><!-- \/ visual-title -->\n\n<div class=\"wp-block-group md-group\"><div class=\"wp-block-group__inner-container is-layout-constrained wp-block-group-is-layout-constrained\">\t<div class=\"breadcrumbs-section container\">\n\t\t<ul class=\"breadcrumb\">\n\t\t\t<li class=\"breadcrumb-item\"><a property=\"item\" typeof=\"WebPage\" title=\"Go to Autoshow Aathal AG.\" href=\"https:\/\/autoshow.ch\/pt-pt\/\" class=\"home\"><span property=\"name\">Start\u00adseite<\/span><\/a><meta property=\"position\" content=\"1\"><\/li><li class=\"breadcrumb-item\"><a property=\"item\" typeof=\"WebPage\" title=\"Go to Not\u00edcias.\" href=\"https:\/\/autoshow.ch\/pt-pt\/noticias\/\" class=\"post-root post post-post\" aria-current=\"page\"><span property=\"name\">Not\u00ed\u00adcias<\/span><\/a><meta property=\"position\" content=\"2\"><\/li>\t\t<\/ul>\n\t<\/div>\n<!-- \/.breadcrumbs-section -->\n\n\n<div class=\"page-title-section container\">\n\t\t\t<h1>EMPREGOS<\/h1>\n\t<\/div>\n<!-- \/.page-title-section -->\n\n\n\n<div class=\"wp-block-columns is-layout-flex wp-container-core-columns-is-layout-8f761849 wp-block-columns-is-layout-flex\">\n<div class=\"wp-block-column is-layout-flow wp-block-column-is-layout-flow\" style=\"flex-basis:70%\">\t<div class=\"jobs-section\">\n\t\t\t\t\t<h2>Faz parte da equipa \u00abAAA\u00bb<\/h2>\n\t\t\t\t\t\t\t<strong><p><strong>Ficamos muito con\u00adtentes por te inter\u00ades\u00adsares por n\u00f3s como empre\u00adgador! A Autoshow Aathal AG vive de colab\u00ado\u00adradores moti\u00adva\u00addos e fi\u00e1veis e de uma equipa uni\u00adda e amig\u00e1v\u00adel. <\/strong><\/p>\n<h2>Vagas abertas<\/h2>\n<p>Aqui pub\u00adli\u00adcamos as nos\u00adsas vagas aber\u00adtas. Algu\u00adma delas \u00e9 ade\u00adqua\u00adda para ti? Ent\u00e3o can\u00addi\u00adda\u00adta-te ain\u00adda hoje!  <\/p>\n<h2>Candidatura espont\u00e2nea<\/h2>\n<p>Envia-nos a tua can\u00addi\u00addatu\u00adra espon\u00adt\u00e2nea para bewerbung@autoshow.ch \u2013 rece\u00adber\u00e1s sem\u00adpre um feed\u00adback.<\/p>\n<p>At\u00e9 breve na Autoshow Aathal! A tua equipa \u00abAAA\u00bb <\/p>\n<\/strong>\n\t\t\t\t\t\t\t<\/div>\n\t<!-- \/.jobs-section -->\n<\/div>\n\n\n\n<div class=\"wp-block-column is-layout-flow wp-block-column-is-layout-flow\" style=\"flex-basis:30%\">\t\n\t\t\t\t\t\t<nav class=\"sidebar-nav\">\n\t\t\t<ul>\n\t\t\t\t\t\t\t\t\t\t\t\t\t\t<li><a href=\"https:\/\/autoshow.ch\/autoshow-aathal-unternehmen\/geschichte\/\">Hist\u00f3ria<\/a><\/li>\n\t\t\t\t\t\t\t\t\t\t\t\t\t\t<li><a href=\"https:\/\/autoshow.ch\/autoshow-aathal-unternehmen\/team\/\">Equipa<\/a><\/li>\n\t\t\t\t\t\t\t\t\t\t\t\t\t\t<li class=\"active\"><a href=\"https:\/\/autoshow.ch\/autoshow-aathal-unternehmen\/jobs\/\">Empre\u00adgos<\/a><\/li>\n\t\t\t\t\t\t\t\t\t\t\t\t\t\t<li><a href=\"https:\/\/autoshow.ch\/autoshow-aathal-unternehmen\/mitglied-bei-e-a-i-v-t\/\">Mem\u00adbro da E.A.I.V.T.<\/a><\/li>\n\t\t\t\t\t\t\t\t\t\t\t\t\t\t<li><a href=\"https:\/\/autoshow.ch\/autoshow-aathal-unternehmen\/vrb-partner\/\">Par\u00adceiro VRB<\/a><\/li>\n\t\t\t\t\t\t\t\t\n\t\t\t<\/ul>\n\t\t<\/nav>\n\t\t<!-- .sidebar-nav -->\n\t\n\n\t\t<div class=\"person-box bg-gray\">\n\t\t<h3>Como te posso ajudar mais?<\/h3>\n\t\t<figure class=\"photo-box\">\n\t\t\t<img decoding=\"async\" src=\"https:\/\/autoshow.ch\/wp-content\/uploads\/2022\/12\/patrick-liechti-autoshow-aathal-ag-3.jpg\" alt=\"Patrick Liechti\" class=\"lazyload\" loading=\"lazy\">\n\t\t<\/figure>\n\t\t<h4>Patrick Liechti<\/h4>\n\t\t<p class=\"role\">Gesch\u00e4ft\u00adsleitung<\/p>\n\t\t<p class=\"employee-langs\"><\/p>\n\t\t<ul class=\"contact-btns type2\">\n\t\t\t\t\t\t<li class=\"person-box-email\">\n\t\t\t\t<a href=\"mailto:pl@autoshow.ch\">\n\t\t\t\t\t<i class=\"fa-regular fa-envelope\" aria-hidden=\"true\"><\/i>\n\t\t\t\t\t<span class=\"tooltip-item\">pl@autoshow.ch<\/span>\n\t\t\t\t<\/a>\n\t\t\t<\/li>\n\t\t\t\t\t\t<li class=\"person-box-phone\">\n\t\t\t\t<a href=\"tel:41449330010\">\n\t\t\t\t\t<i class=\"fa fa-phone\" aria-hidden=\"true\"><\/i>\n\t\t\t\t\t<span class=\"tooltip-item\">+41 44 933 00 10<\/span>\n\t\t\t\t<\/a>\n\t\t\t<\/li>\n\t\t\t\t\t\t<li class=\"person-box-whatsapp\" style=\"display:none\">\n\t\t\t\t<a href=\"https:\/\/api.whatsapp.com\/send?phone=\">\n\t\t\t\t\t<span class=\"icon\"><i class=\"fa-brands fa-whatsapp\"><\/i><\/span>\n\t\t\t\t\t<span class=\"tooltip-item\"><\/span>\n\t\t\t\t<\/a>\n\t\t\t<\/li>\n\t\t<\/ul>\n\t\t\t<\/div>\n\n\n\t\n\t\t\t<div class=\"disturber style-04 size-02\">\n\t\t\t<div class=\"disturber-hold\">\n\t\t\t\t\t\t\t\t\t<h3 class=\"size-lg\">Candidata-te facilmente <br>\npor e\u2011mail<\/h3>\n\t\t\t\t\t\t\t\t\t\t\t\t\t<a href=\"mailto:df@altenburg-garage.ch\" target=\"_blank\">E\u2011mail para\u2026<\/a>\n\t\t\t\t\t\t\t\t\t\t\n\t\t\t<\/div>\n\t\t<\/div>\n\t\t\t\n<\/div>\n<\/div>\n<\/div><\/div>\n\t\n\n\t\t\t\t<div class=\"newsletter-section\">\n\t\t<div class=\"container\">\n\t\t\t<div class=\"row\">\n\t\t\t\t<div class=\"col-md-10 mx-auto\">\n\t\t\t\t\t<div class=\"inner\">\n\t\t\t\t\t\t\t\t\t\t\t\t\t<h2 class=\"h5\">Inscri\u00e7\u00e3o na newsletter<\/h2>\n\t\t\t\t\t\t\t\n\t\t\t\t\t\t\t\t\t\t\t\t\t\n<div class=\"wpcf7 no-js\" id=\"wpcf7-f232588-o1\" lang=\"pt-PT\" dir=\"ltr\" data-wpcf7-id=\"232588\">\n<div class=\"screen-reader-response\"><p role=\"status\" aria-live=\"polite\" aria-atomic=\"true\"><\/p> <ul><\/ul><\/div>\n<form action=\"\/pt-pt\/wp-json\/wp\/v2\/pages\/228170#wpcf7-f232588-o1\" method=\"post\" class=\"wpcf7-form init\" aria-label=\"Formul\u00e1rio de contacto\" novalidate=\"novalidate\" data-status=\"init\">\n<fieldset class=\"hidden-fields-container\"><input type=\"hidden\" name=\"_wpcf7\" value=\"232588\"><input type=\"hidden\" name=\"_wpcf7_version\" value=\"6.1.7\"><input type=\"hidden\" name=\"_wpcf7_locale\" value=\"pt_PT\"><input type=\"hidden\" name=\"_wpcf7_unit_tag\" value=\"wpcf7-f232588-o1\"><input type=\"hidden\" name=\"_wpcf7_container_post\" value=\"0\"><input type=\"hidden\" name=\"_wpcf7_posted_data_hash\" value><input type=\"hidden\" name=\"_wpcf7cf_hidden_group_fields\" value=\"[]\"><input type=\"hidden\" name=\"_wpcf7cf_hidden_groups\" value=\"[]\"><input type=\"hidden\" name=\"_wpcf7cf_visible_groups\" value=\"[]\"><input type=\"hidden\" name=\"_wpcf7cf_repeaters\" value=\"[]\"><input type=\"hidden\" name=\"_wpcf7cf_steps\" value=\"{}\"><input type=\"hidden\" name=\"_wpcf7cf_options\" value=\"{&quot;form_id&quot;:232588,&quot;conditions&quot;:[],&quot;settings&quot;:{&quot;animation&quot;:&quot;yes&quot;,&quot;animation_intime&quot;:200,&quot;animation_outtime&quot;:200,&quot;conditions_ui&quot;:&quot;normal&quot;,&quot;notice_dismissed&quot;:false,&quot;repeater_remove_button&quot;:&quot;bottom&quot;,&quot;notice_dismissed_rollback-cf7-5.8&quot;:true,&quot;notice_dismissed_rollback-cf7-5.8.1&quot;:true,&quot;notice_dismissed_rollback-cf7-5.8.3&quot;:true,&quot;notice_dismissed_rollback-cf7-5.8.4&quot;:true}}\">\n<\/fieldset>\n<div class=\"row\">\n  <div class=\"col-md-6 col-lg-3\">\n    <div class=\"form-group\">\n      <span class=\"wpcf7-form-control-wrap\" data-name=\"salutation\"><select class=\"wpcf7-form-control wpcf7-select wpcf7-validates-as-required\" id=\"lbl-select-01\" aria-required=\"true\" aria-invalid=\"false\" name=\"salutation\"><option value>Tratamento<\/option><option value=\"Senhora\">Senhora<\/option><option value=\"Senhor\">Senhor<\/option><option value=\"Outro\">Outro<\/option><\/select><\/span>\n      <label for=\"lbl-select-01\">Trata\u00admen\u00adto<\/label>\n    <\/div>\n  <\/div>\n  <div class=\"col-md-6 col-lg-3\">\n    <div class=\"form-group\">\n      <span class=\"wpcf7-form-control-wrap\" data-name=\"your-email\"><input size=\"40\" maxlength=\"400\" class=\"wpcf7-form-control wpcf7-email wpcf7-validates-as-required wpcf7-text wpcf7-validates-as-email form-control\" id=\"email\" aria-required=\"true\" aria-invalid=\"false\" placeholder=\"Endere\u00e7o de e-mail\" value type=\"email\" name=\"your-email\"><\/span>\n    <\/div>\n  <\/div>\n  <div class=\"col-md-6 col-lg-3\">\n    <div class=\"form-group\">\n      <span class=\"wpcf7-form-control-wrap\" data-name=\"your-name\"><input size=\"40\" maxlength=\"400\" class=\"wpcf7-form-control wpcf7-text wpcf7-validates-as-required form-control\" id=\"your-name\" aria-required=\"true\" aria-invalid=\"false\" placeholder=\"Nome pr\u00f3prio\" value type=\"text\" name=\"your-name\"><\/span>\n    <\/div>\n  <\/div>\n  <div class=\"col-md-6 col-lg-3\">\n    <div class=\"form-group\">\n      <span class=\"wpcf7-form-control-wrap\" data-name=\"your-nachname\"><input size=\"40\" maxlength=\"400\" class=\"wpcf7-form-control wpcf7-text wpcf7-validates-as-required form-control\" id=\"your-nachname\" aria-required=\"true\" aria-invalid=\"false\" placeholder=\"Apelido\" value type=\"text\" name=\"your-nachname\"><\/span>\n    <\/div>\n  <\/div>\n  <div class=\"col-md-12 col-lg-8 col-xl-12\">\n    <div class=\"form-check\">\n      <span class=\"wpcf7-form-control-wrap\" data-name=\"newsletter\"><span class=\"wpcf7-form-control wpcf7-acceptance optional\"><span class=\"wpcf7-list-item\"><label><input type=\"checkbox\" name=\"newsletter\" value=\"1\" aria-invalid=\"false\"><span class=\"wpcf7-list-item-label\">Sub\u00adscr\u00adev\u00ader a newslet\u00adter<\/span><\/label><\/span><\/span><\/span>\n      <span class=\"wpcf7-form-control-wrap\" data-name=\"acceptance\"><span class=\"wpcf7-form-control wpcf7-acceptance\"><span class=\"wpcf7-list-item\"><label><input type=\"checkbox\" name=\"acceptance\" value=\"1\" aria-invalid=\"false\"><span class=\"wpcf7-list-item-label\">Li, com\u00adpreen\u00addi e aceit\u00adei a <a target=\"_blank\" class=\"acceptance-link\" href=\"\/datenschutzerklaerung\/\">Pol\u00edti\u00adca de Pri\u00advaci\u00addade<\/a> *<\/span><\/label><\/span><\/span><\/span>\n    <\/div>\n  <\/div>\n  <div class=\"col-md-6 col-lg-4 col-xl-3 btn-holder\">\n    <input class=\"wpcf7-form-control wpcf7-submit has-spinner btn btn-primary\" type=\"submit\" value=\"SUBSCREVER A NEWSLETTER\">\n  <\/div>\n<\/div><div class=\"wpcf7-response-output\" aria-hidden=\"true\"><\/div>\n<\/form>\n<\/div>\n\t\t\t\t\n\t\t\t\t\t\t\t\t\t\t\t<\/div>\n\t\t\t\t<\/div>\n\t\t\t<\/div>\n\t\t<\/div>\n\t\t\t\t\n\t\t\t<figure class=\"bg-img\">\n\t\t\t\t<img decoding=\"async\" src=\"https:\/\/autoshow.ch\/wp-content\/uploads\/2025\/12\/news-autoshow.jpg\" alt loading=\"lazy\" class=\"lazyload\">\n\t\t\t<\/figure>\n\t\t\t<\/div>\n\t<!-- \/.newsletter-section -->\n\n","protected":false},"excerpt":{"rendered":"","protected":false},"author":31,"featured_media":228192,"parent":226065,"menu_order":30,"comment_status":"closed","ping_status":"closed","template":"","meta":{"_acf_changed":false,"inline_featured_image":false,"wp_typography_post_enhancements_disabled":false,"footnotes":""},"class_list":["post-228170","page","type-page","status-publish","has-post-thumbnail","hentry"],"acf":[],"yoast_head":"<!-- This site is optimized with the Yoast SEO plugin v28.4 - https:\/\/yoast.com\/product\/yoast-seo-wordpress\/ -->\n<title>Empregos | Autoshow Aathal \u2013 Carreira no com\u00e9rcio autom\u00f3vel<\/title>\n<meta name=\"description\" content=\"Empregos na Autoshow Aathal: equipa motivada no Z\u00fcrcher Oberland. Vagas abertas e candidaturas espont\u00e2neas bem-vindas.\" \/>\n<meta name=\"robots\" content=\"index, follow, max-snippet:-1, max-image-preview:large, max-video-preview:-1\" \/>\n<link rel=\"canonical\" href=\"https:\/\/autoshow.ch\/pt-pt\/empresa\/empregos\/\" \/>\n<meta property=\"og:locale\" content=\"pt_PT\" \/>\n<meta property=\"og:type\" content=\"article\" \/>\n<meta property=\"og:title\" content=\"Empregos | Autoshow Aathal \u2013 Carreira no com\u00e9rcio autom\u00f3vel\" \/>\n<meta property=\"og:description\" content=\"Empregos na Autoshow Aathal: equipa motivada no Z\u00fcrcher Oberland. Vagas abertas e candidaturas espont\u00e2neas bem-vindas.\" \/>\n<meta property=\"og:url\" content=\"https:\/\/autoshow.ch\/pt-pt\/empresa\/empregos\/\" \/>\n<meta property=\"og:site_name\" content=\"Autoshow Aathal AG\" \/>\n<meta property=\"article:publisher\" content=\"https:\/\/www.facebook.com\/autoshow.ch\" \/>\n<meta property=\"article:modified_time\" content=\"2026-04-10T08:47:34+00:00\" \/>\n<meta property=\"og:image\" content=\"https:\/\/autoshow.ch\/wp-content\/uploads\/2026\/04\/jobs-autoshow-aathal-ag-2.jpeg\" \/>\n\t<meta property=\"og:image:width\" content=\"1000\" \/>\n\t<meta property=\"og:image:height\" content=\"285\" \/>\n\t<meta property=\"og:image:type\" content=\"image\/jpeg\" \/>\n<meta name=\"twitter:card\" content=\"summary_large_image\" \/>\n<!-- \/ Yoast SEO plugin. -->","yoast_head_json":{"title":"Empregos | Autoshow Aathal \u2013 Carreira no com\u00e9rcio autom\u00f3vel","description":"Empregos na Autoshow Aathal: equipa motivada no Z\u00fcrcher Oberland. Vagas abertas e candidaturas espont\u00e2neas bem-vindas.","robots":{"index":"index","follow":"follow","max-snippet":"max-snippet:-1","max-image-preview":"max-image-preview:large","max-video-preview":"max-video-preview:-1"},"canonical":"https:\/\/autoshow.ch\/pt-pt\/empresa\/empregos\/","og_locale":"pt_PT","og_type":"article","og_title":"Empregos | Autoshow Aathal \u2013 Carreira no com\u00e9rcio autom\u00f3vel","og_description":"Empregos na Autoshow Aathal: equipa motivada no Z\u00fcrcher Oberland. Vagas abertas e candidaturas espont\u00e2neas bem-vindas.","og_url":"https:\/\/autoshow.ch\/pt-pt\/empresa\/empregos\/","og_site_name":"Autoshow Aathal AG","article_publisher":"https:\/\/www.facebook.com\/autoshow.ch","article_modified_time":"2026-04-10T08:47:34+00:00","og_image":[{"width":1000,"height":285,"url":"https:\/\/autoshow.ch\/wp-content\/uploads\/2026\/04\/jobs-autoshow-aathal-ag-2.jpeg","type":"image\/jpeg"}],"twitter_card":"summary_large_image","schema":{"@context":"https:\/\/schema.org","@graph":[{"@type":"WebPage","@id":"https:\/\/autoshow.ch\/pt-pt\/empresa\/empregos\/","url":"https:\/\/autoshow.ch\/pt-pt\/empresa\/empregos\/","name":"Empregos | Autoshow Aathal \u2013 Carreira no com\u00e9rcio autom\u00f3vel","isPartOf":{"@id":"https:\/\/autoshow.ch\/pt-pt\/#website"},"primaryImageOfPage":{"@id":"https:\/\/autoshow.ch\/pt-pt\/empresa\/empregos\/#primaryimage"},"image":{"@id":"https:\/\/autoshow.ch\/pt-pt\/empresa\/empregos\/#primaryimage"},"thumbnailUrl":"https:\/\/autoshow.ch\/wp-content\/uploads\/2026\/04\/jobs-autoshow-aathal-ag-2.jpeg","datePublished":"2022-11-21T09:24:10+00:00","dateModified":"2026-04-10T08:47:34+00:00","description":"Empregos na Autoshow Aathal: equipa motivada no Z\u00fcrcher Oberland. Vagas abertas e candidaturas espont\u00e2neas bem-vindas.","breadcrumb":{"@id":"https:\/\/autoshow.ch\/pt-pt\/empresa\/empregos\/#breadcrumb"},"inLanguage":"pt-PT","potentialAction":[{"@type":"ReadAction","target":["https:\/\/autoshow.ch\/pt-pt\/empresa\/empregos\/"]}]},{"@type":"ImageObject","inLanguage":"pt-PT","@id":"https:\/\/autoshow.ch\/pt-pt\/empresa\/empregos\/#primaryimage","url":"https:\/\/autoshow.ch\/wp-content\/uploads\/2026\/04\/jobs-autoshow-aathal-ag-2.jpeg","contentUrl":"https:\/\/autoshow.ch\/wp-content\/uploads\/2026\/04\/jobs-autoshow-aathal-ag-2.jpeg","width":1000,"height":285,"caption":"Empregos - Autoshow Aathal AG perto de Uster oferece carros usados e novos baratos 1"},{"@type":"BreadcrumbList","@id":"https:\/\/autoshow.ch\/pt-pt\/empresa\/empregos\/#breadcrumb","itemListElement":[{"@type":"ListItem","position":1,"name":"Startseite","item":"https:\/\/autoshow.ch\/pt-pt\/"},{"@type":"ListItem","position":2,"name":"Empresa","item":"https:\/\/autoshow.ch\/pt-pt\/empresa\/"},{"@type":"ListItem","position":3,"name":"Empregos"}]},{"@type":"WebSite","@id":"https:\/\/autoshow.ch\/pt-pt\/#website","url":"https:\/\/autoshow.ch\/pt-pt\/","name":"Autoshow Aathal AG","description":"bei Uster bietet g\u00fcnstige Occasionen und Neuwagen","publisher":{"@id":"https:\/\/autoshow.ch\/pt-pt\/#organization"},"alternateName":"Autoshow","potentialAction":[{"@type":"SearchAction","target":{"@type":"EntryPoint","urlTemplate":"https:\/\/autoshow.ch\/pt-pt\/?s={search_term_string}"},"query-input":{"@type":"PropertyValueSpecification","valueRequired":true,"valueName":"search_term_string"}}],"inLanguage":"pt-PT"},{"@type":"Organization","@id":"https:\/\/autoshow.ch\/pt-pt\/#organization","name":"Autoshow Aathal AG","alternateName":"Autoshow","url":"https:\/\/autoshow.ch\/pt-pt\/","logo":{"@type":"ImageObject","inLanguage":"pt-PT","@id":"https:\/\/autoshow.ch\/pt-pt\/#\/schema\/logo\/image\/","url":"https:\/\/autoshow.ch\/wp-content\/uploads\/2025\/12\/autoshow-aathal-ag-logo@696x696.png","contentUrl":"https:\/\/autoshow.ch\/wp-content\/uploads\/2025\/12\/autoshow-aathal-ag-logo@696x696.png","width":696,"height":696,"caption":"Autoshow Aathal AG"},"image":{"@id":"https:\/\/autoshow.ch\/pt-pt\/#\/schema\/logo\/image\/"},"sameAs":["https:\/\/www.facebook.com\/autoshow.ch","https:\/\/www.instagram.com\/autoshow_aathal\/","https:\/\/www.linkedin.com\/company\/autoshow-aathal-ag","https:\/\/www.youtube.com\/user\/AutoshowAathal"]}]}},"_links":{"self":[{"href":"https:\/\/autoshow.ch\/pt-pt\/wp-json\/wp\/v2\/pages\/228170","targetHints":{"allow":["GET"]}}],"collection":[{"href":"https:\/\/autoshow.ch\/pt-pt\/wp-json\/wp\/v2\/pages"}],"about":[{"href":"https:\/\/autoshow.ch\/pt-pt\/wp-json\/wp\/v2\/types\/page"}],"author":[{"embeddable":true,"href":"https:\/\/autoshow.ch\/pt-pt\/wp-json\/wp\/v2\/users\/31"}],"replies":[{"embeddable":true,"href":"https:\/\/autoshow.ch\/pt-pt\/wp-json\/wp\/v2\/comments?post=228170"}],"version-history":[{"count":1,"href":"https:\/\/autoshow.ch\/pt-pt\/wp-json\/wp\/v2\/pages\/228170\/revisions"}],"predecessor-version":[{"id":228196,"href":"https:\/\/autoshow.ch\/pt-pt\/wp-json\/wp\/v2\/pages\/228170\/revisions\/228196"}],"up":[{"embeddable":true,"href":"https:\/\/autoshow.ch\/pt-pt\/wp-json\/wp\/v2\/pages\/226065"}],"wp:featuredmedia":[{"embeddable":true,"href":"https:\/\/autoshow.ch\/pt-pt\/wp-json\/wp\/v2\/media\/228192"}],"wp:attachment":[{"href":"https:\/\/autoshow.ch\/pt-pt\/wp-json\/wp\/v2\/media?parent=228170"}],"curies":[{"name":"wp","href":"https:\/\/api.w.org\/{rel}","templated":true}]}}