{"id":226932,"date":"2026-03-19T16:36:20","date_gmt":"2026-03-19T15:36:20","guid":{"rendered":"https:\/\/autoshow.ch\/carros-eletricos\/"},"modified":"2026-04-15T16:25:46","modified_gmt":"2026-04-15T14:25:46","slug":"carros-eletricos","status":"publish","type":"page","link":"https:\/\/autoshow.ch\/pt-pt\/carros-eletricos\/","title":{"rendered":"Carros el\u00e9tricos"},"content":{"rendered":"\t<header class=\"visual-title\">\n\t\t\t\t\t<img decoding=\"async\" class=\"lazyload\" src=\"https:\/\/autoshow.ch\/wp-content\/uploads\/2026\/04\/elektroautos-autoshow-aathal-ag-16-e1775561550263.jpeg\" alt=\"Carros el\u00e9tricos - Autoshow Aathal AG bei Uster bietet g\u00fcnstige Occasionen und Neuwagen 17\" loading=\"lazy\">\n\t\t\t\t\n\t\t\t\t\t\n\n\n\n\t<\/header><!-- \/ visual-title -->\n\n\n\t<div class=\"breadcrumbs-section container\">\n\t\t<ul class=\"breadcrumb\">\n\t\t\t<li class=\"breadcrumb-item\"><a property=\"item\" typeof=\"WebPage\" title=\"Go to Autoshow Aathal AG.\" href=\"https:\/\/autoshow.ch\/pt-pt\/\" class=\"home\"><span property=\"name\">Start\u00adseite<\/span><\/a><meta property=\"position\" content=\"1\"><\/li><li class=\"breadcrumb-item\"><a property=\"item\" typeof=\"WebPage\" title=\"Go to Not\u00edcias.\" href=\"https:\/\/autoshow.ch\/pt-pt\/noticias\/\" class=\"post-root post post-post\" aria-current=\"page\"><span property=\"name\">Not\u00ed\u00adcias<\/span><\/a><meta property=\"position\" content=\"2\"><\/li>\t\t<\/ul>\n\t<\/div>\n<!-- \/.breadcrumbs-section -->\n\n\n<div class=\"page-title-section container\">\n\t\t\t<h1>Carros el\u00e9tricos<\/h1>\n\t<\/div>\n<!-- \/.page-title-section -->\n\n\n\t\n\t\t\t<div class=\"text-section spacing-type-2 no-background\">\n\t\t<div class=\"container\">\n\t\t\t<div class=\"row\">\n\t\t\t\t<div class=\"col-md-4\">\n\t\t\t\t\t\t\t\t\t\t\t<h2>Mobilidade el\u00e9trica \u2013 o teu <br>\nguia na Autoshow Aathal<\/h2>\n\t\t\t\t\t\t\t\t\t\t\t\t\t\t\t\n\t\t\t\t\t\t\t\t\t\n\t\t\t\t<\/div>\n\t\t\t\t\t\t\t\t\t<div class=\"col-md-4\">\n\t\t\t\t\t\t\t\t\t\t\t\t\t<h3>Procuras uma \u00abA\u00bblternativa um pouco diferente? Na Autoshow Aathal encontras uma sele\u00e7\u00e3o crescente de carros el\u00e9tricos de todas as marcas e faixas de pre\u00e7o. <\/h3>\n<p>A mobil\u00adi\u00addade el\u00e9tri\u00adca \u00e9 uma real\u00adi\u00addade e est\u00e1 a tornar-se cada vez mais pop\u00adu\u00adlar. Na Autoshow Aathal encon\u00adtras n\u00e3o s\u00f3 uma grande sele\u00e7\u00e3o de car\u00adros el\u00e9tri\u00adcos e ve\u00edcu\u00adlos h\u00edbri\u00addos, como tam\u00adb\u00e9m acon\u00adsel\u00adhamen\u00adto com\u00adple\u00adto sobre car\u00adrega\u00admen\u00adto e infraestru\u00adtu\u00adra. <\/p>\n\t\t\t\t\t\t\t\t\t\t\t\t\t\t\t\t\t<\/div>\n\t\t\t\t\t<div class=\"col-md-4\">\n\t\t\t\t\t\t\t\t\t\t\t\t\t<h3>Que carro el\u00e9trico \u00e9 o mais indicado para mim?<\/h3>\n<p>Depende do teu per\u00adfil de con\u00addu\u00e7\u00e3o. Para deslo\u00adca\u00e7\u00f5es cur\u00adtas na cidade, um el\u00e9tri\u00adco com\u00adpacto \u00e9 ide\u00adal; para dis\u00adt\u00e2n\u00adcias mais lon\u00adgas, um mod\u00ade\u00adlo com maior autono\u00admia. A nos\u00adsa equipa \u00abAAA\u00bb ter\u00e1 todo o gos\u00adto em acon\u00adsel\u00adhar-te pes\u00adsoal\u00admente.  <\/p>\n\t\t\t\t\t\t\t\t\t\t\t\t\t\t\t\t\t<\/div>\n\t\t\t\t\t\t\t<\/div>\n\t\t<\/div>\n\t<\/div>\n\t<!-- \/ text-section -->\n\n\n\t<section class=\"service-section reverse\">\n\t\t<div class=\"container\">\n\t\t\t<div class=\"row\">\n\t\t\t\t<div class=\"col-md-6 col-lg-4\">\n\t\t\t\t\t<div class=\"text-holder\">\n\t\t\t\t\t\t\t\t\t\t\t\t\t<h2 class=\"h3\">GUIA DE MOBILIDADE EL\u00c9TRICA<\/h2>\n\t\t\t\t\t\t\t\t\t\t\t\t\t\t\t\t\t\t\t<p>A mobil\u00adi\u00addade el\u00e9tri\u00adca j\u00e1 \u00e9 uma real\u00adi\u00addade e est\u00e1 a gan\u00adhar cada vez mais import\u00e2n\u00adcia.<br>\nCom o nos\u00adso guia, man\u00adt\u00e9ns uma vis\u00e3o ger\u00adal sobre tipos de propul\u00ads\u00e3o, tipos de fichas e tem\u00adpos de car\u00adrega\u00admen\u00adto.<\/p>\n\t\t\t\t\t\t\t\t\t\t\t\t\t\t\t\t\t\t\t<a href=\"https:\/\/autoshow.ch\/pt-pt\/carros-eletricos\/guia-de-mobilidade-eletrica\/\" target=\"_self\" class=\"btn btn-primary\">SABER MAIS<\/a>\n\t\t\t\t\t\t\t\t\t\t\t<\/div>\n\t\t\t\t<\/div>\n\t\t\t\t<div class=\"col-md-6 col-lg-8\">\n\t\t\t\t\t\t\t\t\t\t\t<figure class=\"img-holder\">\n\t\t\t\t\t\t\t<img decoding=\"async\" src=\"https:\/\/autoshow.ch\/wp-content\/uploads\/2026\/04\/elektroautos-autoshow-aathal-ag-21.jpeg\" alt=\"Carros el\u00e9tricos - Autoshow Aathal AG bei Uster bietet g\u00fcnstige Occasionen und Neuwagen 14\" loading=\"lazy\" class=\"lazyload\">\n\t\t\t\t\t\t<\/figure>\n\t\t\t\t\t\t\t\t\t<\/div>\n\t\t\t<\/div>\n\t\t<\/div>\n\t<\/section>\n\t<!-- \/.service-section -->\n\n\n\t<section class=\"service-section\">\n\t\t<div class=\"container\">\n\t\t\t<div class=\"row\">\n\t\t\t\t<div class=\"col-md-6 col-lg-4\">\n\t\t\t\t\t<div class=\"text-holder\">\n\t\t\t\t\t\t\t\t\t\t\t\t\t<h2 class=\"h3\">CARRO EL\u00c9TRICO \u2014 ESTA\u00c7\u00d5ES DE CARREGAMENTO PARA CASA<\/h2>\n\t\t\t\t\t\t\t\t\t\t\t\t\t\t\t\t\t\t\t<p>A Autoshow Aathal tra\u00adbal\u00adha com par\u00adceiros com\u00adpe\u00adtentes em esta\u00e7\u00f5es de car\u00adrega\u00admen\u00adto el\u00e9tri\u00adco. Con\u00adfor\u00adto, acon\u00adsel\u00adhamen\u00adto e segu\u00adran\u00e7a num s\u00f3. Para uma con\u00addu\u00e7\u00e3o descon\u00adtra\u00ed\u00adda e tran\u00adquila com o teu el\u00e9tri\u00adco ou h\u00edbri\u00addo plug-in.  <\/p>\n\t\t\t\t\t\t\t\t\t\t\t\t\t\t\t\t\t\t\t<a href=\"https:\/\/autoshow.ch\/pt-pt\/carros-eletricos\/estacoes-de-carregamento-para-casa\/\" target=\"_self\" class=\"btn btn-primary\">SABER MAIS<\/a>\n\t\t\t\t\t\t\t\t\t\t\t<\/div>\n\t\t\t\t<\/div>\n\t\t\t\t<div class=\"col-md-6 col-lg-8\">\n\t\t\t\t\t\t\t\t\t\t\t<figure class=\"img-holder\">\n\t\t\t\t\t\t\t<img decoding=\"async\" src=\"https:\/\/autoshow.ch\/wp-content\/uploads\/2026\/04\/elektroautos-autoshow-aathal-ag-22.jpeg\" alt=\"Carros el\u00e9tricos - Autoshow Aathal AG bei Uster bietet g\u00fcnstige Occasionen und Neuwagen 13\" loading=\"lazy\" class=\"lazyload\">\n\t\t\t\t\t\t<\/figure>\n\t\t\t\t\t\t\t\t\t<\/div>\n\t\t\t<\/div>\n\t\t<\/div>\n\t<\/section>\n\t<!-- \/.service-section -->\n\n\n\t<section class=\"service-section reverse\">\n\t\t<div class=\"container\">\n\t\t\t<div class=\"row\">\n\t\t\t\t<div class=\"col-md-6 col-lg-4\">\n\t\t\t\t\t<div class=\"text-holder\">\n\t\t\t\t\t\t\t\t\t\t\t\t\t<h2 class=\"h3\">ENCONTRAR ESTA\u00c7\u00d5ES DE CARREGAMENTO \u2014 APP TCS ECHARGE<\/h2>\n\t\t\t\t\t\t\t\t\t\t\t\t\t\t\t\t\t\t\t<p>Queres car\u00adregar o teu car\u00adro el\u00e9tri\u00adco em viagem? A mel\u00adhor for\u00adma \u00e9 com a app TCS eCharge. Mais de 382\u2019000 pon\u00adtos de car\u00adrega\u00admen\u00adto na Su\u00ed\u00e7a e na Europa.  <\/p>\n\t\t\t\t\t\t\t\t\t\t\t\t\t\t\t\t\t\t\t<a href=\"https:\/\/autoshow.ch\/pt-pt\/carros-eletricos\/encontrar-estacoes-de-carregamento-tcs-echarge-app\/\" target=\"_self\" class=\"btn btn-primary\">SABER MAIS<\/a>\n\t\t\t\t\t\t\t\t\t\t\t<\/div>\n\t\t\t\t<\/div>\n\t\t\t\t<div class=\"col-md-6 col-lg-8\">\n\t\t\t\t\t\t\t\t\t\t\t<figure class=\"img-holder\">\n\t\t\t\t\t\t\t<img decoding=\"async\" src=\"https:\/\/autoshow.ch\/wp-content\/uploads\/2026\/04\/elektroautos-autoshow-aathal-ag-23.jpeg\" alt=\"Carros el\u00e9tricos - Autoshow Aathal AG bei Uster bietet g\u00fcnstige Occasionen und Neuwagen 12\" loading=\"lazy\" class=\"lazyload\">\n\t\t\t\t\t\t<\/figure>\n\t\t\t\t\t\t\t\t\t<\/div>\n\t\t\t<\/div>\n\t\t<\/div>\n\t<\/section>\n\t<!-- \/.service-section -->\n\n\n\t<section class=\"service-section\">\n\t\t<div class=\"container\">\n\t\t\t<div class=\"row\">\n\t\t\t\t<div class=\"col-md-6 col-lg-4\">\n\t\t\t\t\t<div class=\"text-holder\">\n\t\t\t\t\t\t\t\t\t\t\t\t\t<h2 class=\"h3\">ESTA\u00c7\u00c3O DE CARREGAMENTO M\u00d3VEL PARA VIAGEM<\/h2>\n\t\t\t\t\t\t\t\t\t\t\t\t\t\t\t\t\t\t\t<p>A Autoshow Aathal tra\u00adbal\u00adha com par\u00adceiros com\u00adpe\u00adtentes em esta\u00e7\u00f5es de car\u00adrega\u00admen\u00adto el\u00e9tri\u00adco. Con\u00adfor\u00adto, acon\u00adsel\u00adhamen\u00adto e segu\u00adran\u00e7a num s\u00f3. <\/p>\n\t\t\t\t\t\t\t\t\t\t\t\t\t\t\t\t\t\t\t<a href=\"https:\/\/autoshow.ch\/pt-pt\/carros-eletricos\/estacao-de-carregamento-movel-para-levar\/\" target=\"_self\" class=\"btn btn-primary\">SABER MAIS<\/a>\n\t\t\t\t\t\t\t\t\t\t\t<\/div>\n\t\t\t\t<\/div>\n\t\t\t\t<div class=\"col-md-6 col-lg-8\">\n\t\t\t\t\t\t\t\t\t\t\t<figure class=\"img-holder\">\n\t\t\t\t\t\t\t<img decoding=\"async\" src=\"https:\/\/autoshow.ch\/wp-content\/uploads\/2026\/04\/elektroautos-autoshow-aathal-ag-24.jpeg\" alt=\"Carros el\u00e9tricos - Autoshow Aathal AG bei Uster bietet g\u00fcnstige Occasionen und Neuwagen 11\" loading=\"lazy\" class=\"lazyload\">\n\t\t\t\t\t\t<\/figure>\n\t\t\t\t\t\t\t\t\t<\/div>\n\t\t\t<\/div>\n\t\t<\/div>\n\t<\/section>\n\t<!-- \/.service-section -->\n\n\n\t\n\n\t\t\t\t<div class=\"newsletter-section\">\n\t\t<div class=\"container\">\n\t\t\t<div class=\"row\">\n\t\t\t\t<div class=\"col-md-10 mx-auto\">\n\t\t\t\t\t<div class=\"inner\">\n\t\t\t\t\t\t\t\t\t\t\t\t\t<h2 class=\"h5\">Inscri\u00e7\u00e3o na newsletter<\/h2>\n\t\t\t\t\t\t\t\n\t\t\t\t\t\t\t\t\t\t\t\t\t\n<div class=\"wpcf7 no-js\" id=\"wpcf7-f232588-o1\" lang=\"pt-PT\" dir=\"ltr\" data-wpcf7-id=\"232588\">\n<div class=\"screen-reader-response\"><p role=\"status\" aria-live=\"polite\" aria-atomic=\"true\"><\/p> <ul><\/ul><\/div>\n<form action=\"\/pt-pt\/wp-json\/wp\/v2\/pages\/226932#wpcf7-f232588-o1\" method=\"post\" class=\"wpcf7-form init\" aria-label=\"Formul\u00e1rio de contacto\" novalidate=\"novalidate\" data-status=\"init\">\n<fieldset class=\"hidden-fields-container\"><input type=\"hidden\" name=\"_wpcf7\" value=\"232588\"><input type=\"hidden\" name=\"_wpcf7_version\" value=\"6.1.7\"><input type=\"hidden\" name=\"_wpcf7_locale\" value=\"pt_PT\"><input type=\"hidden\" name=\"_wpcf7_unit_tag\" value=\"wpcf7-f232588-o1\"><input type=\"hidden\" name=\"_wpcf7_container_post\" value=\"0\"><input type=\"hidden\" name=\"_wpcf7_posted_data_hash\" value><input type=\"hidden\" name=\"_wpcf7cf_hidden_group_fields\" value=\"[]\"><input type=\"hidden\" name=\"_wpcf7cf_hidden_groups\" value=\"[]\"><input type=\"hidden\" name=\"_wpcf7cf_visible_groups\" value=\"[]\"><input type=\"hidden\" name=\"_wpcf7cf_repeaters\" value=\"[]\"><input type=\"hidden\" name=\"_wpcf7cf_steps\" value=\"{}\"><input type=\"hidden\" name=\"_wpcf7cf_options\" value=\"{&quot;form_id&quot;:232588,&quot;conditions&quot;:[],&quot;settings&quot;:{&quot;animation&quot;:&quot;yes&quot;,&quot;animation_intime&quot;:200,&quot;animation_outtime&quot;:200,&quot;conditions_ui&quot;:&quot;normal&quot;,&quot;notice_dismissed&quot;:false,&quot;repeater_remove_button&quot;:&quot;bottom&quot;,&quot;notice_dismissed_rollback-cf7-5.8&quot;:true,&quot;notice_dismissed_rollback-cf7-5.8.1&quot;:true,&quot;notice_dismissed_rollback-cf7-5.8.3&quot;:true,&quot;notice_dismissed_rollback-cf7-5.8.4&quot;:true}}\">\n<\/fieldset>\n<div class=\"row\">\n  <div class=\"col-md-6 col-lg-3\">\n    <div class=\"form-group\">\n      <span class=\"wpcf7-form-control-wrap\" data-name=\"salutation\"><select class=\"wpcf7-form-control wpcf7-select wpcf7-validates-as-required\" id=\"lbl-select-01\" aria-required=\"true\" aria-invalid=\"false\" name=\"salutation\"><option value>Tratamento<\/option><option value=\"Senhora\">Senhora<\/option><option value=\"Senhor\">Senhor<\/option><option value=\"Outro\">Outro<\/option><\/select><\/span>\n      <label for=\"lbl-select-01\">Trata\u00admen\u00adto<\/label>\n    <\/div>\n  <\/div>\n  <div class=\"col-md-6 col-lg-3\">\n    <div class=\"form-group\">\n      <span class=\"wpcf7-form-control-wrap\" data-name=\"your-email\"><input size=\"40\" maxlength=\"400\" class=\"wpcf7-form-control wpcf7-email wpcf7-validates-as-required wpcf7-text wpcf7-validates-as-email form-control\" id=\"email\" aria-required=\"true\" aria-invalid=\"false\" placeholder=\"Endere\u00e7o de e-mail\" value type=\"email\" name=\"your-email\"><\/span>\n    <\/div>\n  <\/div>\n  <div class=\"col-md-6 col-lg-3\">\n    <div class=\"form-group\">\n      <span class=\"wpcf7-form-control-wrap\" data-name=\"your-name\"><input size=\"40\" maxlength=\"400\" class=\"wpcf7-form-control wpcf7-text wpcf7-validates-as-required form-control\" id=\"your-name\" aria-required=\"true\" aria-invalid=\"false\" placeholder=\"Nome pr\u00f3prio\" value type=\"text\" name=\"your-name\"><\/span>\n    <\/div>\n  <\/div>\n  <div class=\"col-md-6 col-lg-3\">\n    <div class=\"form-group\">\n      <span class=\"wpcf7-form-control-wrap\" data-name=\"your-nachname\"><input size=\"40\" maxlength=\"400\" class=\"wpcf7-form-control wpcf7-text wpcf7-validates-as-required form-control\" id=\"your-nachname\" aria-required=\"true\" aria-invalid=\"false\" placeholder=\"Apelido\" value type=\"text\" name=\"your-nachname\"><\/span>\n    <\/div>\n  <\/div>\n  <div class=\"col-md-12 col-lg-8 col-xl-12\">\n    <div class=\"form-check\">\n      <span class=\"wpcf7-form-control-wrap\" data-name=\"newsletter\"><span class=\"wpcf7-form-control wpcf7-acceptance optional\"><span class=\"wpcf7-list-item\"><label><input type=\"checkbox\" name=\"newsletter\" value=\"1\" aria-invalid=\"false\"><span class=\"wpcf7-list-item-label\">Sub\u00adscr\u00adev\u00ader a newslet\u00adter<\/span><\/label><\/span><\/span><\/span>\n      <span class=\"wpcf7-form-control-wrap\" data-name=\"acceptance\"><span class=\"wpcf7-form-control wpcf7-acceptance\"><span class=\"wpcf7-list-item\"><label><input type=\"checkbox\" name=\"acceptance\" value=\"1\" aria-invalid=\"false\"><span class=\"wpcf7-list-item-label\">Li, com\u00adpreen\u00addi e aceit\u00adei a <a target=\"_blank\" class=\"acceptance-link\" href=\"\/datenschutzerklaerung\/\">Pol\u00edti\u00adca de Pri\u00advaci\u00addade<\/a> *<\/span><\/label><\/span><\/span><\/span>\n    <\/div>\n  <\/div>\n  <div class=\"col-md-6 col-lg-4 col-xl-3 btn-holder\">\n    <input class=\"wpcf7-form-control wpcf7-submit has-spinner btn btn-primary\" type=\"submit\" value=\"SUBSCREVER A NEWSLETTER\">\n  <\/div>\n<\/div><div class=\"wpcf7-response-output\" aria-hidden=\"true\"><\/div>\n<\/form>\n<\/div>\n\t\t\t\t\n\t\t\t\t\t\t\t\t\t\t\t<\/div>\n\t\t\t\t<\/div>\n\t\t\t<\/div>\n\t\t<\/div>\n\t\t\t\t\n\t\t\t<figure class=\"bg-img\">\n\t\t\t\t<img decoding=\"async\" src=\"https:\/\/autoshow.ch\/wp-content\/uploads\/2025\/12\/news-autoshow.jpg\" alt loading=\"lazy\" class=\"lazyload\">\n\t\t\t<\/figure>\n\t\t\t<\/div>\n\t<!-- \/.newsletter-section -->\n\n","protected":false},"excerpt":{"rendered":"","protected":false},"author":31,"featured_media":226942,"parent":0,"menu_order":40,"comment_status":"closed","ping_status":"closed","template":"","meta":{"_acf_changed":false,"inline_featured_image":false,"wp_typography_post_enhancements_disabled":false,"footnotes":""},"class_list":["post-226932","page","type-page","status-publish","has-post-thumbnail","hentry"],"acf":[],"yoast_head":"<!-- This site is optimized with the Yoast SEO plugin v28.4 - https:\/\/yoast.com\/product\/yoast-seo-wordpress\/ -->\n<title>Mobilidade el\u00e9trica| Guia, esta\u00e7\u00f5es de carregamento &amp; carros el\u00e9tricos<\/title>\n<meta name=\"description\" content=\"Tudo sobre mobilidade el\u00e9trica: guia sobre tipos de propuls\u00e3o, esta\u00e7\u00f5es de carregamento para casa, app TCS eCharge e solu\u00e7\u00f5es de carregamento m\u00f3veis. Autoshow Aathal.\" \/>\n<meta name=\"robots\" content=\"index, follow, max-snippet:-1, max-image-preview:large, max-video-preview:-1\" \/>\n<link rel=\"canonical\" href=\"https:\/\/autoshow.ch\/pt-pt\/carros-eletricos\/\" \/>\n<meta property=\"og:locale\" content=\"pt_PT\" \/>\n<meta property=\"og:type\" content=\"article\" \/>\n<meta property=\"og:title\" content=\"Mobilidade el\u00e9trica| Guia, esta\u00e7\u00f5es de carregamento &amp; carros el\u00e9tricos\" \/>\n<meta property=\"og:description\" content=\"Tudo sobre mobilidade el\u00e9trica: guia sobre tipos de propuls\u00e3o, esta\u00e7\u00f5es de carregamento para casa, app TCS eCharge e solu\u00e7\u00f5es de carregamento m\u00f3veis. Autoshow Aathal.\" \/>\n<meta property=\"og:url\" content=\"https:\/\/autoshow.ch\/pt-pt\/carros-eletricos\/\" \/>\n<meta property=\"og:site_name\" content=\"Autoshow Aathal AG\" \/>\n<meta property=\"article:publisher\" content=\"https:\/\/www.facebook.com\/autoshow.ch\" \/>\n<meta property=\"article:modified_time\" content=\"2026-04-15T14:25:46+00:00\" \/>\n<meta property=\"og:image\" content=\"https:\/\/autoshow.ch\/wp-content\/uploads\/2026\/04\/elektroautos-autoshow-aathal-ag-17.jpeg\" \/>\n\t<meta property=\"og:image:width\" content=\"1920\" \/>\n\t<meta property=\"og:image:height\" content=\"1280\" \/>\n\t<meta property=\"og:image:type\" content=\"image\/jpeg\" \/>\n<meta name=\"twitter:card\" content=\"summary_large_image\" \/>\n<!-- \/ Yoast SEO plugin. -->","yoast_head_json":{"title":"Mobilidade el\u00e9trica| Guia, esta\u00e7\u00f5es de carregamento & carros el\u00e9tricos","description":"Tudo sobre mobilidade el\u00e9trica: guia sobre tipos de propuls\u00e3o, esta\u00e7\u00f5es de carregamento para casa, app TCS eCharge e solu\u00e7\u00f5es de carregamento m\u00f3veis. Autoshow Aathal.","robots":{"index":"index","follow":"follow","max-snippet":"max-snippet:-1","max-image-preview":"max-image-preview:large","max-video-preview":"max-video-preview:-1"},"canonical":"https:\/\/autoshow.ch\/pt-pt\/carros-eletricos\/","og_locale":"pt_PT","og_type":"article","og_title":"Mobilidade el\u00e9trica| Guia, esta\u00e7\u00f5es de carregamento & carros el\u00e9tricos","og_description":"Tudo sobre mobilidade el\u00e9trica: guia sobre tipos de propuls\u00e3o, esta\u00e7\u00f5es de carregamento para casa, app TCS eCharge e solu\u00e7\u00f5es de carregamento m\u00f3veis. Autoshow Aathal.","og_url":"https:\/\/autoshow.ch\/pt-pt\/carros-eletricos\/","og_site_name":"Autoshow Aathal AG","article_publisher":"https:\/\/www.facebook.com\/autoshow.ch","article_modified_time":"2026-04-15T14:25:46+00:00","og_image":[{"width":1920,"height":1280,"url":"https:\/\/autoshow.ch\/wp-content\/uploads\/2026\/04\/elektroautos-autoshow-aathal-ag-17.jpeg","type":"image\/jpeg"}],"twitter_card":"summary_large_image","schema":{"@context":"https:\/\/schema.org","@graph":[{"@type":"WebPage","@id":"https:\/\/autoshow.ch\/pt-pt\/carros-eletricos\/","url":"https:\/\/autoshow.ch\/pt-pt\/carros-eletricos\/","name":"Mobilidade el\u00e9trica| Guia, esta\u00e7\u00f5es de carregamento & carros el\u00e9tricos","isPartOf":{"@id":"https:\/\/autoshow.ch\/pt-pt\/#website"},"primaryImageOfPage":{"@id":"https:\/\/autoshow.ch\/pt-pt\/carros-eletricos\/#primaryimage"},"image":{"@id":"https:\/\/autoshow.ch\/pt-pt\/carros-eletricos\/#primaryimage"},"thumbnailUrl":"https:\/\/autoshow.ch\/wp-content\/uploads\/2026\/04\/elektroautos-autoshow-aathal-ag-17.jpeg","datePublished":"2026-03-19T15:36:20+00:00","dateModified":"2026-04-15T14:25:46+00:00","description":"Tudo sobre mobilidade el\u00e9trica: guia sobre tipos de propuls\u00e3o, esta\u00e7\u00f5es de carregamento para casa, app TCS eCharge e solu\u00e7\u00f5es de carregamento m\u00f3veis. Autoshow Aathal.","breadcrumb":{"@id":"https:\/\/autoshow.ch\/pt-pt\/carros-eletricos\/#breadcrumb"},"inLanguage":"pt-PT","potentialAction":[{"@type":"ReadAction","target":["https:\/\/autoshow.ch\/pt-pt\/carros-eletricos\/"]}]},{"@type":"ImageObject","inLanguage":"pt-PT","@id":"https:\/\/autoshow.ch\/pt-pt\/carros-eletricos\/#primaryimage","url":"https:\/\/autoshow.ch\/wp-content\/uploads\/2026\/04\/elektroautos-autoshow-aathal-ag-17.jpeg","contentUrl":"https:\/\/autoshow.ch\/wp-content\/uploads\/2026\/04\/elektroautos-autoshow-aathal-ag-17.jpeg","width":1920,"height":1280,"caption":"Carro el\u00e9trico numa esta\u00e7\u00e3o de carregamento com o cabo de alimenta\u00e7\u00e3o ligado, com natureza desfocada e fundo de luz suave. Ilustra\u00e7\u00e3o de IA generativa"},{"@type":"BreadcrumbList","@id":"https:\/\/autoshow.ch\/pt-pt\/carros-eletricos\/#breadcrumb","itemListElement":[{"@type":"ListItem","position":1,"name":"Startseite","item":"https:\/\/autoshow.ch\/pt-pt\/"},{"@type":"ListItem","position":2,"name":"Carros el\u00e9tricos"}]},{"@type":"WebSite","@id":"https:\/\/autoshow.ch\/pt-pt\/#website","url":"https:\/\/autoshow.ch\/pt-pt\/","name":"Autoshow Aathal AG","description":"bei Uster bietet g\u00fcnstige Occasionen und Neuwagen","publisher":{"@id":"https:\/\/autoshow.ch\/pt-pt\/#organization"},"alternateName":"Autoshow","potentialAction":[{"@type":"SearchAction","target":{"@type":"EntryPoint","urlTemplate":"https:\/\/autoshow.ch\/pt-pt\/?s={search_term_string}"},"query-input":{"@type":"PropertyValueSpecification","valueRequired":true,"valueName":"search_term_string"}}],"inLanguage":"pt-PT"},{"@type":"Organization","@id":"https:\/\/autoshow.ch\/pt-pt\/#organization","name":"Autoshow Aathal AG","alternateName":"Autoshow","url":"https:\/\/autoshow.ch\/pt-pt\/","logo":{"@type":"ImageObject","inLanguage":"pt-PT","@id":"https:\/\/autoshow.ch\/pt-pt\/#\/schema\/logo\/image\/","url":"https:\/\/autoshow.ch\/wp-content\/uploads\/2025\/12\/autoshow-aathal-ag-logo@696x696.png","contentUrl":"https:\/\/autoshow.ch\/wp-content\/uploads\/2025\/12\/autoshow-aathal-ag-logo@696x696.png","width":696,"height":696,"caption":"Autoshow Aathal AG"},"image":{"@id":"https:\/\/autoshow.ch\/pt-pt\/#\/schema\/logo\/image\/"},"sameAs":["https:\/\/www.facebook.com\/autoshow.ch","https:\/\/www.instagram.com\/autoshow_aathal\/","https:\/\/www.linkedin.com\/company\/autoshow-aathal-ag","https:\/\/www.youtube.com\/user\/AutoshowAathal"]}]}},"_links":{"self":[{"href":"https:\/\/autoshow.ch\/pt-pt\/wp-json\/wp\/v2\/pages\/226932","targetHints":{"allow":["GET"]}}],"collection":[{"href":"https:\/\/autoshow.ch\/pt-pt\/wp-json\/wp\/v2\/pages"}],"about":[{"href":"https:\/\/autoshow.ch\/pt-pt\/wp-json\/wp\/v2\/types\/page"}],"author":[{"embeddable":true,"href":"https:\/\/autoshow.ch\/pt-pt\/wp-json\/wp\/v2\/users\/31"}],"replies":[{"embeddable":true,"href":"https:\/\/autoshow.ch\/pt-pt\/wp-json\/wp\/v2\/comments?post=226932"}],"version-history":[{"count":2,"href":"https:\/\/autoshow.ch\/pt-pt\/wp-json\/wp\/v2\/pages\/226932\/revisions"}],"predecessor-version":[{"id":232925,"href":"https:\/\/autoshow.ch\/pt-pt\/wp-json\/wp\/v2\/pages\/226932\/revisions\/232925"}],"wp:featuredmedia":[{"embeddable":true,"href":"https:\/\/autoshow.ch\/pt-pt\/wp-json\/wp\/v2\/media\/226942"}],"wp:attachment":[{"href":"https:\/\/autoshow.ch\/pt-pt\/wp-json\/wp\/v2\/media?parent=226932"}],"curies":[{"name":"wp","href":"https:\/\/api.w.org\/{rel}","templated":true}]}}