{"id":227915,"date":"2026-04-01T15:19:35","date_gmt":"2026-04-01T13:19:35","guid":{"rendered":"https:\/\/autoshow.ch\/skoda\/"},"modified":"2026-04-10T10:58:24","modified_gmt":"2026-04-10T08:58:24","slug":"skoda","status":"publish","type":"page","link":"https:\/\/autoshow.ch\/it\/marche-auto\/skoda\/","title":{"rendered":"\u0160koda"},"content":{"rendered":"\t<header class=\"visual-title with-mask\">\n\t\t\t\t\t<img decoding=\"async\" class=\"lazyload\" src=\"https:\/\/autoshow.ch\/wp-content\/uploads\/2026\/04\/skoda-autoshow-aathal-ag-7-e1775735125102.jpeg\" alt=\"Skoda - Autoshow Aathal AG bei Uster bietet g\u00fcnstige Occasionen und Neuwagen 6\" loading=\"lazy\">\n\t\t\t\t\n\t\t\t\t\t\n\n\n\n\t<\/header><!-- \/ visual-title -->\n\t<div class=\"breadcrumbs-section container\">\n\t\t<ul class=\"breadcrumb\">\n\t\t\t<li class=\"breadcrumb-item\"><a property=\"item\" typeof=\"WebPage\" title=\"Go to Autoshow Aathal AG.\" href=\"https:\/\/autoshow.ch\/it\/\" class=\"home\"><span property=\"name\">Start\u00adseite<\/span><\/a><meta property=\"position\" content=\"1\"><\/li><li class=\"breadcrumb-item\"><a property=\"item\" typeof=\"WebPage\" title=\"Go to Novit\u00e0.\" href=\"https:\/\/autoshow.ch\/it\/novita\/\" class=\"post-root post post-post\" aria-current=\"page\"><span property=\"name\">Novit\u00e0<\/span><\/a><meta property=\"position\" content=\"2\"><\/li>\t\t<\/ul>\n\t<\/div>\n<!-- \/.breadcrumbs-section -->\n<div class=\"page-title-section container\">\n\t\t\t<h1>Una \u0160koda per te<\/h1>\n\t<\/div>\n<!-- \/.page-title-section -->\n\t\n\t\t\t<div class=\"text-section spacing-type-2 no-background\">\n\t\t<div class=\"container\">\n\t\t\t<div class=\"row\">\n\t\t\t\t<div class=\"col-md-4\">\n\t\t\t\t\t\t\t\t\t\t\t<h2>Acquistare \u0160KODA \u2013 Kodiaq,<br>\nOctavia e Karoq da<br>\nAutoshow Aathal<\/h2>\n\t\t\t\t\t\t\t\t\t\t\t\t\t\t\t\n\t\t\t\t\t\t\t\t\t\n\t\t\t\t<\/div>\n\t\t\t\t\t\t\t\t\t<div class=\"col-md-4\">\n\t\t\t\t\t\t\t\t\t\t\t\t\t<h3>\u0160KODA convince con tanto spazio, tecnologia ben studiata e un eccellente rapporto qualit\u00e0-prezzo. Da Autoshow Aathal trovi auto nuove e usate \u0160KODA a prezzi convenienti in modo duraturo grazie all\u2019importazione diretta UE. <\/h3>\n<h3>Modelli \u0160KODA da Autoshow Aathal<\/h3>\n<ul>\n<li>\u0160KODA Kodi\u00adaq \u2013 il SUV famil\u00adiare spazioso, anche in ver\u00adsione RS<\/li>\n<li>\u0160KODA Octavia \u2013 la ver\u00adsa\u00adtile pi\u00f9 ama\u00adta, in ver\u00adsione berli\u00adna e sta\u00adtion wag\u00adon<\/li>\n<li>\u0160KODA Octavia RS \u2013 prestazioni sportive nel\u00adla vita di tut\u00adti i giorni<\/li>\n<li>\u0160KODA Karoq \u2013 il SUV com\u00adpat\u00adto, anche in ver\u00adsione Sport\u00adLine<\/li>\n<li>\u0160KODA Karoq 4x4 \u2013 con trazione inte\u00adgrale per ogni ter\u00adreno<\/li>\n<li>\u0160KODA Superb \u2013 la classe supe\u00adri\u00adore di \u0160KODA<\/li>\n<li>\u0160KODA Enyaq \u2013 il SUV 100% elet\u00adtri\u00adco<\/li>\n<\/ul>\n\t\t\t\t\t\t\t\t\t\t\t\t\t\t\t\t\t<\/div>\n\t\t\t\t\t<div class=\"col-md-4\">\n\t\t\t\t\t\t\t\t\t\t\t\t\t<h3>Perch\u00e9 acquistare \u0160KODA da Autoshow Aathal?<\/h3>\n<p>\u0160KODA offre gi\u00e0 di per s\u00e9 un otti\u00admo rap\u00adpor\u00adto qual\u00adit\u00e0-prez\u00ad\u00adzo. Con la nos\u00adtra impor\u00adtazione diret\u00adta diven\u00adta anco\u00adra migliore: fino al 45% sot\u00adto il prez\u00adzo di listi\u00adno svizze\u00adro. Tutte le auto nuove con garanzia com\u00adple\u00adta del costrut\u00adtore, tutte le usate con\u00adtrol\u00adlate e sen\u00adza inci\u00adden\u00adti.  <\/p>\n<h3>Quale \u0160KODA offre pi\u00f9 spazio?<\/h3>\n<p>Il Kodi\u00adaq \u00e8 il cam\u00adpi\u00adone di spazio con 7 posti opzion\u00adali. L\u2019Octavia sta\u00adtion wag\u00adon offre uno dei mag\u00adgiori volu\u00admi di cari\u00adco del\u00adla sua cat\u00ade\u00adgo\u00adria. La Superb sta\u00adtion wag\u00adon \u00e8 l\u2019alternativa pre\u00admi\u00adum per le famiglie con le mas\u00adsime esi\u00adgen\u00adze di spazio.  <\/p>\n\t\t\t\t\t\t\t\t\t\t\t\t\t\t\t\t\t<\/div>\n\t\t\t\t\t\t\t<\/div>\n\t\t<\/div>\n\t<\/div>\n\t<!-- \/ text-section -->\n\t\t<div class=\"info-media-section type4 bg-gray with-vert-padding\">\n\t\t<div class=\"container\">\n\t\t\t<div class=\"row\">\n\t\t\t\t\t\t\t\t\t\t\t\t<div class=\"col-md-6 col-lg-8 d-md-flex order-md-2\">\n\t\t\t\t\t<div class=\"bg-img\">\n\t\t\t\t\t\t\t\t\t\t\t\t\t<img decoding=\"async\" class=\"lazyload\" src=\"https:\/\/autoshow.ch\/wp-content\/uploads\/2026\/04\/skoda-autoshow-aathal-ag-8-e1775735184827.jpeg\" alt=\"\u0160koda - Autoshow Aathal AG vicino a Uster offre auto usate e nuove a prezzi convenienti 7\" loading=\"lazy\">\n\t\t\t\t\t\t\t\t\t\t\t\t\t\t\t\t\t\n\t\t\t\t\t<\/div>\n\t\t\t\t<\/div>\n\t\t\t\t<div class=\"col-md-6 col-lg-4 d-md-flex flex-md-column descr\">\n\t\t\t\t\t<h3>Quanto dura la garanzia \u0160KODA?<\/h3>\n<p>\u0160KODA offre di fab\u00adbri\u00adca una garanzia del costrut\u00adtore di 2 anni sen\u00adza lim\u00adite di chilome\u00adtrag\u00adgio.<\/p>\n<p>Da Autoshow Aathal puoi esten\u00adder\u00adla fino a 36 mesi, in col\u00adlab\u00ado\u00adrazione con il nos\u00adtro part\u00adner NSA.<\/p>\n<p>\u0160KODA da Autoshow Aathal \u2013 intel\u00adli\u00adgente e sem\u00adpre una \u201cA\u201d in pi\u00f9!<\/p>\n\t\t\t\t\t\t\n\t\t\t\t\t\t\t\t\n\t\t\t\t<\/div>\n\t\t\t<\/div>\n\t\t<\/div>\n\t<\/div><!-- \/ info-media-section -->\n\n<div class=\"wp-block-group\"><div class=\"wp-block-group__inner-container is-layout-constrained wp-block-group-is-layout-constrained\">\n<h3 class=\"wp-block-heading\">\u0160koda presso Autoshow Aathal AG<\/h3>\n\n\n<div class=\"row product-listing\">\n        <aside class=\"col-lg-3 sidebar\">\n            <header class=\"sidebar-head\">\n                <h3>Ricerca veicoli<\/h3>\n                <a href=\"https:\/\/autoshow.ch\/it\/autos\/\">Reset fil\u00adtri<\/a>\n            <\/header>                    \n                    <form class=\"car-search car-search-full widget shadow-box\" id=\"carSearch\" method=\"get\" action=\"https:\/\/autoshow.ch\/it\/autos\/\">\n                        <h4><strong class=\"number-results\">8<\/strong> Veicoli trovati<\/h4>\n                    \t<input type=\"hidden\" name=\"orderby\" value=\"make-asc\">\n                        <div class=\"row\"><div class=\"col-12 form-group\">\n                                    <select id=\"select-Make\" class=\" selected\" name=\"Make\"><option value>Marca<\/option><option value>Tutti<\/option><option value=\"ALFA%20ROMEO\">ALFA ROMEO<\/option><option value=\"AUDI\">AUDI<\/option><option value=\"BMW\">BMW<\/option><option value=\"CHEVROLET\">CHEVROLET<\/option><option value=\"CUPRA\">CUPRA<\/option><option value=\"FIAT\">FIAT<\/option><option value=\"FORD\">FORD<\/option><option value=\"HYUNDAI\">HYUNDAI<\/option><option value=\"JAGUAR\">JAGUAR<\/option><option value=\"JEEP\">JEEP<\/option><option value=\"KGM-SsangYong\">KGM-SsangYong<\/option><option value=\"KIA\">KIA<\/option><option value=\"LAND%20ROVER\">LAND ROVER<\/option><option value=\"MAZDA\">MAZDA<\/option><option value=\"MERCEDES-BENZ\">MERCEDES-BENZ<\/option><option value=\"MINI\">MINI<\/option><option value=\"NISSAN\">NISSAN<\/option><option value=\"PEUGEOT\">PEUGEOT<\/option><option value=\"RENAULT\">RENAULT<\/option><option value=\"SEAT\">SEAT<\/option><option value=\"SKODA\" selected=\"selected\">SKODA<\/option><option value=\"TOYOTA\">TOYOTA<\/option><option value=\"VOLVO\">VOLVO<\/option><option value=\"VW\">VW<\/option><\/select>\n                                    <label for=\"lbl-search-01\"><\/label>\n                                <\/div><div class=\"col-12 form-group\">\n                                <select id=\"select-Model\" name=\"Model\"><option value>Modello<\/option><option value=\"ELROQ\">ELROQ<\/option><option value=\"FABIA\">FABIA<\/option><option value=\"KAMIQ\">KAMIQ<\/option><option value=\"KAROQ\">KAROQ<\/option><option value=\"SCALA\">SCALA<\/option><\/select>\n                                <label for=\"lbl-search-02\"><\/label>\n                            <\/div>\n                                 <div class=\"col-12 form-group\">\n                                    <select id=\"select-ConditionType\" name=\"ConditionType\"><option value>Condizione<\/option><option value=\"Jahreswagen\">Jahreswagen<\/option><option value=\"Neues%20Fahrzeug\">Neues Fahrzeug<\/option><option value=\"Occasion\">Occasion<\/option><\/select>\n                                    <label for=\"lbl-search-03\"><\/label>\n                                 <\/div><div class=\"col-6 form-group\">\n                                <select id=\"select-Price-from\" class=\"first\" name=\"Price-from\"><option value>Prezzo da<\/option><option value=\"2500\">CHF 2'500<\/option><option value=\"5000\">CHF 5'000<\/option><option value=\"7500\">CHF 7'500<\/option><option value=\"10000\">CHF 10'000<\/option><option value=\"15000\">CHF 15'000<\/option><option value=\"20000\">CHF 20'000<\/option><option value=\"25000\">CHF 25'000<\/option><option value=\"30000\">CHF 30'000<\/option><option value=\"35000\">CHF 35'000<\/option><option value=\"40000\">CHF 40'000<\/option><option value=\"45000\">CHF 45'000<\/option><option value=\"50000\">CHF 50'000<\/option><option value=\"60000\">CHF 60'000<\/option><option value=\"70000\">CHF 70'000<\/option><option value=\"80000\">CHF 80'000<\/option><option value=\"90000\">CHF 90'000<\/option><option value=\"100000\">CHF 100'000<\/option><option value=\"150000\">CHF 150'000<\/option><\/select>\n                                <label for=\"lbl-search-04\"><\/label>\n                            <\/div><div class=\"col-6 form-group\">\n                                <select id=\"select-Price-to\" name=\"Price-to\"><option value>Prezzo fino a<\/option><option value=\"2500\">CHF 2'500<\/option><option value=\"5000\">CHF 5'000<\/option><option value=\"7500\">CHF 7'500<\/option><option value=\"10000\">CHF 10'000<\/option><option value=\"15000\">CHF 15'000<\/option><option value=\"20000\">CHF 20'000<\/option><option value=\"25000\">CHF 25'000<\/option><option value=\"30000\">CHF 30'000<\/option><option value=\"35000\">CHF 35'000<\/option><option value=\"40000\">CHF 40'000<\/option><option value=\"45000\">CHF 45'000<\/option><option value=\"50000\">CHF 50'000<\/option><option value=\"60000\">CHF 60'000<\/option><option value=\"70000\">CHF 70'000<\/option><option value=\"80000\">CHF 80'000<\/option><option value=\"90000\">CHF 90'000<\/option><option value=\"100000\">CHF 100'000<\/option><option value=\"150000\">CHF 150'000<\/option><\/select>\n                                <label for=\"lbl-search-05\"><\/label>\n                            <\/div><div class=\"col-6 form-group\">\n                                    <select id=\"select-FirstRegYear-from\" class=\"first\" name=\"FirstRegYear-from\"><option value>Anno da<\/option><option value=\"2011\">2011<\/option><option value=\"2012\">2012<\/option><option value=\"2015\">2015<\/option><option value=\"2016\">2016<\/option><option value=\"2017\">2017<\/option><option value=\"2018\">2018<\/option><option value=\"2019\">2019<\/option><option value=\"2020\">2020<\/option><option value=\"2021\">2021<\/option><option value=\"2022\">2022<\/option><option value=\"2023\">2023<\/option><option value=\"2024\">2024<\/option><option value=\"2025\">2025<\/option><option value=\"2026\">2026<\/option><\/select>\n                                    <label for=\"lbl-search-06\"><\/label>\n                                <\/div>\n                                <div class=\"col-6 form-group\">\n                                    <select id=\"select-FirstRegYear-to\" name=\"FirstRegYear-to\"><option value>Anno fino a<\/option><option value=\"2011\">2011<\/option><option value=\"2012\">2012<\/option><option value=\"2015\">2015<\/option><option value=\"2016\">2016<\/option><option value=\"2017\">2017<\/option><option value=\"2018\">2018<\/option><option value=\"2019\">2019<\/option><option value=\"2020\">2020<\/option><option value=\"2021\">2021<\/option><option value=\"2022\">2022<\/option><option value=\"2023\">2023<\/option><option value=\"2024\">2024<\/option><option value=\"2025\">2025<\/option><option value=\"2026\">2026<\/option><\/select>\n                                    <label for=\"lbl-search-07\"><\/label>\n                                <\/div><div class=\"col-6 form-group\">\n                                    <select id=\"select-Km-from\" class=\"first\" name=\"Km-from\"><option value>Chilometri da<\/option><option value=\"1000\">1'000 Km<\/option><option value=\"5000\">5'000 Km<\/option><option value=\"7500\">7'500 Km<\/option><option value=\"10000\">10'000 Km<\/option><option value=\"20000\">20'000 Km<\/option><option value=\"30000\">30'000 Km<\/option><option value=\"40000\">40'000 Km<\/option><option value=\"50000\">50'000 Km<\/option><option value=\"60000\">60'000 Km<\/option><option value=\"70000\">70'000 Km<\/option><option value=\"80000\">80'000 Km<\/option><option value=\"90000\">90'000 Km<\/option><option value=\"100000\">100'000 Km<\/option><option value=\"110000\">110'000 Km<\/option><option value=\"120000\">120'000 Km<\/option><option value=\"130000\">130'000 Km<\/option><option value=\"140000\">140'000 Km<\/option><option value=\"150000\">150'000 Km<\/option><\/select>\n                                    <label for=\"lbl-search-06\"><\/label>\n                                <\/div>\n                                <div class=\"col-6 form-group\">\n                                    <select id=\"select-Km-to\" name=\"Km-to\"><option value>Chilometri a<\/option><option value=\"1000\">1'000 Km<\/option><option value=\"5000\">5'000 Km<\/option><option value=\"7500\">7'500 Km<\/option><option value=\"10000\">10'000 Km<\/option><option value=\"20000\">20'000 Km<\/option><option value=\"30000\">30'000 Km<\/option><option value=\"40000\">40'000 Km<\/option><option value=\"50000\">50'000 Km<\/option><option value=\"60000\">60'000 Km<\/option><option value=\"70000\">70'000 Km<\/option><option value=\"80000\">80'000 Km<\/option><option value=\"90000\">90'000 Km<\/option><option value=\"100000\">100'000 Km<\/option><option value=\"110000\">110'000 Km<\/option><option value=\"120000\">120'000 Km<\/option><option value=\"130000\">130'000 Km<\/option><option value=\"140000\">140'000 Km<\/option><option value=\"150000\">150'000 Km<\/option><\/select>\n                                    <label for=\"lbl-search-07\"><\/label>\n                                <\/div><div class=\"col-12 form-group\">\n                                    <select id=\"select-FuelType\" name=\"FuelType\"><option value>Tipo di carburante<\/option><option value=\"Benzin\">Benzin<\/option><option value=\"Diesel\">Diesel<\/option><option value=\"Elektro\">Elektro<\/option><option value=\"Hybrid%20%28Benzin%2FElektro%29\">Hybrid (Benzin\/Elektro)<\/option><option value=\"Mild-Hybrid%20Benzin%2FElektro\">Mild-Hybrid Benzin\/Elektro<\/option><option value=\"Mild-Hybrid%20Diesel%2FElektro\">Mild-Hybrid Diesel\/Elektro<\/option><option value=\"Plug-in-Hybrid%20Benzin%2FElektro\">Plug-in-Hybrid Benzin\/Elektro<\/option><\/select>\n                                <\/div><div class=\"col-12 form-group\">\n                                    <select id=\"select-TransmissionType\" name=\"TransmissionType\"><option value>Transmission type<\/option><option value=\"automat\">Automat<\/option><option value=\"manuell\">Manuell<\/option><\/select>\n                                <\/div> <div class=\"col-12 form-group\">\n                                                <select id=\"select-BodyType\" name=\"BodyType\"><option value>Tipo di veicolo<\/option><option value=\"Cabriolet\">Cabriolet<\/option><option value=\"Coup%C3%A9\">Coup\u00e9<\/option><option value=\"Kleinwagen\">Kleinwagen<\/option><option value=\"Kombi\">Kombi<\/option><option value=\"Kompaktvan%20%2F%20Minivan\">Kompaktvan \/ Minivan<\/option><option value=\"Limousine\">Limousine<\/option><option value=\"Pick-up\">Pick-up<\/option><option value=\"SUV%20%2F%20Gel%C3%A4ndewagen\">SUV \/ Gel\u00e4ndewagen<\/option><\/select>\n                                            <\/div><div class=\"col-12 form-group\">\n                                <input class=\"form-control\" type=\"text\" name=\"CarNumber\" id=\"CarNumber\" value placeholder=\"Numero dell'auto\">\n                            <\/div><div class=\"extended-search\" style=\"display:none;\">\n                    <div class=\"col-12 form-group\">\n                                <select id=\"select-BodyColor\" name=\"BodyColor\"><option value>Colore carrozzeria<\/option><option value=\"Anthrazit\">Anthrazit<\/option><option value=\"Blau\">Blau<\/option><option value=\"Braun\">Braun<\/option><option value=\"Grau\">Grau<\/option><option value=\"Rot\">Rot<\/option><option value=\"Schwarz\">Schwarz<\/option><option value=\"Silber\">Silber<\/option><option value=\"Weiss\">Weiss<\/option><\/select>\n                    <\/div>\n                    <div class=\"col-6 form-group\">\n                        <select id=\"select-Doors-from\" class=\"first\" name=\"Doors-from\"><option value>Porte da<\/option><option value=\"2\">2<\/option><option value=\"3\">3<\/option><option value=\"4\">4<\/option><option value=\"5\">5<\/option><option value=\"6\">6<\/option><option value=\"7\">7<\/option><\/select>\n                    <\/div>\n                    <div class=\"col-6 form-group\">\n                        <select id=\"select-Doors-to\" name=\"Doors-to\"><option value>Porte a<\/option><option value=\"2\">2<\/option><option value=\"3\">3<\/option><option value=\"4\">4<\/option><option value=\"5\">5<\/option><option value=\"6\">6<\/option><option value=\"7\">7<\/option><\/select>\n                    <\/div>\n                        \n\t\t\t\t\t<div class=\"col-6 form-group\">\n                        <select id=\"select-Seats-from\" class=\"first\" name=\"Seats-from\"><option value>Posti da<\/option><option value=\"1\">1<\/option><option value=\"2\">2<\/option><option value=\"3\">3<\/option><option value=\"4\">4<\/option><option value=\"5\">5<\/option><option value=\"6\">6<\/option><option value=\"7\">7<\/option><\/select>\n                    <\/div>\n                    <div class=\"col-6 form-group\">\n                        <select id=\"select-Seats-to\" name=\"Seats-to\"><option value>Posti a<\/option><option value=\"1\">1<\/option><option value=\"2\">2<\/option><option value=\"3\">3<\/option><option value=\"4\">4<\/option><option value=\"5\">5<\/option><option value=\"6\">6<\/option><option value=\"7\">7<\/option><\/select>\n                    <\/div>\n                        \n\t\t\t\t\t<div class=\"col-6 form-group\">\n                        <select id=\"select-ConsumptionTotal\" class=\"first\" name=\"ConsumptionTotal\"><option value>Consumo a<\/option><option value=\"4\">4 l\/100km<\/option><option value=\"5\">5 l\/100km<\/option><option value=\"6\">6 l\/100km<\/option><option value=\"7\">7 l\/100km<\/option><option value=\"8\">8 l\/100km<\/option><option value=\"9\">9 l\/100km<\/option><option value=\"10\">10 l\/100km<\/option><option value=\"12\">12 l\/100km<\/option><option value=\"15\">15 l\/100km<\/option><option value=\"20\">20 l\/100km<\/option><\/select>\n                    <\/div>\n                    <div class=\"col-6 form-group\">\n                        <select id=\"select-ConsumptionRating\" name=\"ConsumptionRating\"><option value>Classe di consumo<\/option><option value=\"A\">A<\/option><option value=\"B\">B<\/option><option value=\"C\">C<\/option><option value=\"D\">D<\/option><option value=\"E\">E<\/option><option value=\"F\">F<\/option><option value=\"G\">G<\/option><\/select>\n                    <\/div>\n                        \n                    <div class=\"col-6 form-group\">\n                        <select id=\"select-Hp\" class=\"first\" name=\"Hp\"><option value>CV da<\/option><option value=\"50\">50 Hp<\/option><option value=\"60\">60 Hp<\/option><option value=\"70\">70 Hp<\/option><option value=\"80\">80 Hp<\/option><option value=\"90\">90 Hp<\/option><option value=\"100\">100 Hp<\/option><option value=\"110\">110 Hp<\/option><option value=\"120\">120 Hp<\/option><option value=\"130\">130 Hp<\/option><option value=\"140\">140 Hp<\/option><option value=\"150\">150 Hp<\/option><option value=\"160\">160 Hp<\/option><option value=\"170\">170 Hp<\/option><option value=\"180\">180 Hp<\/option><option value=\"190\">190 Hp<\/option><option value=\"200\">200 Hp<\/option><option value=\"210\">210 Hp<\/option><option value=\"220\">220 Hp<\/option><option value=\"230\">230 Hp<\/option><option value=\"240\">240 Hp<\/option><option value=\"250\">250 Hp<\/option><option value=\"300\">300 Hp<\/option><option value=\"350\">350 Hp<\/option><option value=\"400\">400 Hp<\/option><\/select>\n                    <\/div>\n                    <div class=\"col-6 form-group\">\n                        <select id=\"select-Cylinders\" name=\"Cylinders\"><option value>Cilindri da<\/option><option value=\"3\">3<\/option><option value=\"4\">4<\/option><option value=\"5\">5<\/option><option value=\"6\">6<\/option><option value=\"7\">7<\/option><option value=\"8\">8<\/option><\/select>\n                    <\/div>\n                                <div class=\"col-12 form-group\">\n                                    <select id=\"select-DriveType\" name=\"DriveType\"><option value>Tipo di trazione<\/option><option value=\"Allrad\">Allrad<\/option><option value=\"Hinterradantrieb\">Hinterradantrieb<\/option><option value=\"Vorderradantrieb\">Vorderradantrieb<\/option><\/select>\n                                <\/div>\n                                <div class=\"list-group-item\">\n                                    <div class=\"row\">    \n                                        <div class=\"col-md-12\">\n                                            <a href=\"#\"><h6>Extras<\/h6><\/a>\n                                        <\/div>\n                                                        <div class=\"col-md-12 no-margin\">\n                                        \t\t\t\t\t<input type=\"checkbox\" id=\"Klimaanlage\" name=\"Klimaanlage\" value=\"1\"> <label for=\"Klimaanlage\">Kli\u00admaan\u00adlage<\/label>\n\n                                        \t\t\t\t<\/div>\n                                                        <div class=\"col-md-12 no-margin\">\n                                        \t\t\t\t\t<input type=\"checkbox\" id=\"Alufelgen\" name=\"Alufelgen\" value=\"1\"> <label for=\"Alufelgen\">Alufel\u00adgen<\/label>\n\n                                        \t\t\t\t<\/div>\n                                                        <div class=\"col-md-12 no-margin\">\n                                        \t\t\t\t\t<input type=\"checkbox\" id=\"Tempomat\" name=\"Tempomat\" value=\"1\"> <label for=\"Tempomat\">Tem\u00adpo\u00admat<\/label>\n\n                                        \t\t\t\t<\/div>\n                                                        <div class=\"col-md-12 no-margin\">\n                                        \t\t\t\t\t<input type=\"checkbox\" id=\"Navigationssystem\" name=\"Navigationssystem\" value=\"1\"> <label for=\"Navigationssystem\">Nav\u00adi\u00adga\u00adtion\u00adssys\u00adtem<\/label>\n\n                                        \t\t\t\t<\/div>\n                                                        <div class=\"col-md-12 no-margin\">\n                                        \t\t\t\t\t<input type=\"checkbox\" id=\"Bluetooth\" name=\"Bluetooth\" value=\"1\"> <label for=\"Bluetooth\">Blue\u00adtooth-Schnittstelle<\/label>\n\n                                        \t\t\t\t<\/div>\n                                                        <div class=\"col-md-12 no-margin\">\n                                        \t\t\t\t\t<input type=\"checkbox\" id=\"DABPlus\" name=\"DABPlus\" value=\"1\"> <label for=\"DABPlus\">DAB+-Radio<\/label>\n\n                                        \t\t\t\t<\/div>\n                                                        <div class=\"col-md-12 no-margin\">\n                                        \t\t\t\t\t<input type=\"checkbox\" id=\"Freisprechanlage\" name=\"Freisprechanlage\" value=\"1\"> <label for=\"Freisprechanlage\">Freis\u00adprechan\u00adlage<\/label>\n\n                                        \t\t\t\t<\/div>\n                                                        <div class=\"col-md-12 no-margin\">\n                                        \t\t\t\t\t<input type=\"checkbox\" id=\"Rueckfahrkamera\" name=\"Rueckfahrkamera\" value=\"1\"> <label for=\"Rueckfahrkamera\">R\u00fcck\u00adfahrkam\u00adera<\/label>\n\n                                        \t\t\t\t<\/div>\n                                                        <div class=\"col-md-12 no-margin\">\n                                        \t\t\t\t\t<input type=\"checkbox\" id=\"Parksensoren\" name=\"Parksensoren\" value=\"1\"> <label for=\"Parksensoren\">Park\u00adsen\u00adsoren<\/label>\n\n                                        \t\t\t\t<\/div>\n                                                        <div class=\"col-md-12 no-margin\">\n                                        \t\t\t\t\t<input type=\"checkbox\" id=\"Parkhilfe\" name=\"Parkhilfe\" value=\"1\"> <label for=\"Parkhilfe\">Parkhil\u00adfe<\/label>\n\n                                        \t\t\t\t<\/div>\n                                                        <div class=\"col-md-12 no-margin\">\n                                        \t\t\t\t\t<input type=\"checkbox\" id=\"SchluesselloserZugang\" name=\"SchluesselloserZugang\" value=\"1\"> <label for=\"SchluesselloserZugang\">Schl\u00fcs\u00adsel\u00adlos\u00ader Zugang<\/label>\n\n                                        \t\t\t\t<\/div>\n                                                        <div class=\"col-md-12 no-margin\">\n                                        \t\t\t\t\t<input type=\"checkbox\" id=\"StartStopSystem\" name=\"StartStopSystem\" value=\"1\"> <label for=\"StartStopSystem\">Start-\/Stop-Sys\u00adtem<\/label>\n\n                                        \t\t\t\t<\/div>\n                                                        <div class=\"col-md-12 no-margin\">\n                                        \t\t\t\t\t<input type=\"checkbox\" id=\"Totwinkelassistent\" name=\"Totwinkelassistent\" value=\"1\"> <label for=\"Totwinkelassistent\">Totwinke\u00adlas\u00adsis\u00adtent<\/label>\n\n                                        \t\t\t\t<\/div>\n                                                        <div class=\"col-md-12 no-margin\">\n                                        \t\t\t\t\t<input type=\"checkbox\" id=\"Spurhalteassistent\" name=\"Spurhalteassistent\" value=\"1\"> <label for=\"Spurhalteassistent\">Spurhal\u00adte\u00adas\u00adsis\u00adtent<\/label>\n\n                                        \t\t\t\t<\/div>\n                                                        <div class=\"col-md-12 no-margin\">\n                                        \t\t\t\t\t<input type=\"checkbox\" id=\"Distanzregler\" name=\"Distanzregler\" value=\"1\"> <label for=\"Distanzregler\">Dis\u00adtanzre\u00adgler<\/label>\n\n                                        \t\t\t\t<\/div>\n                                                        <div class=\"col-md-12 no-margin\">\n                                        \t\t\t\t\t<input type=\"checkbox\" id=\"LED-Scheinwerfer\" name=\"LED-Scheinwerfer\" value=\"1\"> <label for=\"LED-Scheinwerfer\">LED-Schein\u00adwer\u00adfer<\/label>\n\n                                        \t\t\t\t<\/div>\n                                                        <div class=\"col-md-12 no-margin\">\n                                        \t\t\t\t\t<input type=\"checkbox\" id=\"Xenon-Scheinwerfer\" name=\"Xenon-Scheinwerfer\" value=\"1\"> <label for=\"Xenon-Scheinwerfer\">Xenon-Schein\u00adwer\u00adfer<\/label>\n\n                                        \t\t\t\t<\/div>\n                                                        <div class=\"col-md-12 no-margin\">\n                                        \t\t\t\t\t<input type=\"checkbox\" id=\"Kurvenlicht\" name=\"Kurvenlicht\" value=\"1\"> <label for=\"Kurvenlicht\">Kur\u00adven\u00adlicht<\/label>\n\n                                        \t\t\t\t<\/div>\n                                                        <div class=\"col-md-12 no-margin\">\n                                        \t\t\t\t\t<input type=\"checkbox\" id=\"Panoramadach\" name=\"Panoramadach\" value=\"1\"> <label for=\"Panoramadach\">Panora\u00admadach<\/label>\n\n                                        \t\t\t\t<\/div>\n                                                        <div class=\"col-md-12 no-margin\">\n                                        \t\t\t\t\t<input type=\"checkbox\" id=\"Schiebedach\" name=\"Schiebedach\" value=\"1\"> <label for=\"Schiebedach\">Schiebe\u00addach<\/label>\n\n                                        \t\t\t\t<\/div>\n                                                        <div class=\"col-md-12 no-margin\">\n                                        \t\t\t\t\t<input type=\"checkbox\" id=\"Leder\" name=\"Leder\" value=\"1\"> <label for=\"Leder\">Sitzbezug Led\u00ader<\/label>\n\n                                        \t\t\t\t<\/div>\n                                                        <div class=\"col-md-12 no-margin\">\n                                        \t\t\t\t\t<input type=\"checkbox\" id=\"Alcantara\" name=\"Alcantara\" value=\"1\"> <label for=\"Alcantara\">Sitzbezug Alcan\u00adtara<\/label>\n\n                                        \t\t\t\t<\/div>\n                                                        <div class=\"col-md-12 no-margin\">\n                                        \t\t\t\t\t<input type=\"checkbox\" id=\"Sportsitze\" name=\"Sportsitze\" value=\"1\"> <label for=\"Sportsitze\">Sport\u00adsitze<\/label>\n\n                                        \t\t\t\t<\/div>\n                                                        <div class=\"col-md-12 no-margin\">\n                                        \t\t\t\t\t<input type=\"checkbox\" id=\"Elektrische-Sitzverstellung\" name=\"Elektrische-Sitzverstellung\" value=\"1\"> <label for=\"Elektrische-Sitzverstellung\">Elek\u00adtrische-Sitzver\u00adstel\u00adlung<\/label>\n\n                                        \t\t\t\t<\/div>\n                                                        <div class=\"col-md-12 no-margin\">\n                                        \t\t\t\t\t<input type=\"checkbox\" id=\"Sitzheizung\" name=\"Sitzheizung\" value=\"1\"> <label for=\"Sitzheizung\">Sitzheizung<\/label>\n\n                                        \t\t\t\t<\/div>\n                                                        <div class=\"col-md-12 no-margin\">\n                                        \t\t\t\t\t<input type=\"checkbox\" id=\"Sitzbelueftung\" name=\"Sitzbelueftung\" value=\"1\"> <label for=\"Sitzbelueftung\">Sitz\u00adbel\u00fcf\u00adtung<\/label>\n\n                                        \t\t\t\t<\/div>\n                                                        <div class=\"col-md-12 no-margin\">\n                                        \t\t\t\t\t<input type=\"checkbox\" id=\"Anhaengerkupplung\" name=\"Anhaengerkupplung\" value=\"1\"> <label for=\"Anhaengerkupplung\">Anh\u00e4ngerkup\u00adplung<\/label>\n\n                                        \t\t\t\t<\/div>\n                                                        <div class=\"col-md-12 no-margin\">\n                                        \t\t\t\t\t<input type=\"checkbox\" id=\"Differenzialsperre\" name=\"Differenzialsperre\" value=\"1\"> <label for=\"Differenzialsperre\">Dif\u00adferen\u00adzialsperre<\/label>\n\n                                        \t\t\t\t<\/div>\n                                                        <div class=\"col-md-12 no-margin\">\n                                        \t\t\t\t\t<input type=\"checkbox\" id=\"Standheizung\" name=\"Standheizung\" value=\"1\"> <label for=\"Standheizung\">Stand\u00adheizung<\/label>\n\n                                        \t\t\t\t<\/div>\n                                                        <div class=\"col-md-12 no-margin\">\n                                        \t\t\t\t\t<input type=\"checkbox\" id=\"Isofix\" name=\"Isofix\" value=\"1\"> <label for=\"Isofix\">Isofix<\/label>\n\n                                        \t\t\t\t<\/div>\n                                                        <div class=\"col-md-12 no-margin\">\n                                        \t\t\t\t\t<input type=\"checkbox\" id=\"Hardtop\" name=\"Hardtop\" value=\"1\"> <label for=\"Hardtop\">Hard\u00adtop<\/label>\n\n                                        \t\t\t\t<\/div>\n                                                        <div class=\"col-md-12 no-margin\">\n                                        \t\t\t\t\t<input type=\"checkbox\" id=\"Luftfederung\" name=\"Luftfederung\" value=\"1\"> <label for=\"Luftfederung\">Luftfederung<\/label>\n\n                                        \t\t\t\t<\/div><input type=\"hidden\" name=\"extended-search\" value=\"0\">\n                                <\/div>\n                            <\/div><\/div><\/div><a onclick=\"document.getElementById('carSearch').submit();\" class=\"btn btn-primary\">Mostra <span class=\"number-results\">8<\/span> auto<\/a><a class=\"show-extended-search\">Ricer\u00adca avan\u00adza\u00adta<\/a><a href=\"#popup-newsletter\" data-bs-toggle=\"modal\" class=\"btn-link\">Iscriv\u00adi\u00adti ai nuovi arrivi<\/a><\/form>\n        <\/aside><div class=\"col-lg-9\">\n\n                <nav class=\"sorting-options-main\">\n                    <div class=\"sel-hold\">\n                        <select name=\"orderby-selection\" id=\"lbl-sort-01\">\n                            <option>Sorting<\/option>\n                            <option value=\"make-asc\" selected=\"selected\">\n                                Marca (A-Z)\n                            <\/option>\n                            <option value=\"make-desc\">\n                                Marca (Z-A)\n                            <\/option>\n                            <option value=\"price-asc\">\n                                Prezzo (lowest first)\n                            <\/option>\n                            <option value=\"price-desc\">\n                                Prezzo (highest first)\n                            <\/option>\n                            <option value=\"km-asc\">\n                                Km (lowest first)\n                            <\/option>\n                            <option value=\"km-desc\">\n                                Km (highest first)\n                            <\/option>\n                            <option value=\"age-asc\">\n                                Age (lowest first)\n                            <\/option>\n                            <option value=\"age-desc\">\n                                Age (highest first)\n                            <\/option>\n                        <\/select>\n                        <label for=\"lbl-sort-01\">Sortieren<\/label>\n                    <\/div>\n                    <div class=\"fav-widget\">\n                        <a href=\"\/it\/wp-json\/wp\/v2\/pages\/227915?favorits=1\">\n                            <i class=\"fa-regular fa-star\"><\/i>\n                            <strong>0<\/strong> in der Merk\u00adliste\n                        <\/a>\n                    <\/div>\n                    <div class=\"change-view-button\">\n                        <a class=\"change-view active\" data-view=\"grid\" href=\"#\"><i class=\"fa-solid fa-grip\"><\/i><\/a>\n                        <a class=\"change-view\" data-view=\"list\" href=\"#\"><i class=\"fa fa-list-ul\"><\/i><\/a>\n                    <\/div>\n                <\/nav><div class=\"row car-grid\" data-view=\"grid\"><article class=\"col-xl-4 col-md-6 col-12\">\n                                        <div class=\"car-item\">\n                                            <figure class=\"car-image\">\n                                                <a href=\"https:\/\/autoshow.ch\/it\/macchina\/skoda-elroq-85-sportline-8\/?Make=SKODA\" title=\"SKODA Elroq 85 Sportline\" class=\"img-link\"><img decoding=\"async\" class=\"lazyload\" loading=\"lazy\" src=\"https:\/\/autoshow.ch\/wp-content\/uploads\/2026\/03\/skoda-elroq-85-sportline-autoshow-aathal-ag.jpg\" alt=\"SKODA Elroq 85 Sportline - Autoshow Aathal AG bei Uster bietet g\u00fcnstige Occasionen und Neuwagen\"><\/a>\n                                                <span class=\"condition neues-fahrzeug\">Neues Fahrzeug<\/span>\n                                                <a href=\"#\" class=\"favorite\" data-id=\"20232689\">\n                                                    <i class=\"fa-regular fa-star\"><\/i>\n                                                    <span class=\"sr-only\">favorite<\/span>\n                                                <\/a>\n                                                <a class=\"btn-cart\" href=\"https:\/\/autoshow.ch\/it\/macchina\/skoda-elroq-85-sportline-8\/?pay-car=1\">\n                                                    <i class=\"fa-solid fa-cart-shopping\" aria-hidden=\"true\"><\/i><span class=\"sr-only\">buy car<\/span>\n                                                <\/a>\n                                            <\/figure>\n                                            <div class=\"car-title\">\n                                                <h4>\n                                                    <a href=\"https:\/\/autoshow.ch\/it\/macchina\/skoda-elroq-85-sportline-8\/?Make=SKODA\" title=\"SKODA Elroq 85 Sportline\" id=\"skoda-elroq-85-sportline-8\"><span class=\"grid-title\">SKODA Elroq 85 Sportline<\/span><span class=\"list-title\">SKODA Elroq 85 Sportline<\/span><\/a>\n                                                <\/h4>\n                                            <\/div>\n                                            <div class=\"excerpt\">\n                                                <p>NEUSTES MODELL 2026 \u2022 Werks\u00adgarantie bis 2030 \u2022 Reich\u00adweite 531Km \u2022 20\u201dAlu \u2022 Leder\/Alcantara \u2022 Assis\u00adten\u00adz\u00adpaket+ \u2022 Navi+ \u2022 Matrix LED \u2022  \u2026<\/p>\n                                            <\/div><div class=\"car-list\">\n                                                <ul class=\"list-inline\"><li> 10 km<\/li><li> 286 hp<\/li><li> Auto\u00admat\u00adic<\/li><li> Elek\u00adtro<\/li><li> Back\u00adwheel<\/li><\/ul>\n                                            <\/div><div class=\"car-content\"><div class=\"discount\">\n                                                            <strong class=\"discount-value\">25%<\/strong>\n                                                            <span class=\"discount-name\">ridot\u00adto<\/span>\n                                                        <\/div><a class=\"leasing\" href=\"https:\/\/autoshow.ch\/it\/macchina\/skoda-elroq-85-sportline-8\/#car-accordion-body-0leasing-berechnen\">\n                                                        <span class=\"description\">Al mese da<\/span>\n                                                        <span class=\"leasing-price\">502.95<\/span>\n                                                    <\/a><div class=\"price\">\n                                                        <span class=\"description\">Prez\u00adzo di ven\u00addi\u00adta<\/span>\n                                                        <del class=\"old-price\">49\u2019650.-<\/del>\n                                                        <span class=\"new-price\">37\u2019400.-<\/span>\n                                                    <\/div><\/div><\/div><\/article><article class=\"col-xl-4 col-md-6 col-12\">\n                                        <div class=\"car-item\">\n                                            <figure class=\"car-image\">\n                                                <a href=\"https:\/\/autoshow.ch\/it\/macchina\/skoda-fabia-1-0-tsi-selection-dsg-2\/?Make=SKODA\" title=\"SKODA Fabia 1.0 TSI Selection DSG\" class=\"img-link\"><img decoding=\"async\" class=\"lazyload\" loading=\"lazy\" src=\"https:\/\/autoshow.ch\/wp-content\/uploads\/2026\/04\/skoda-fabia-1-0-tsi-selection-dsg-autoshow-aathal-ag.jpg\" alt=\"SKODA Fabia 1.0 TSI Selection DSG - Autoshow Aathal AG bei Uster bietet g\u00fcnstige Occasionen und Neuwagen\"><\/a>\n                                                <span class=\"condition neues-fahrzeug\">Neues Fahrzeug<\/span>\n                                                <a href=\"#\" class=\"favorite\" data-id=\"20362050\">\n                                                    <i class=\"fa-regular fa-star\"><\/i>\n                                                    <span class=\"sr-only\">favorite<\/span>\n                                                <\/a>\n                                                <a class=\"btn-cart\" href=\"https:\/\/autoshow.ch\/it\/macchina\/skoda-fabia-1-0-tsi-selection-dsg-2\/?pay-car=1\">\n                                                    <i class=\"fa-solid fa-cart-shopping\" aria-hidden=\"true\"><\/i><span class=\"sr-only\">buy car<\/span>\n                                                <\/a>\n                                            <\/figure>\n                                            <div class=\"car-title\">\n                                                <h4>\n                                                    <a href=\"https:\/\/autoshow.ch\/it\/macchina\/skoda-fabia-1-0-tsi-selection-dsg-2\/?Make=SKODA\" title=\"SKODA Fabia 1.0 TSI Selection DSG\" id=\"skoda-fabia-1-0-tsi-selection-dsg-2\"><span class=\"grid-title\">SKODA Fabia 1.0 TSI Selection DSG<\/span><span class=\"list-title\">SKODA Fabia 1.0 TSI Selection DSG<\/span><\/a>\n                                                <\/h4>\n                                            <\/div>\n                                            <div class=\"excerpt\">\n                                                <p>NEUSTES MODELL \u2022 Navi Con\u00adnect \u2022 15\u201cAlu \u2022 R\u00fcck\u00adfahrkam\u00adera \u2022 Full LED \u2022 Tem\u00adpo\u00admat \u2022 Spuras\u00adsis\u00adtent \u2022 Wire\u00adless Smartlink \u2022 Kli\u00admaan\u00adlage \u2022  \u2026<\/p>\n                                            <\/div><div class=\"car-list\">\n                                                <ul class=\"list-inline\"><li> 10 km<\/li><li> 116 hp<\/li><li> Auto\u00admat\u00adic<\/li><li> Ben\u00adzin<\/li><li> Fron\u00adt\u00adwheel<\/li><\/ul>\n                                            <\/div><div class=\"car-content\"><div class=\"discount\">\n                                                            <strong class=\"discount-value\">27%<\/strong>\n                                                            <span class=\"discount-name\">ridot\u00adto<\/span>\n                                                        <\/div><a class=\"leasing\" href=\"https:\/\/autoshow.ch\/it\/macchina\/skoda-fabia-1-0-tsi-selection-dsg-2\/#car-accordion-body-0leasing-berechnen\">\n                                                        <span class=\"description\">Al mese da<\/span>\n                                                        <span class=\"leasing-price\">289.70<\/span>\n                                                    <\/a><div class=\"price\">\n                                                        <span class=\"description\">Prez\u00adzo di ven\u00addi\u00adta<\/span>\n                                                        <del class=\"old-price\">29\u2019470.-<\/del>\n                                                        <span class=\"new-price\">21\u2019500.-<\/span>\n                                                    <\/div><\/div><\/div><\/article><article class=\"col-xl-4 col-md-6 col-12\">\n                                        <div class=\"car-item\">\n                                            <figure class=\"car-image\">\n                                                <a href=\"https:\/\/autoshow.ch\/it\/macchina\/skoda-kamiq-1-0-tsi-selection-editon-black-115ps-2\/?Make=SKODA\" title=\"SKODA Kamiq 1.0 TSI Selection Editon Black 115PS\" class=\"img-link\"><img decoding=\"async\" class=\"lazyload\" loading=\"lazy\" src=\"https:\/\/autoshow.ch\/wp-content\/uploads\/2026\/03\/skoda-kamiq-1-0-tsi-selection-editon-black-115ps-autoshow-aathal-ag-2.jpg\" alt=\"SKODA Kamiq 1.0 TSI Selection Editon Black 115PS - Autoshow Aathal AG bei Uster bietet g\u00fcnstige Occasionen und Neuwagen 1\"><\/a>\n                                                <span class=\"condition jahreswagen\">Jahreswa\u00adgen<\/span>\n                                                <a href=\"#\" class=\"favorite\" data-id=\"20221116\">\n                                                    <i class=\"fa-regular fa-star\"><\/i>\n                                                    <span class=\"sr-only\">favorite<\/span>\n                                                <\/a>\n                                                <a class=\"btn-cart\" href=\"https:\/\/autoshow.ch\/it\/macchina\/skoda-kamiq-1-0-tsi-selection-editon-black-115ps-2\/?pay-car=1\">\n                                                    <i class=\"fa-solid fa-cart-shopping\" aria-hidden=\"true\"><\/i><span class=\"sr-only\">buy car<\/span>\n                                                <\/a>\n                                            <\/figure>\n                                            <div class=\"car-title\">\n                                                <h4>\n                                                    <a href=\"https:\/\/autoshow.ch\/it\/macchina\/skoda-kamiq-1-0-tsi-selection-editon-black-115ps-2\/?Make=SKODA\" title=\"SKODA Kamiq 1.0 TSI Selection Editon Black 115PS\" id=\"skoda-kamiq-1-0-tsi-selection-editon-black-115ps-2\"><span class=\"grid-title\">SKODA Kamiq 1.0 TSI Selection Editon Black 115PS<\/span><span class=\"list-title\">SKODA Kamiq 1.0 TSI Selection Editon Black 115PS<\/span><\/a>\n                                                <\/h4>\n                                            <\/div>\n                                            <div class=\"excerpt\">\n                                                <p>Navi Con\u00adnect \u2022 Full LED \u2022 Key\u00adless Entry \u2022 Assis\u00adten\u00adz\u00adpaket \u2022 RF-Kam\u00adera \u2022 PDC+ \u2022 17\u201dAlu \u2022 Vir\u00adtu\u00adal Cock\u00adpit \u2022 2\u2011Zonen Kli\u00adma\u00adtron\u00adic \u2022 Spo \u2026<\/p>\n                                            <\/div><div class=\"car-list\">\n                                                <ul class=\"list-inline\"><li>2\/2025<\/li><li> 25\u2019000 km<\/li><li> 115 hp<\/li><li> Man\u00adu\u00adal<\/li><li> Ben\u00adzin<\/li><li> Fron\u00adt\u00adwheel<\/li><\/ul>\n                                            <\/div><div class=\"car-content\"><div class=\"discount\">\n                                                            <strong class=\"discount-value\">46%<\/strong>\n                                                            <span class=\"discount-name\">ridot\u00adto<\/span>\n                                                        <\/div><a class=\"leasing\" href=\"https:\/\/autoshow.ch\/it\/macchina\/skoda-kamiq-1-0-tsi-selection-editon-black-115ps-2\/#car-accordion-body-0leasing-berechnen\">\n                                                        <span class=\"description\">Al mese da<\/span>\n                                                        <span class=\"leasing-price\">275.70<\/span>\n                                                    <\/a><div class=\"price\">\n                                                        <span class=\"description\">Prez\u00adzo di ven\u00addi\u00adta<\/span>\n                                                        <del class=\"old-price\">38\u2019130.-<\/del>\n                                                        <span class=\"new-price\">20\u2019500.-<\/span>\n                                                    <\/div><\/div><\/div><\/article><article class=\"col-xl-4 col-md-6 col-12\">\n                                        <div class=\"car-item\">\n                                            <figure class=\"car-image\">\n                                                <a href=\"https:\/\/autoshow.ch\/it\/macchina\/skoda-kamiq-1-0-tsi-selection-editon-black-115ps-4\/?Make=SKODA\" title=\"SKODA Kamiq 1.0 TSI Selection Editon Black 115PS\" class=\"img-link\"><img decoding=\"async\" class=\"lazyload\" loading=\"lazy\" src=\"https:\/\/autoshow.ch\/wp-content\/uploads\/2026\/03\/skoda-kamiq-1-0-tsi-selection-editon-black-115ps-autoshow-aathal-ag-3.jpg\" alt=\"SKODA Kamiq 1.0 TSI Selection Editon Black 115PS - Autoshow Aathal AG bei Uster bietet g\u00fcnstige Occasionen und Neuwagen 2\"><\/a>\n                                                <span class=\"condition jahreswagen\">Jahreswa\u00adgen<\/span>\n                                                <a href=\"#\" class=\"favorite\" data-id=\"20221114\">\n                                                    <i class=\"fa-regular fa-star\"><\/i>\n                                                    <span class=\"sr-only\">favorite<\/span>\n                                                <\/a>\n                                                <a class=\"btn-cart\" href=\"https:\/\/autoshow.ch\/it\/macchina\/skoda-kamiq-1-0-tsi-selection-editon-black-115ps-4\/?pay-car=1\">\n                                                    <i class=\"fa-solid fa-cart-shopping\" aria-hidden=\"true\"><\/i><span class=\"sr-only\">buy car<\/span>\n                                                <\/a>\n                                            <\/figure>\n                                            <div class=\"car-title\">\n                                                <h4>\n                                                    <a href=\"https:\/\/autoshow.ch\/it\/macchina\/skoda-kamiq-1-0-tsi-selection-editon-black-115ps-4\/?Make=SKODA\" title=\"SKODA Kamiq 1.0 TSI Selection Editon Black 115PS\" id=\"skoda-kamiq-1-0-tsi-selection-editon-black-115ps-4\"><span class=\"grid-title\">SKODA Kamiq 1.0 TSI Selection Editon Black 115PS<\/span><span class=\"list-title\">SKODA Kamiq 1.0 TSI Selection Editon Black 115PS<\/span><\/a>\n                                                <\/h4>\n                                            <\/div>\n                                            <div class=\"excerpt\">\n                                                <p>Navi Con\u00adnect \u2022 Full LED \u2022 Key\u00adless Entry \u2022 Assis\u00adten\u00adz\u00adpaket \u2022 RF-Kam\u00adera \u2022 PDC+ \u2022 17\u201dAlu \u2022 Vir\u00adtu\u00adal Cock\u00adpit \u2022 2\u2011Zonen Kli\u00adma\u00adtron\u00adic \u2022 Spo \u2026<\/p>\n                                            <\/div><div class=\"car-list\">\n                                                <ul class=\"list-inline\"><li>3\/2025<\/li><li> 18\u2019000 km<\/li><li> 115 hp<\/li><li> Man\u00adu\u00adal<\/li><li> Ben\u00adzin<\/li><li> Fron\u00adt\u00adwheel<\/li><\/ul>\n                                            <\/div><div class=\"car-content\"><div class=\"discount\">\n                                                            <strong class=\"discount-value\">46%<\/strong>\n                                                            <span class=\"discount-name\">ridot\u00adto<\/span>\n                                                        <\/div><a class=\"leasing\" href=\"https:\/\/autoshow.ch\/it\/macchina\/skoda-kamiq-1-0-tsi-selection-editon-black-115ps-4\/#car-accordion-body-0leasing-berechnen\">\n                                                        <span class=\"description\">Al mese da<\/span>\n                                                        <span class=\"leasing-price\">275.70<\/span>\n                                                    <\/a><div class=\"price\">\n                                                        <span class=\"description\">Prez\u00adzo di ven\u00addi\u00adta<\/span>\n                                                        <del class=\"old-price\">38\u2019130.-<\/del>\n                                                        <span class=\"new-price\">20\u2019500.-<\/span>\n                                                    <\/div><\/div><\/div><\/article><article class=\"col-xl-4 col-md-6 col-12\">\n                                        <div class=\"car-item\">\n                                            <figure class=\"car-image\">\n                                                <a href=\"https:\/\/autoshow.ch\/it\/macchina\/skoda-kamiq-1-0-tsi-selection-editon-black-115ps-5\/?Make=SKODA\" title=\"SKODA Kamiq 1.0 TSI Selection Editon Black 115PS\" class=\"img-link\"><img decoding=\"async\" class=\"lazyload\" loading=\"lazy\" src=\"https:\/\/autoshow.ch\/wp-content\/uploads\/2026\/03\/skoda-kamiq-1-0-tsi-selection-editon-black-115ps-autoshow-aathal-ag.jpg\" alt=\"SKODA Kamiq 1.0 TSI Selection Editon Black 115PS - Autoshow Aathal AG bei Uster bietet g\u00fcnstige Occasionen und Neuwagen\"><\/a>\n                                                <span class=\"condition jahreswagen\">Jahreswa\u00adgen<\/span>\n                                                <a href=\"#\" class=\"favorite\" data-id=\"20221113\">\n                                                    <i class=\"fa-regular fa-star\"><\/i>\n                                                    <span class=\"sr-only\">favorite<\/span>\n                                                <\/a>\n                                                <a class=\"btn-cart\" href=\"https:\/\/autoshow.ch\/it\/macchina\/skoda-kamiq-1-0-tsi-selection-editon-black-115ps-5\/?pay-car=1\">\n                                                    <i class=\"fa-solid fa-cart-shopping\" aria-hidden=\"true\"><\/i><span class=\"sr-only\">buy car<\/span>\n                                                <\/a>\n                                            <\/figure>\n                                            <div class=\"car-title\">\n                                                <h4>\n                                                    <a href=\"https:\/\/autoshow.ch\/it\/macchina\/skoda-kamiq-1-0-tsi-selection-editon-black-115ps-5\/?Make=SKODA\" title=\"SKODA Kamiq 1.0 TSI Selection Editon Black 115PS\" id=\"skoda-kamiq-1-0-tsi-selection-editon-black-115ps-5\"><span class=\"grid-title\">SKODA Kamiq 1.0 TSI Selection Editon Black 115PS<\/span><span class=\"list-title\">SKODA Kamiq 1.0 TSI Selection Editon Black 115PS<\/span><\/a>\n                                                <\/h4>\n                                            <\/div>\n                                            <div class=\"excerpt\">\n                                                <p>Navi Con\u00adnect \u2022 Full LED \u2022 Key\u00adless Entry \u2022 Assis\u00adten\u00adz\u00adpaket \u2022 RF-Kam\u00adera \u2022 PDC+ \u2022 17\u201dAlu \u2022 Vir\u00adtu\u00adal Cock\u00adpit \u2022 2\u2011Zonen Kli\u00adma\u00adtron\u00adic \u2022 Spo \u2026<\/p>\n                                            <\/div><div class=\"car-list\">\n                                                <ul class=\"list-inline\"><li>2\/2025<\/li><li> 24\u2019000 km<\/li><li> 115 hp<\/li><li> Man\u00adu\u00adal<\/li><li> Ben\u00adzin<\/li><li> Fron\u00adt\u00adwheel<\/li><\/ul>\n                                            <\/div><div class=\"car-content\"><div class=\"discount\">\n                                                            <strong class=\"discount-value\">48%<\/strong>\n                                                            <span class=\"discount-name\">ridot\u00adto<\/span>\n                                                        <\/div><a class=\"leasing\" href=\"https:\/\/autoshow.ch\/it\/macchina\/skoda-kamiq-1-0-tsi-selection-editon-black-115ps-5\/#car-accordion-body-0leasing-berechnen\">\n                                                        <span class=\"description\">Al mese da<\/span>\n                                                        <span class=\"leasing-price\">264.95<\/span>\n                                                    <\/a><div class=\"price\">\n                                                        <span class=\"description\">Prez\u00adzo di ven\u00addi\u00adta<\/span>\n                                                        <del class=\"old-price\">38\u2019130.-<\/del>\n                                                        <span class=\"new-price\">19\u2019700.-<\/span>\n                                                    <\/div><\/div><\/div><\/article><article class=\"col-xl-4 col-md-6 col-12\">\n                                        <div class=\"car-item\">\n                                            <figure class=\"car-image\">\n                                                <a href=\"https:\/\/autoshow.ch\/it\/macchina\/skoda-karoq-1-5-tsi-sportline-dsg-4\/?Make=SKODA\" title=\"SKODA Karoq 1.5 TSI SportLine DSG\" class=\"img-link\"><img decoding=\"async\" class=\"lazyload\" loading=\"lazy\" src=\"https:\/\/autoshow.ch\/wp-content\/uploads\/2026\/04\/skoda-karoq-1-5-tsi-sportline-dsg-autoshow-aathal-ag.jpg\" alt=\"SKODA Karoq 1.5 TSI SportLine DSG - Autoshow Aathal AG bei Uster bietet g\u00fcnstige Occasionen und Neuwagen\"><\/a>\n                                                <span class=\"condition neues-fahrzeug\">Neues Fahrzeug<\/span>\n                                                <a href=\"#\" class=\"favorite\" data-id=\"20358220\">\n                                                    <i class=\"fa-regular fa-star\"><\/i>\n                                                    <span class=\"sr-only\">favorite<\/span>\n                                                <\/a>\n                                                <a class=\"btn-cart\" href=\"https:\/\/autoshow.ch\/it\/macchina\/skoda-karoq-1-5-tsi-sportline-dsg-4\/?pay-car=1\">\n                                                    <i class=\"fa-solid fa-cart-shopping\" aria-hidden=\"true\"><\/i><span class=\"sr-only\">buy car<\/span>\n                                                <\/a>\n                                            <\/figure>\n                                            <div class=\"car-title\">\n                                                <h4>\n                                                    <a href=\"https:\/\/autoshow.ch\/it\/macchina\/skoda-karoq-1-5-tsi-sportline-dsg-4\/?Make=SKODA\" title=\"SKODA Karoq 1.5 TSI SportLine DSG\" id=\"skoda-karoq-1-5-tsi-sportline-dsg-4\"><span class=\"grid-title\">SKODA Karoq 1.5 TSI SportLine DSG<\/span><span class=\"list-title\">SKODA Karoq 1.5 TSI SportLine DSG<\/span><\/a>\n                                                <\/h4>\n                                            <\/div>\n                                            <div class=\"excerpt\">\n                                                <p>NEUSTES MODELL 2026 \u2022 AHK \u2022 Assis\u00adten\u00adz\u00adpaket \u2022 Navi+ \u2022 Matrix LED \u2022 ACC \u2022 RF-Kam\u00adera \u2022 el. Heck\u00adklappe &amp; Vir\u00adtu\u00adal Ped\u00adal \u2022 Key\u00adless+ \u2022  \u2026<\/p>\n                                            <\/div><div class=\"car-list\">\n                                                <ul class=\"list-inline\"><li> 10 km<\/li><li> 150 hp<\/li><li> Auto\u00admat\u00adic<\/li><li> Ben\u00adzin<\/li><li> Fron\u00adt\u00adwheel<\/li><\/ul>\n                                            <\/div><div class=\"car-content\"><div class=\"discount\">\n                                                            <strong class=\"discount-value\">36%<\/strong>\n                                                            <span class=\"discount-name\">ridot\u00adto<\/span>\n                                                        <\/div><a class=\"leasing\" href=\"https:\/\/autoshow.ch\/it\/macchina\/skoda-karoq-1-5-tsi-sportline-dsg-4\/#car-accordion-body-0leasing-berechnen\">\n                                                        <span class=\"description\">Al mese da<\/span>\n                                                        <span class=\"leasing-price\">450.20<\/span>\n                                                    <\/a><div class=\"price\">\n                                                        <span class=\"description\">Prez\u00adzo di ven\u00addi\u00adta<\/span>\n                                                        <del class=\"old-price\">52\u2019120.-<\/del>\n                                                        <span class=\"new-price\">33\u2019500.-<\/span>\n                                                    <\/div><\/div><\/div><\/article><article class=\"col-xl-4 col-md-6 col-12\">\n                                        <div class=\"car-item\">\n                                            <figure class=\"car-image\">\n                                                <a href=\"https:\/\/autoshow.ch\/it\/macchina\/skoda-scala-1-0-tsi-selection-dsg-3\/?Make=SKODA\" title=\"SKODA Scala 1.0 TSI Selection DSG\" class=\"img-link\"><img decoding=\"async\" class=\"lazyload\" loading=\"lazy\" src=\"https:\/\/autoshow.ch\/wp-content\/uploads\/2026\/03\/skoda-scala-1-0-tsi-selection-dsg-autoshow-aathal-ag.jpg\" alt=\"SKODA Scala 1.0 TSI Selection DSG - Autoshow Aathal AG bei Uster bietet g\u00fcnstige Occasionen und Neuwagen\"><\/a>\n                                                <span class=\"condition neues-fahrzeug\">Neues Fahrzeug<\/span>\n                                                <a href=\"#\" class=\"favorite\" data-id=\"20263195\">\n                                                    <i class=\"fa-regular fa-star\"><\/i>\n                                                    <span class=\"sr-only\">favorite<\/span>\n                                                <\/a>\n                                                <a class=\"btn-cart\" href=\"https:\/\/autoshow.ch\/it\/macchina\/skoda-scala-1-0-tsi-selection-dsg-3\/?pay-car=1\">\n                                                    <i class=\"fa-solid fa-cart-shopping\" aria-hidden=\"true\"><\/i><span class=\"sr-only\">buy car<\/span>\n                                                <\/a>\n                                            <\/figure>\n                                            <div class=\"car-title\">\n                                                <h4>\n                                                    <a href=\"https:\/\/autoshow.ch\/it\/macchina\/skoda-scala-1-0-tsi-selection-dsg-3\/?Make=SKODA\" title=\"SKODA Scala 1.0 TSI Selection DSG\" id=\"skoda-scala-1-0-tsi-selection-dsg-3\"><span class=\"grid-title\">SKODA Scala 1.0 TSI Selection DSG<\/span><span class=\"list-title\">SKODA Scala 1.0 TSI Selection DSG<\/span><\/a>\n                                                <\/h4>\n                                            <\/div>\n                                            <div class=\"excerpt\">\n                                                <p>Navi Con\u00adnect \u2022 Full LED \u2022 RF-Kam\u00adera \u2022 Tem\u00adpo\u00admat \u2022 PDC \u2022 Sitzheizung \u2022 Vir\u00adtu\u00adal Cock\u00adpit \u2022 Kli\u00admaan\u00adlage \u2022 Spuras\u00adsis\u00adtent \u2022 Alu 16\u201c \u2022 W \u2026<\/p>\n                                            <\/div><div class=\"car-list\">\n                                                <ul class=\"list-inline\"><li> 10 km<\/li><li> 115 hp<\/li><li> Auto\u00admat\u00adic<\/li><li> Ben\u00adzin<\/li><li> Fron\u00adt\u00adwheel<\/li><\/ul>\n                                            <\/div><div class=\"car-content\"><div class=\"discount\">\n                                                            <strong class=\"discount-value\">38%<\/strong>\n                                                            <span class=\"discount-name\">ridot\u00adto<\/span>\n                                                        <\/div><a class=\"leasing\" href=\"https:\/\/autoshow.ch\/it\/macchina\/skoda-scala-1-0-tsi-selection-dsg-3\/#car-accordion-body-0leasing-berechnen\">\n                                                        <span class=\"description\">Al mese da<\/span>\n                                                        <span class=\"leasing-price\">316.65<\/span>\n                                                    <\/a><div class=\"price\">\n                                                        <span class=\"description\">Prez\u00adzo di ven\u00addi\u00adta<\/span>\n                                                        <del class=\"old-price\">37\u2019780.-<\/del>\n                                                        <span class=\"new-price\">23\u2019500.-<\/span>\n                                                    <\/div><\/div><\/div><\/article><article class=\"col-xl-4 col-md-6 col-12\">\n                                        <div class=\"car-item\">\n                                            <figure class=\"car-image\">\n                                                <a href=\"https:\/\/autoshow.ch\/it\/macchina\/skoda-scala-1-5-tsi-style-150ps-5\/?Make=SKODA\" title=\"SKODA Scala 1.5 TSI Style 150PS\" class=\"img-link\"><img decoding=\"async\" class=\"lazyload\" loading=\"lazy\" src=\"https:\/\/autoshow.ch\/wp-content\/uploads\/2026\/03\/skoda-scala-1-5-tsi-style-150ps-autoshow-aathal-ag.jpg\" alt=\"SKODA Scala 1.5 TSI Style 150PS - Autoshow Aathal AG bei Uster bietet g\u00fcnstige Occasionen und Neuwagen\"><\/a>\n                                                <span class=\"condition occasion\">Occa\u00adsion<\/span>\n                                                <a href=\"#\" class=\"favorite\" data-id=\"20263190\">\n                                                    <i class=\"fa-regular fa-star\"><\/i>\n                                                    <span class=\"sr-only\">favorite<\/span>\n                                                <\/a>\n                                                <a class=\"btn-cart\" href=\"https:\/\/autoshow.ch\/it\/macchina\/skoda-scala-1-5-tsi-style-150ps-5\/?pay-car=1\">\n                                                    <i class=\"fa-solid fa-cart-shopping\" aria-hidden=\"true\"><\/i><span class=\"sr-only\">buy car<\/span>\n                                                <\/a>\n                                            <\/figure>\n                                            <div class=\"car-title\">\n                                                <h4>\n                                                    <a href=\"https:\/\/autoshow.ch\/it\/macchina\/skoda-scala-1-5-tsi-style-150ps-5\/?Make=SKODA\" title=\"SKODA Scala 1.5 TSI Style 150PS\" id=\"skoda-scala-1-5-tsi-style-150ps-5\"><span class=\"grid-title\">SKODA Scala 1.5 TSI Style 150PS<\/span><span class=\"list-title\">SKODA Scala 1.5 TSI Style 150PS<\/span><\/a>\n                                                <\/h4>\n                                            <\/div>\n                                            <div class=\"excerpt\">\n                                                <p>5 Jahre Werks\u00adgarantie \u2022 Pan\u00adodach \u2022 Navi Con\u00adnect \u2022 Full LED \u2022 Spuras\u00adsis\u00adtent \u2022 16\u201dAlu \u2022 Sport\u00adsitze heizbar \u2022 Tem\u00adpo\u00admat \u2022 DAB+ \u2022 Smart \u2026<\/p>\n                                            <\/div><div class=\"car-list\">\n                                                <ul class=\"list-inline\"><li>6\/2023<\/li><li> 9\u2019000 km<\/li><li> 150 hp<\/li><li> Auto\u00admat\u00adic<\/li><li> Ben\u00adzin<\/li><li> Fron\u00adt\u00adwheel<\/li><\/ul>\n                                            <\/div><div class=\"car-content\"><div class=\"discount\">\n                                                            <strong class=\"discount-value\">44%<\/strong>\n                                                            <span class=\"discount-name\">ridot\u00adto<\/span>\n                                                        <\/div><a class=\"leasing\" href=\"https:\/\/autoshow.ch\/it\/macchina\/skoda-scala-1-5-tsi-style-150ps-5\/#car-accordion-body-0leasing-berechnen\">\n                                                        <span class=\"description\">Al mese da<\/span>\n                                                        <span class=\"leasing-price\">314.50<\/span>\n                                                    <\/a><div class=\"price\">\n                                                        <span class=\"description\">Prez\u00adzo di ven\u00addi\u00adta<\/span>\n                                                        <del class=\"old-price\">41\u2019430.-<\/del>\n                                                        <span class=\"new-price\">23\u2019400.-<\/span>\n                                                    <\/div><\/div><\/div><\/article><\/div><\/div>\n        <\/div>\n\n\n<div style=\"height:80px\" aria-hidden=\"true\" class=\"wp-block-spacer\"><\/div>\n<\/div><\/div>\n","protected":false},"excerpt":{"rendered":"<p>\u0160ko\u00adda pres\u00adso Autoshow Aathal\u2026<\/p>\n","protected":false},"author":31,"featured_media":227923,"parent":231598,"menu_order":20,"comment_status":"closed","ping_status":"closed","template":"","meta":{"_acf_changed":false,"inline_featured_image":false,"wp_typography_post_enhancements_disabled":false,"footnotes":""},"class_list":["post-227915","page","type-page","status-publish","has-post-thumbnail","hentry"],"acf":[],"yoast_head":"<!-- This site is optimized with the Yoast SEO plugin v27.4 - https:\/\/yoast.com\/product\/yoast-seo-wordpress\/ -->\n<title>Acquistare \u0160KODA in Svizzera | Kodiaq, Octavia, Karoq<\/title>\n<meta name=\"description\" content=\"Acquista \u0160KODA Kodiaq, Octavia e Karoq a prezzi convenienti. Auto nuove e usate disponibili subito a magazzino. Autoshow Aathal \u2013 discount auto nell\u2019Oberland zurighese.\" \/>\n<meta name=\"robots\" content=\"index, follow, max-snippet:-1, max-image-preview:large, max-video-preview:-1\" \/>\n<link rel=\"canonical\" href=\"https:\/\/autoshow.ch\/it\/marche-auto\/skoda\/\" \/>\n<meta property=\"og:locale\" content=\"it_IT\" \/>\n<meta property=\"og:type\" content=\"article\" \/>\n<meta property=\"og:title\" content=\"Acquistare \u0160KODA in Svizzera | Kodiaq, Octavia, Karoq\" \/>\n<meta property=\"og:description\" content=\"Acquista \u0160KODA Kodiaq, Octavia e Karoq a prezzi convenienti. Auto nuove e usate disponibili subito a magazzino. Autoshow Aathal \u2013 discount auto nell\u2019Oberland zurighese.\" \/>\n<meta property=\"og:url\" content=\"https:\/\/autoshow.ch\/it\/marche-auto\/skoda\/\" \/>\n<meta property=\"og:site_name\" content=\"Autoshow Aathal AG\" \/>\n<meta property=\"article:publisher\" content=\"https:\/\/www.facebook.com\/autoshow.ch\" \/>\n<meta property=\"article:modified_time\" content=\"2026-04-10T08:58:24+00:00\" \/>\n<meta property=\"og:image\" content=\"https:\/\/autoshow.ch\/wp-content\/uploads\/2026\/04\/skoda-autoshow-aathal-ag-8-e1775735184827.jpeg\" \/>\n\t<meta property=\"og:image:width\" content=\"1920\" \/>\n\t<meta property=\"og:image:height\" content=\"1082\" \/>\n\t<meta property=\"og:image:type\" content=\"image\/jpeg\" \/>\n<meta name=\"twitter:card\" content=\"summary_large_image\" \/>\n<!-- \/ Yoast SEO plugin. -->","yoast_head_json":{"title":"Acquistare \u0160KODA in Svizzera | Kodiaq, Octavia, Karoq","description":"Acquista \u0160KODA Kodiaq, Octavia e Karoq a prezzi convenienti. Auto nuove e usate disponibili subito a magazzino. Autoshow Aathal \u2013 discount auto nell\u2019Oberland zurighese.","robots":{"index":"index","follow":"follow","max-snippet":"max-snippet:-1","max-image-preview":"max-image-preview:large","max-video-preview":"max-video-preview:-1"},"canonical":"https:\/\/autoshow.ch\/it\/marche-auto\/skoda\/","og_locale":"it_IT","og_type":"article","og_title":"Acquistare \u0160KODA in Svizzera | Kodiaq, Octavia, Karoq","og_description":"Acquista \u0160KODA Kodiaq, Octavia e Karoq a prezzi convenienti. Auto nuove e usate disponibili subito a magazzino. Autoshow Aathal \u2013 discount auto nell\u2019Oberland zurighese.","og_url":"https:\/\/autoshow.ch\/it\/marche-auto\/skoda\/","og_site_name":"Autoshow Aathal AG","article_publisher":"https:\/\/www.facebook.com\/autoshow.ch","article_modified_time":"2026-04-10T08:58:24+00:00","og_image":[{"width":1920,"height":1082,"url":"https:\/\/autoshow.ch\/wp-content\/uploads\/2026\/04\/skoda-autoshow-aathal-ag-8-e1775735184827.jpeg","type":"image\/jpeg"}],"twitter_card":"summary_large_image","schema":{"@context":"https:\/\/schema.org","@graph":[{"@type":"WebPage","@id":"https:\/\/autoshow.ch\/it\/marche-auto\/skoda\/","url":"https:\/\/autoshow.ch\/it\/marche-auto\/skoda\/","name":"Acquistare \u0160KODA in Svizzera | Kodiaq, Octavia, Karoq","isPartOf":{"@id":"https:\/\/autoshow.ch\/it\/#website"},"primaryImageOfPage":{"@id":"https:\/\/autoshow.ch\/it\/marche-auto\/skoda\/#primaryimage"},"image":{"@id":"https:\/\/autoshow.ch\/it\/marche-auto\/skoda\/#primaryimage"},"thumbnailUrl":"https:\/\/autoshow.ch\/wp-content\/uploads\/2026\/04\/skoda-autoshow-aathal-ag-8-e1775735184827.jpeg","datePublished":"2026-04-01T13:19:35+00:00","dateModified":"2026-04-10T08:58:24+00:00","description":"Acquista \u0160KODA Kodiaq, Octavia e Karoq a prezzi convenienti. Auto nuove e usate disponibili subito a magazzino. Autoshow Aathal \u2013 discount auto nell\u2019Oberland zurighese.","breadcrumb":{"@id":"https:\/\/autoshow.ch\/it\/marche-auto\/skoda\/#breadcrumb"},"inLanguage":"it-IT","potentialAction":[{"@type":"ReadAction","target":["https:\/\/autoshow.ch\/it\/marche-auto\/skoda\/"]}]},{"@type":"ImageObject","inLanguage":"it-IT","@id":"https:\/\/autoshow.ch\/it\/marche-auto\/skoda\/#primaryimage","url":"https:\/\/autoshow.ch\/wp-content\/uploads\/2026\/04\/skoda-autoshow-aathal-ag-8-e1775735184827.jpeg","contentUrl":"https:\/\/autoshow.ch\/wp-content\/uploads\/2026\/04\/skoda-autoshow-aathal-ag-8-e1775735184827.jpeg","width":1920,"height":1082,"caption":"\u0160koda - Autoshow Aathal AG vicino a Uster offre auto usate e nuove a prezzi convenienti 7"},{"@type":"BreadcrumbList","@id":"https:\/\/autoshow.ch\/it\/marche-auto\/skoda\/#breadcrumb","itemListElement":[{"@type":"ListItem","position":1,"name":"Startseite","item":"https:\/\/autoshow.ch\/it\/"},{"@type":"ListItem","position":2,"name":"Marche auto","item":"https:\/\/autoshow.ch\/it\/marche-auto\/"},{"@type":"ListItem","position":3,"name":"\u0160koda"}]},{"@type":"WebSite","@id":"https:\/\/autoshow.ch\/it\/#website","url":"https:\/\/autoshow.ch\/it\/","name":"Autoshow Aathal AG","description":"bei Uster bietet g\u00fcnstige Occasionen und Neuwagen","publisher":{"@id":"https:\/\/autoshow.ch\/it\/#organization"},"alternateName":"Autoshow","potentialAction":[{"@type":"SearchAction","target":{"@type":"EntryPoint","urlTemplate":"https:\/\/autoshow.ch\/it\/?s={search_term_string}"},"query-input":{"@type":"PropertyValueSpecification","valueRequired":true,"valueName":"search_term_string"}}],"inLanguage":"it-IT"},{"@type":"Organization","@id":"https:\/\/autoshow.ch\/it\/#organization","name":"Autoshow Aathal AG","alternateName":"Autoshow","url":"https:\/\/autoshow.ch\/it\/","logo":{"@type":"ImageObject","inLanguage":"it-IT","@id":"https:\/\/autoshow.ch\/it\/#\/schema\/logo\/image\/","url":"https:\/\/autoshow.ch\/wp-content\/uploads\/2025\/12\/autoshow-aathal-ag-logo@696x696.png","contentUrl":"https:\/\/autoshow.ch\/wp-content\/uploads\/2025\/12\/autoshow-aathal-ag-logo@696x696.png","width":696,"height":696,"caption":"Autoshow Aathal AG"},"image":{"@id":"https:\/\/autoshow.ch\/it\/#\/schema\/logo\/image\/"},"sameAs":["https:\/\/www.facebook.com\/autoshow.ch","https:\/\/www.instagram.com\/autoshow_aathal\/","https:\/\/www.linkedin.com\/company\/autoshow-aathal-ag","https:\/\/www.youtube.com\/user\/AutoshowAathal"]}]}},"_links":{"self":[{"href":"https:\/\/autoshow.ch\/it\/wp-json\/wp\/v2\/pages\/227915","targetHints":{"allow":["GET"]}}],"collection":[{"href":"https:\/\/autoshow.ch\/it\/wp-json\/wp\/v2\/pages"}],"about":[{"href":"https:\/\/autoshow.ch\/it\/wp-json\/wp\/v2\/types\/page"}],"author":[{"embeddable":true,"href":"https:\/\/autoshow.ch\/it\/wp-json\/wp\/v2\/users\/31"}],"replies":[{"embeddable":true,"href":"https:\/\/autoshow.ch\/it\/wp-json\/wp\/v2\/comments?post=227915"}],"version-history":[{"count":1,"href":"https:\/\/autoshow.ch\/it\/wp-json\/wp\/v2\/pages\/227915\/revisions"}],"predecessor-version":[{"id":227925,"href":"https:\/\/autoshow.ch\/it\/wp-json\/wp\/v2\/pages\/227915\/revisions\/227925"}],"up":[{"embeddable":true,"href":"https:\/\/autoshow.ch\/it\/wp-json\/wp\/v2\/pages\/231598"}],"wp:featuredmedia":[{"embeddable":true,"href":"https:\/\/autoshow.ch\/it\/wp-json\/wp\/v2\/media\/227923"}],"wp:attachment":[{"href":"https:\/\/autoshow.ch\/it\/wp-json\/wp\/v2\/media?parent=227915"}],"curies":[{"name":"wp","href":"https:\/\/api.w.org\/{rel}","templated":true}]}}