{"id":227324,"date":"2022-09-01T13:07:41","date_gmt":"2022-09-01T11:07:41","guid":{"rendered":"https:\/\/autoshow.ch\/home\/"},"modified":"2026-04-24T14:31:06","modified_gmt":"2026-04-24T12:31:06","slug":"home","status":"publish","type":"page","link":"https:\/\/autoshow.ch\/it\/","title":{"rendered":"Home"},"content":{"rendered":"\t<div class=\"visual-slider swiper\">\n\t\t<div class=\"swiper-wrapper\">\n\t\t\t\t\t\t\t\n\t\t\t\t<div class=\"swiper-slide visual\">\n\t\t\t\t\t<div class=\"container md\">\n\t\t\t\t\t\t<div class=\"visual-descr-box\">\n\t\t\t\t\t\t\t\t\t\t\t\t\t\t\t<h2 class=\"h1\">400 AUTO E <br>\n30 MARCHE<\/h2>\n\t\t\t\t\t\t\t\t\t\t\t\t\t\t\t\t\t\t\t\t\t\t<p>Pres\u00adso Autoshow Aathal tro\u00advi oltre 400 veicoli: dal\u00adl\u2019au\u00adto usa\u00adta eco\u00adnom\u00adi\u00adca alle auto semes\u00adtrali van\u00adtag\u00adgiose, fino alla nuo\u00adva auto dei tuoi sog\u00adni.<\/p>\n\t\t\t\t\t\t\t\t\t\t\t\t\t\t\t\t\t\t\t\t\t\t\t\t\t\t\t\t\t<a href=\"https:\/\/autoshow.ch\/it\/auto\/\" target class=\"btn btn-secondary\">PANORAMICA AUTO<\/a>\n\t\t\t\t\t\t\t\t\t\t\t\t\t\t\n\t\t\t\t\t\t<\/div>\n\t\t\t\t\t<\/div>\n\t\t\t\t\t<figure class=\"bg-img\">\n\t\t\t\t\t\t\t\t\t\t\t\t\t\t\t\t\t\t\t\t\t<img src=\"https:\/\/autoshow.ch\/wp-content\/uploads\/2026\/04\/home-autoshow-aathal-ag-18.jpeg\" srcset=\"https:\/\/autoshow.ch\/wp-content\/uploads\/2026\/04\/home-autoshow-aathal-ag-18.jpeg 1320w, https:\/\/autoshow.ch\/wp-content\/uploads\/2026\/04\/home-autoshow-aathal-ag-18-300x162.jpeg 300w, https:\/\/autoshow.ch\/wp-content\/uploads\/2026\/04\/home-autoshow-aathal-ag-18-1024x553.jpeg 1024w\" sizes=\"(max-width: 768px) 100vw, 100vw\" alt=\"Home - Autoshow Aathal AG bei Uster bietet g\u00fcnstige Occasionen und Neuwagen 18\" fetchpriority=\"high\" loading=\"eager\" decoding=\"sync\" width=\"1320\" height=\"713\">\n\t\t\t\t\t\t\t\t\t\t\t\t\t\t\t\t\t\t\t\n\t\t\t\t\t<\/figure>\n\t\t\t\t<\/div>\n\t\t\t\t\t\t\t\n\t\t\t\t<div class=\"swiper-slide visual\">\n\t\t\t\t\t<div class=\"container md\">\n\t\t\t\t\t\t<div class=\"visual-descr-box\">\n\t\t\t\t\t\t\t\t\t\t\t\t\t\t\t<h2 class=\"h1\">Le nos\u00adtre auto nuove ad Aathal<\/h2>\n\t\t\t\t\t\t\t\t\t\t\t\t\t\t\t\t\t\t\t\t\t\t<p>Gra\u00adzie alle nos\u00adtre impor\u00adtazioni dirette dal\u00adl\u2019UE, abbi\u00adamo costan\u00adte\u00admente oltre 400 auto nuove in stock \u2013 a prezzi per\u00adma\u00adnen\u00adte\u00admente con\u00adve\u00adni\u00aden\u00adti per tutte le marche e i mod\u00adel\u00adli.<\/p>\n\t\t\t\t\t\t\t\t\t\t\t\t\t\t\t\t\t\t\t\t\t\t\t\t\t\t\t\t\t<a href=\"https:\/\/autoshow.ch\/it\/auto\/auto-nuove\/\" target class=\"btn btn-primary\">Tutte le auto nuove<\/a>\n\t\t\t\t\t\t\t\t\t\t\t\t\t\t\n\t\t\t\t\t\t<\/div>\n\t\t\t\t\t<\/div>\n\t\t\t\t\t<figure class=\"bg-img\">\n\t\t\t\t\t\t\t\t\t\t\t\t\t\t\t\t\t\t\t\t\t<img src=\"https:\/\/autoshow.ch\/wp-content\/uploads\/2026\/04\/home-autoshow-aathal-ag-15.jpeg\" srcset=\"https:\/\/autoshow.ch\/wp-content\/uploads\/2026\/04\/home-autoshow-aathal-ag-15.jpeg 1920w, https:\/\/autoshow.ch\/wp-content\/uploads\/2026\/04\/home-autoshow-aathal-ag-15-300x200.jpeg 300w, https:\/\/autoshow.ch\/wp-content\/uploads\/2026\/04\/home-autoshow-aathal-ag-15-1024x683.jpeg 1024w, https:\/\/autoshow.ch\/wp-content\/uploads\/2026\/04\/home-autoshow-aathal-ag-15-1536x1024.jpeg 1536w, https:\/\/autoshow.ch\/wp-content\/uploads\/2026\/04\/home-autoshow-aathal-ag-15-1320x880.jpeg 1320w\" sizes=\"auto, (max-width: 768px) 100vw, 100vw\" alt=\"Home - Autoshow Aathal AG bei Uster bietet g\u00fcnstige Occasionen und Neuwagen 15\" class=\"lazyload\" loading=\"lazy\" decoding=\"async\" width=\"1920\" height=\"1280\">\n\t\t\t\t\t\t\t\t\t\t\t\t\t\t\t\t\t\t\t\n\t\t\t\t\t<\/figure>\n\t\t\t\t<\/div>\n\t\t\t\t\t\t\t\n\t\t\t\t<div class=\"swiper-slide visual\">\n\t\t\t\t\t<div class=\"container md\">\n\t\t\t\t\t\t<div class=\"visual-descr-box\">\n\t\t\t\t\t\t\t\t\t\t\t\t\t\t\t<h2 class=\"h1\">Grande selezione di auto elet\u00adtriche <\/h2>\n\t\t\t\t\t\t\t\t\t\t\t\t\t\t\t\t\t\t\t\t\t\t<p>Gra\u00adzie alle nos\u00adtre impor\u00adtazioni dirette dal\u00adl\u2019UE, offri\u00adamo auto elet\u00adtriche a prezzi decisa\u00admente pi\u00f9 bassi rispet\u00adto al com\u00admer\u00adcio uffi\u00adciale svizze\u00adro.<\/p>\n\t\t\t\t\t\t\t\t\t\t\t\t\t\t\t\t\t\t\t\t\t\t\t\t\t\t\t\t\t<a href=\"https:\/\/autoshow.ch\/it\/auto\/auto-elettriche-2\/\" target class=\"btn btn-secondary\">Le nos\u00adtre auto elet\u00adtriche<\/a>\n\t\t\t\t\t\t\t\t\t\t\t\t\t\t\n\t\t\t\t\t\t<\/div>\n\t\t\t\t\t<\/div>\n\t\t\t\t\t<figure class=\"bg-img\">\n\t\t\t\t\t\t\t\t\t\t\t\t\t\t\t\t\t\t\t\t\t<img src=\"https:\/\/autoshow.ch\/wp-content\/uploads\/2026\/04\/home-autoshow-aathal-ag-14.jpeg\" srcset=\"https:\/\/autoshow.ch\/wp-content\/uploads\/2026\/04\/home-autoshow-aathal-ag-14.jpeg 1920w, https:\/\/autoshow.ch\/wp-content\/uploads\/2026\/04\/home-autoshow-aathal-ag-14-300x200.jpeg 300w, https:\/\/autoshow.ch\/wp-content\/uploads\/2026\/04\/home-autoshow-aathal-ag-14-1024x683.jpeg 1024w, https:\/\/autoshow.ch\/wp-content\/uploads\/2026\/04\/home-autoshow-aathal-ag-14-1536x1024.jpeg 1536w, https:\/\/autoshow.ch\/wp-content\/uploads\/2026\/04\/home-autoshow-aathal-ag-14-1320x880.jpeg 1320w\" sizes=\"auto, (max-width: 768px) 100vw, 100vw\" alt=\"Home - Autoshow Aathal AG bei Uster bietet g\u00fcnstige Occasionen und Neuwagen 14\" class=\"lazyload\" loading=\"lazy\" decoding=\"async\" width=\"1920\" height=\"1280\">\n\t\t\t\t\t\t\t\t\t\t\t\t\t\t\t\t\t\t\t\n\t\t\t\t\t<\/figure>\n\t\t\t\t<\/div>\n\t\t\t\t\t\t\t\n\t\t\t\t<div class=\"swiper-slide visual\">\n\t\t\t\t\t<div class=\"container md\">\n\t\t\t\t\t\t<div class=\"visual-descr-box\">\n\t\t\t\t\t\t\t\t\t\t\t\t\t\t\t<h2 class=\"h1\">I nos\u00adtri servizi per te<\/h2>\n\t\t\t\t\t\t\t\t\t\t\t\t\t\t\t\t\t\t\t\t\t\t<p>Da noi tro\u00advi una vas\u00adta gam\u00adma di servizi legati alla mobil\u00adit\u00e0. Dal finanzi\u00ada\u00admen\u00adto all\u2019ac\u00adquis\u00adto fino all\u2019esten\u00adsione del\u00adla garanzia. <\/p>\n\t\t\t\t\t\t\t\t\t\t\t\t\t\t\t\t\t\t\t\t\t\t\t\t\t\t\t\t\t<a href=\"https:\/\/autoshow.ch\/it\/servizi\/\" target class=\"btn btn-primary\">Tut\u00adti i servizi<\/a>\n\t\t\t\t\t\t\t\t\t\t\t\t\t\t\n\t\t\t\t\t\t<\/div>\n\t\t\t\t\t<\/div>\n\t\t\t\t\t<figure class=\"bg-img\">\n\t\t\t\t\t\t\t\t\t\t\t\t\t\t\t\t\t\t\t\t\t<img src=\"https:\/\/autoshow.ch\/wp-content\/uploads\/2026\/04\/home-autoshow-aathal-ag-17.jpg\" srcset=\"https:\/\/autoshow.ch\/wp-content\/uploads\/2026\/04\/home-autoshow-aathal-ag-17.jpg 1150w, https:\/\/autoshow.ch\/wp-content\/uploads\/2026\/04\/home-autoshow-aathal-ag-17-300x228.jpg 300w, https:\/\/autoshow.ch\/wp-content\/uploads\/2026\/04\/home-autoshow-aathal-ag-17-1024x777.jpg 1024w\" sizes=\"auto, (max-width: 768px) 100vw, 100vw\" alt=\"Home - Autoshow Aathal AG bei Uster bietet g\u00fcnstige Occasionen und Neuwagen 17\" class=\"lazyload\" loading=\"lazy\" decoding=\"async\" width=\"1150\" height=\"873\">\n\t\t\t\t\t\t\t\t\t\t\t\t\t\t\t\t\t\t\t\n\t\t\t\t\t<\/figure>\n\t\t\t\t<\/div>\n\t\t\t\t\t<\/div>\n\t\t<div class=\"swiper-pagination container md\"><\/div>\n\t\t<div class=\"swiper-arrows container md\">\n\t\t\t<div class=\"swiper-button-prev\"><\/div>\n\t\t\t<div class=\"swiper-button-next\"><\/div>\n\t\t<\/div>\n\t<\/div><!-- \/ visual-slider -->\t\n\t\t\t\t\t\t\t\t\n\n\n\t\n\n\t<div class=\"search-section container md\">\n\t\t<div class=\"search-block\">\n\t\t\t\t\t\t\t<h2>Ricerca veicoli<\/h2>\n\t\t\t\n\t\t\t\t\t\t\t<div id=\"wscarlist-search-form\">\n\n\t\t\t<form action=\"https:\/\/autoshow.ch\/it\/autos\/\" id=\"simpleSearchForm\" class=\"car-search-simple\" method=\"get\">\n\n                <div class=\"link-hold\">\n                    <a href=\"#popup-newsletter\" data-bs-toggle=\"modal\" class=\"btn-link\">Iscriv\u00adi\u00adti alla ricer\u00adca di auto nuove<\/a>\n                <\/div>\n\t\t\t\t\n\n\t\t\t\t<div class=\"input-group\">\n                    <div class=\"group group-01\">                        \n                        <div class=\"form-group\">\n                            <span class=\"lbl\">Choose Make<\/span>\n\n                            <select id=\"select-Make\" name=\"Make\"><option value>Marca<\/option><option value=\"AUDI\">AUDI<\/option><option value=\"BMW\">BMW<\/option><option value=\"CHEVROLET\">CHEVROLET<\/option><option value=\"CUPRA\">CUPRA<\/option><option value=\"DACIA\">DACIA<\/option><option value=\"FIAT\">FIAT<\/option><option value=\"FORD\">FORD<\/option><option value=\"HYUNDAI\">HYUNDAI<\/option><option value=\"JAGUAR\">JAGUAR<\/option><option value=\"JEEP\">JEEP<\/option><option value=\"KIA\">KIA<\/option><option value=\"LAND%20ROVER\">LAND ROVER<\/option><option value=\"MAZDA\">MAZDA<\/option><option value=\"MERCEDES-BENZ\">MERCEDES-BENZ<\/option><option value=\"MG\">MG<\/option><option value=\"MINI\">MINI<\/option><option value=\"NISSAN\">NISSAN<\/option><option value=\"OPEL\">OPEL<\/option><option value=\"PEUGEOT\">PEUGEOT<\/option><option value=\"RENAULT\">RENAULT<\/option><option value=\"SKODA\">SKODA<\/option><option value=\"SUZUKI\">SUZUKI<\/option><option value=\"TOYOTA\">TOYOTA<\/option><option value=\"VOLVO\">VOLVO<\/option><option value=\"VW\">VW<\/option><\/select>\n                        <\/div>                    \n                        <div class=\"form-group\">\n                            <span class=\"lbl\">Choose Mod\u00adel<\/span>\n\n\t\t      \t\t\t\t<select id=\"select-Model\" name=\"Model\"><option value>Modello<\/option><option value>Choose the make<\/option><\/select>\n                        <\/div>\n                    <\/div>\n\t\t\t\t\n\n                    <div class=\"group group-02\">\n                        <div class=\"form-group\">\n                            <select id=\"select-FirstRegYear-from\" class=\"first\" name=\"FirstRegYear-from\"><option value>Anno da<\/option><option value=\"2001\">2001<\/option><option value=\"2005\">2005<\/option><option value=\"2007\">2007<\/option><option value=\"2010\">2010<\/option><option value=\"2011\">2011<\/option><option value=\"2012\">2012<\/option><option value=\"2013\">2013<\/option><option value=\"2014\">2014<\/option><option value=\"2015\">2015<\/option><option value=\"2016\">2016<\/option><option value=\"2017\">2017<\/option><option value=\"2018\">2018<\/option><option value=\"2019\">2019<\/option><option value=\"2020\">2020<\/option><option value=\"2021\">2021<\/option><option value=\"2022\">2022<\/option><option value=\"2023\">2023<\/option><option value=\"2024\">2024<\/option><option value=\"2025\">2025<\/option><option value=\"2026\">2026<\/option><\/select>\n                        <\/div>\n                        <div class=\"form-group\">\n                            <select id=\"select-FirstRegYear-to\" name=\"FirstRegYear-to\"><option value>Anno fino a<\/option><option value=\"2001\">2001<\/option><option value=\"2005\">2005<\/option><option value=\"2007\">2007<\/option><option value=\"2010\">2010<\/option><option value=\"2011\">2011<\/option><option value=\"2012\">2012<\/option><option value=\"2013\">2013<\/option><option value=\"2014\">2014<\/option><option value=\"2015\">2015<\/option><option value=\"2016\">2016<\/option><option value=\"2017\">2017<\/option><option value=\"2018\">2018<\/option><option value=\"2019\">2019<\/option><option value=\"2020\">2020<\/option><option value=\"2021\">2021<\/option><option value=\"2022\">2022<\/option><option value=\"2023\">2023<\/option><option value=\"2024\">2024<\/option><option value=\"2025\">2025<\/option><option value=\"2026\">2026<\/option><\/select>\n                            <label for=\"lbl-04\">Jahr bis<\/label>\n                        <\/div>\n                    <\/div>\n\n\n                    <div class=\"group group-03\">\n                        <div class=\"form-group\">\n                            <select id=\"select-Price-from\" class=\"first\" name=\"Price-from\"><option value>Prezzo da<\/option><option value=\"2500\">CHF 2'500<\/option><option value=\"5000\">CHF 5'000<\/option><option value=\"7500\">CHF 7'500<\/option><option value=\"10000\">CHF 10'000<\/option><option value=\"15000\">CHF 15'000<\/option><option value=\"20000\">CHF 20'000<\/option><option value=\"25000\">CHF 25'000<\/option><option value=\"30000\">CHF 30'000<\/option><option value=\"35000\">CHF 35'000<\/option><option value=\"40000\">CHF 40'000<\/option><option value=\"45000\">CHF 45'000<\/option><option value=\"50000\">CHF 50'000<\/option><option value=\"60000\">CHF 60'000<\/option><option value=\"70000\">CHF 70'000<\/option><option value=\"80000\">CHF 80'000<\/option><option value=\"90000\">CHF 90'000<\/option><option value=\"100000\">CHF 100'000<\/option><option value=\"150000\">CHF 150'000<\/option><\/select>\n                        <\/div>\n                        <div class=\"form-group\">\n                            <select id=\"select-Price-to\" name=\"Price-to\"><option value>Prezzo fino a<\/option><option value=\"2500\">CHF 2'500<\/option><option value=\"5000\">CHF 5'000<\/option><option value=\"7500\">CHF 7'500<\/option><option value=\"10000\">CHF 10'000<\/option><option value=\"15000\">CHF 15'000<\/option><option value=\"20000\">CHF 20'000<\/option><option value=\"25000\">CHF 25'000<\/option><option value=\"30000\">CHF 30'000<\/option><option value=\"35000\">CHF 35'000<\/option><option value=\"40000\">CHF 40'000<\/option><option value=\"45000\">CHF 45'000<\/option><option value=\"50000\">CHF 50'000<\/option><option value=\"60000\">CHF 60'000<\/option><option value=\"70000\">CHF 70'000<\/option><option value=\"80000\">CHF 80'000<\/option><option value=\"90000\">CHF 90'000<\/option><option value=\"100000\">CHF 100'000<\/option><option value=\"150000\">CHF 150'000<\/option><\/select>\n                        <\/div>\n                    <\/div>\n\n                <\/div>\n\n\n\n\t\t\t\t<div class=\"filter-group\">\n\n\t\t\t\t    <h3>Ricerca rapida<\/h3>\n\n                    <div class=\"filter-item criteria transmission-type\">\n\n\t\t\t\t\t\t<input type=\"checkbox\" name=\"TransmissionType\" id=\"TransmissionTypeAutomatic\" value=\"automat\">\n\n\t\t\t\t\t\t<label for=\"TransmissionTypeAutomatic\" class=\"after hide-span\"><span>Auto\u00admat\u00adic<\/span><\/label>\n\n\t\t\t\t\t<\/div>\n                    \n                    <div class=\"filter-item criteria fuel-type\">\n\n\t\t\t\t\t\t<input type=\"checkbox\" name=\"FuelType\" id=\"FuelTypeGasoline\" value=\"Benzin\">\n\n\t\t\t\t\t\t<label for=\"FuelTypeGasoline\" class=\"after hide-span\"><span>Gaso\u00adline<\/span><\/label>\n\n\t\t\t\t\t<\/div>\n\n\t\t\t\t\t<div class=\"filter-item criteria fuel-type\">\n\n\t\t\t\t\t\t<input type=\"checkbox\" name=\"FuelType\" id=\"FuelTypeDiesel\" value=\"Diesel\">\n\n\t\t\t\t\t\t<label for=\"FuelTypeDiesel\" class=\"after hide-span\"><span>Diesel<\/span><\/label>  \n\n\t\t\t\t\t<\/div>\n\n\n\n                    <div class=\"filter-item criteria fuel-type-hybrid\">\n\n\t\t\t\t\t\t<input type=\"checkbox\" name=\"FuelType\" id=\"FuelTypeHybrid\" value=\"Hybrid\">\n\n\t\t\t\t\t\t<label for=\"FuelTypeHybrid\" class=\"after hide-span\"><span>Hybrid<\/span><\/label>\n\n\t\t\t\t\t<\/div>\n\t\t\t\t\t\n\t\t\t\t\t<div class=\"filter-item criteria fuel-type-elektro\">\n\n\t\t\t\t\t\t<input type=\"checkbox\" name=\"FuelType\" id=\"FuelTypeElektro\" value=\"Elektro\">\n\n\t\t\t\t\t\t<label for=\"FuelTypeElektro\" class=\"after hide-span\"><span>Elek\u00adtro<\/span><\/label>\n\n\t\t\t\t\t<\/div>\n\n                    <div class=\"filter-item criteria drive-type\">\n\n\t\t\t\t\t\t<input type=\"checkbox\" name=\"AllWheelDrive\" id=\"AllWheelDrive\" value=\"1\">\n\n\t\t\t\t\t\t<label for=\"AllWheelDrive\" class=\"after hide-span\"><span>4x4<\/span><\/label>\n\n\t\t\t\t\t<\/div>\n\n\t\t\t\t\t<div class=\"filter-item criteria 7-seater\">\n\n\t\t\t\t\t\t<input type=\"checkbox\" name=\"Seats-from\" id=\"7Seater\" value=\"7\">\n\n\t\t\t\t\t\t<label for=\"7Seater\" class=\"after hide-span\"><span>7 seats<\/span><\/label>\n\n\t\t\t\t\t<\/div>\n\n\t\t\t\t\t<div class=\"filter-item criteria body-type-estate-car\">\n\n                        <input type=\"checkbox\" name=\"BodyType[]\" id=\"BodyTypeEstateCar\" value=\"Kombi\">\n\n                        <label for=\"BodyTypeEstateCar\" class=\"after hide-span\"><span>Estate car<\/span><\/label>\n\n                    <\/div>\n\n                    <div class=\"filter-item criteria body-type-suv\">\n\n                        <input type=\"checkbox\" name=\"BodyType[]\" id=\"BodyTypeSUV\" value=\"SUV\">\n\n                        <label for=\"BodyTypeSUV\" class=\"after hide-span\"><span>SUV<\/span><\/label>\n\n                    <\/div>\n                    \n                    <div class=\"filter-item criteria body-type-cabriolet\">\n\n                        <input type=\"checkbox\" name=\"BodyType[]\" id=\"BodyTypeCabriolet\" value=\"Cabriolet\">\n\n                        <label for=\"BodyTypeCabriolet\" class=\"after hide-span\"><span>Cabri\u00ado\u00adlet<\/span><\/label>\n\n                    <\/div>\t\t\t\t\n\n\t\t\t\t<\/div>\n\n\t\t\t\t\n\n                <div class=\"btn-hold\">                    \n                    <a onclick=\"document.getElementById('simpleSearchForm').submit();\" class=\"btn btn-primary\">Mostra <span class=\"number-cars\">253<\/span> auto<\/a> \n                <\/div>\n\n                <div class=\"adv-hold\">\n                    <a href=\"https:\/\/autoshow.ch\/it\/macchine\/\" class=\"btn-link\">Ricer\u00adca veicoli avan\u00adza\u00adta<\/a>\n                <\/div>\n\n\n\n\t\t\t<\/form>\n\n\n\n\t\t<\/div>\t\t\t\t\t\t\n\t\t\n\t\t\t\t\t\t\n\t\t\t\t<div class=\"quick-services\">\n\t\t\t\t\t\t\t\t\t\t\n\t\t\t\t\t\t<div class=\"quick-service-item\">\n\t\t\t\t\t\t\t\t\t\t\t\t\t\t\n\t\t\t\t\t\t\t\t<figure>\n\t\t\t\t\t\t\t\t\t<img decoding=\"async\" class=\"lazyload\" src=\"https:\/\/autoshow.ch\/wp-content\/uploads\/2022\/11\/home-auto-richner-ag-5.png\" alt=\"Home - Autoshow Aathal AG bei Uster bietet g\u00fcnstige Occasionen und Neuwagen 72\" loading=\"lazy\">\n\t\t\t\t\t\t\t\t<\/figure>\n\t\t\t\t\t\t\t\t\t\t\t\t\t\t<div class=\"descr\">\n\t\t\t\t\t\t\t\t\t\t\t\t\t\t\t\t\t\t\t\t\t\t\t\t\t\t<h3><a href=\"https:\/\/autoshow.ch\/it\/auto\/veicoli-appena-arrivati\/\">Veicoli appena<br>arrivati<\/a><\/h3>\n\t\t\t\t\t\t\t\t\t\t\t\t\t\t\t\n\t\t\t\t\t\t\t<\/div>\n\t\t\t\t\t\t<\/div>\n\t\t\t\t\t\t\t\t\t\t\n\t\t\t\t\t\t<div class=\"quick-service-item\">\n\t\t\t\t\t\t\t\t\t\t\t\t\t\t\n\t\t\t\t\t\t\t\t<figure>\n\t\t\t\t\t\t\t\t\t<img decoding=\"async\" class=\"lazyload\" src=\"https:\/\/autoshow.ch\/wp-content\/uploads\/2026\/04\/Eleektro.png\" alt loading=\"lazy\">\n\t\t\t\t\t\t\t\t<\/figure>\n\t\t\t\t\t\t\t\t\t\t\t\t\t\t<div class=\"descr\">\n\t\t\t\t\t\t\t\t\t\t\t\t\t\t\t\t\t\t\t\t\t\t\t\t\t\t<h3><a href=\"https:\/\/autoshow.ch\/it\/macchine\/nostre-auto-elettriche\/\">LE NOSTRE<br>AUTO ELETTRICHE<\/a><\/h3>\n\t\t\t\t\t\t\t\t\t\t\t\t\t\t\t\n\t\t\t\t\t\t\t<\/div>\n\t\t\t\t\t\t<\/div>\n\t\t\t\t\t\t\t\t\t\t\n\t\t\t\t\t\t<div class=\"quick-service-item\">\n\t\t\t\t\t\t\t\t\t\t\t\t\t\t\n\t\t\t\t\t\t\t\t<figure>\n\t\t\t\t\t\t\t\t\t<img decoding=\"async\" class=\"lazyload\" src=\"https:\/\/autoshow.ch\/wp-content\/uploads\/2025\/12\/home-autoshow-aathal-ag-5.svg\" alt=\"Home - Autoshow Aathal AG bei Uster bietet g\u00fcnstige Occasionen und Neuwagen 5\" loading=\"lazy\">\n\t\t\t\t\t\t\t\t<\/figure>\n\t\t\t\t\t\t\t\t\t\t\t\t\t\t<div class=\"descr\">\n\t\t\t\t\t\t\t\t\t\t\t\t\t\t\t\t\t\t\t\t\t\t\t\t\t\t<h3><a href=\"https:\/\/autoshow.ch\/it\/servizi\/leasing-finanziamento\/\">LEASING \/<br>FINANZIAMENTO<\/a><\/h3>\n\t\t\t\t\t\t\t\t\t\t\t\t\t\t\t\n\t\t\t\t\t\t\t<\/div>\n\t\t\t\t\t\t<\/div>\n\t\t\t\t\t\t\t\t\t\t\n\t\t\t\t\t\t<div class=\"quick-service-item\">\n\t\t\t\t\t\t\t\t\t\t\t\t\t\t\n\t\t\t\t\t\t\t\t<figure>\n\t\t\t\t\t\t\t\t\t<img decoding=\"async\" class=\"lazyload\" src=\"https:\/\/autoshow.ch\/wp-content\/uploads\/2022\/11\/home-auto-richner-ag-4.png\" alt=\"Home - Autoshow Aathal AG bei Uster bietet g\u00fcnstige Occasionen und Neuwagen 71\" loading=\"lazy\">\n\t\t\t\t\t\t\t\t<\/figure>\n\t\t\t\t\t\t\t\t\t\t\t\t\t\t<div class=\"descr\">\n\t\t\t\t\t\t\t\t\t\t\t\t\t\t\t\t\t\t\t\t\t\t\t\t\t\t<h3><a href=\"https:\/\/autoshow.ch\/it\/servizi\/acquisto-auto\/\">Vendi la tua<br>auto<\/a><\/h3>\n\t\t\t\t\t\t\t\t\t\t\t\t\t\t\t\n\t\t\t\t\t\t\t<\/div>\n\t\t\t\t\t\t<\/div>\n\t\t\t\t\t\t\t\t\t<\/div>\n\t\t\t\n\t\t<\/div>\n\t<\/div><!-- \/ search-section -->\n\n\n\n\t\t<div class=\"info-media-section type2\">\n\t\t<div class=\"container md\">\n\t\t\t<div class=\"row g-0\">\n\t\t\t\t\t\t\t\t\t\t\t\t<div class=\"col-md-6 d-md-flex\">\n\t\t\t\t\t<div class=\"bg-img\">\n\t\t\t\t\t\t    <img decoding=\"async\" class=\"lazyload\" src=\"https:\/\/autoshow.ch\/wp-content\/uploads\/2026\/04\/home-autoshow-aathal-ag-25-scaled.jpg\" srcset=\"https:\/\/autoshow.ch\/wp-content\/uploads\/2026\/04\/home-autoshow-aathal-ag-25-1024x576.jpg 1024w, https:\/\/autoshow.ch\/wp-content\/uploads\/2026\/04\/home-autoshow-aathal-ag-25-300x169.jpg 300w, https:\/\/autoshow.ch\/wp-content\/uploads\/2026\/04\/home-autoshow-aathal-ag-25-1536x864.jpg 1536w, https:\/\/autoshow.ch\/wp-content\/uploads\/2026\/04\/home-autoshow-aathal-ag-25-1320x743.jpg 1320w, https:\/\/autoshow.ch\/wp-content\/uploads\/2026\/04\/home-autoshow-aathal-ag-25-scaled.jpg 1920w\" sizes=\"auto, (max-width: 768px) 100vw, 50vw\" alt=\"Home - Autoshow Aathal AG bei Uster bietet g\u00fcnstige Occasionen und Neuwagen 25\" loading=\"lazy\" width=\"1920\" height=\"1080\">\n\t\t\t\t\t\t\t\t\t\t\t\n\t\t\t\t\t<\/div>\n\t\t\t\t<\/div>\n\t\t\t\t<div class=\"col-md-6 d-md-flex flex-md-column descr\">\n\t\t\t\t\t<h3><a href=\"#\">Final Sale!<\/a><\/h3>\n<h4>Fino al 45% di vantaggio sul prezzo \u2013 400 auto, 30 marche<\/h4>\n<p>Mega scon\u00adti \u2013 400 auto, 30 marche, tut\u00adti i nos\u00adtri veicoli sono subito disponi\u00adbili in pronta con\u00adseg\u00adna. Offerte e pro\u00admozioni inter\u00ades\u00adsan\u00adti \u2013 solo fino a esauri\u00admen\u00adto scorte. <\/p>\n\t\t\t\t\t\t\t\t\t\t\t\t\t\t\t\t\t<a href=\"https:\/\/autoshow.ch\/it\/news\/final-sale\/\" target class=\"btn btn-secondary\">SCOPRI DI PI\u00d9<\/a>\n\t\t\t\t\t\t\n\t\t\t\t\t\t\t\t\n\t\t\t\t<\/div>\n\t\t\t<\/div>\n\t\t<\/div>\n\t<\/div><!-- \/ info-media-section -->\n\n\n\t<div class=\"feature-car container md\">\n\t\t\t\t\t<h2>Nuovi arrivi<\/h2>\n\t\t\t\t\t\t\t<div class=\"car-carousel swiper\"><div class=\"swiper-wrapper\"><div class=\"swiper-slide\">\n\t\t                <div class=\"car-item\">\n\t\t                    <figure class=\"car-image\">\n\t\t                        <a class=\"img-link\" href=\"https:\/\/autoshow.ch\/it\/macchina\/audi-a3-sportback-35-tfsi-attraction-s-tronic\/\"><img decoding=\"async\" src=\"https:\/\/autoshow.ch\/wp-content\/uploads\/2026\/08\/audi-a3-sportback-35-tfsi-attraction-s-tronic-autoshow-aathal-ag-300x225.jpg\" alt=\"AUDI A3 Sportback 35 TFSI Attraction S-tronic - Autoshow Aathal AG bei Uster bietet g\u00fcnstige Occasionen und Neuwagen\" class=\"lazyload\" loading=\"lazy\"><\/a>                                    \n\t\t                        <span class=\"condition neues-fahrzeug\">Neues Fahrzeug<\/span>\n                                <a href=\"#\" class=\"favorite\" data-id=\"20747836\">\n                                    <i class=\"fa-star fa-regular\"><\/i>\n                                    <span class=\"sr-only\">favorite<\/span>\n                                <\/a>\n                                <a href=\"https:\/\/autoshow.ch\/it\/macchina\/audi-a3-sportback-35-tfsi-attraction-s-tronic\/?pay-car=1\" class=\"btn-cart\">\n                                    <i class=\"fa-solid fa-cart-shopping\" aria-hidden=\"true\"><\/i>\n                                    <span class=\"sr-only\">buy car<\/span>\n                                <\/a>\n                            <\/figure>\n                            <div class=\"car-title\">\n                                <h4><a href=\"https:\/\/autoshow.ch\/it\/macchina\/audi-a3-sportback-35-tfsi-attraction-s-tronic\/\">AUDI A3 Sportback 35 TFSI Attraction S\u2011tronic<\/a><\/h4>\t\n                            <\/div>\n                            <div class=\"excerpt\">                         \n\t\t                      <p>NEUSTES MODELL \u2022 17\u201dAlu \u2022 el. Sitzver\u00adstel\u00adlung \u2022 Navi Audi Con\u00adnect \u2022 ACC \u2022 Assis\u00adtenz\u2026<\/p>\n                            <\/div>\n                            <div class=\"car-list\">\n\t                           <ul class=\"list-inline\"><li>10 km<\/li>\n                    \t                            <li>150 hp<\/li><li>Auto\u00admat\u00adic<\/li><li>Mild-Hybrid Benzin\/Elektro<\/li>\n                                    <li>Fron\u00adt\u00adwheel<\/li>\n                                <\/ul>\n                            <\/div><div class=\"car-content\"><div class=\"discount\">\n                                        <strong class=\"discount-value\">40%<\/strong>\n                                        <span class=\"discount-name\">ridot\u00adto<\/span>\n                                    <\/div><a class=\"leasing\" href=\"https:\/\/autoshow.ch\/it\/macchina\/audi-a3-sportback-35-tfsi-attraction-s-tronic\/#car-accordion-body-0leasing-berechnen\">\n                                    <span class=\"description\">Al mese da<\/span>\n                                    <span class=\"leasing-price\">383.40<\/span>\n                                <\/a><div class=\"price\">\n                                    <span class=\"description\">Prez\u00adzo di ven\u00addi\u00adta<\/span>\n                                    <del class=\"old-price\">47\u2019410.-<\/del>\n                                    <span class=\"new-price\">28\u2019500.-<\/span>\n                                <\/div><\/div><\/div>\n\t\t            <\/div><div class=\"swiper-slide\">\n\t\t                <div class=\"car-item\">\n\t\t                    <figure class=\"car-image\">\n\t\t                        <a class=\"img-link\" href=\"https:\/\/autoshow.ch\/it\/macchina\/audi-a3-sportback-35-tfsi-attraction-s-tronic-2\/\"><img decoding=\"async\" src=\"https:\/\/autoshow.ch\/wp-content\/uploads\/2026\/09\/audi-a3-sportback-35-tfsi-attraction-s-tronic-autoshow-aathal-ag-2-300x225.jpg\" alt=\"AUDI A3 Sportback 35 TFSI Attraction S-tronic - Autoshow Aathal AG bei Uster bietet g\u00fcnstige Occasionen und Neuwagen 1\" class=\"lazyload\" loading=\"lazy\"><\/a>                                    \n\t\t                        <span class=\"condition neues-fahrzeug\">Neues Fahrzeug<\/span>\n                                <a href=\"#\" class=\"favorite\" data-id=\"20772694\">\n                                    <i class=\"fa-star fa-regular\"><\/i>\n                                    <span class=\"sr-only\">favorite<\/span>\n                                <\/a>\n                                <a href=\"https:\/\/autoshow.ch\/it\/macchina\/audi-a3-sportback-35-tfsi-attraction-s-tronic-2\/?pay-car=1\" class=\"btn-cart\">\n                                    <i class=\"fa-solid fa-cart-shopping\" aria-hidden=\"true\"><\/i>\n                                    <span class=\"sr-only\">buy car<\/span>\n                                <\/a>\n                            <\/figure>\n                            <div class=\"car-title\">\n                                <h4><a href=\"https:\/\/autoshow.ch\/it\/macchina\/audi-a3-sportback-35-tfsi-attraction-s-tronic-2\/\">AUDI A3 Sportback 35 TFSI Attraction S\u2011tronic<\/a><\/h4>\t\n                            <\/div>\n                            <div class=\"excerpt\">                         \n\t\t                      <p>NEUSTES MODELL \u2022 17\u201dAlu \u2022 el. Sitzver\u00adstel\u00adlung \u2022 Navi Audi Con\u00adnect \u2022 ACC \u2022 Assis\u00adtenz\u2026<\/p>\n                            <\/div>\n                            <div class=\"car-list\">\n\t                           <ul class=\"list-inline\"><li>10 km<\/li>\n                    \t                            <li>150 hp<\/li><li>Auto\u00admat\u00adic<\/li><li>Mild-Hybrid Benzin\/Elektro<\/li>\n                                    <li>Fron\u00adt\u00adwheel<\/li>\n                                <\/ul>\n                            <\/div><div class=\"car-content\"><div class=\"discount\">\n                                        <strong class=\"discount-value\">40%<\/strong>\n                                        <span class=\"discount-name\">ridot\u00adto<\/span>\n                                    <\/div><a class=\"leasing\" href=\"https:\/\/autoshow.ch\/it\/macchina\/audi-a3-sportback-35-tfsi-attraction-s-tronic-2\/#car-accordion-body-0leasing-berechnen\">\n                                    <span class=\"description\">Al mese da<\/span>\n                                    <span class=\"leasing-price\">383.40<\/span>\n                                <\/a><div class=\"price\">\n                                    <span class=\"description\">Prez\u00adzo di ven\u00addi\u00adta<\/span>\n                                    <del class=\"old-price\">47\u2019410.-<\/del>\n                                    <span class=\"new-price\">28\u2019500.-<\/span>\n                                <\/div><\/div><\/div>\n\t\t            <\/div><div class=\"swiper-slide\">\n\t\t                <div class=\"car-item\">\n\t\t                    <figure class=\"car-image\">\n\t\t                        <a class=\"img-link\" href=\"https:\/\/autoshow.ch\/it\/macchina\/audi-a3-sportback-35-tfsi-attraction-s-tronic-3\/\"><img decoding=\"async\" src=\"https:\/\/autoshow.ch\/wp-content\/uploads\/2026\/09\/audi-a3-sportback-35-tfsi-attraction-s-tronic-autoshow-aathal-ag-3-300x225.jpg\" alt=\"AUDI A3 Sportback 35 TFSI Attraction S-tronic - Autoshow Aathal AG bei Uster bietet g\u00fcnstige Occasionen und Neuwagen 2\" class=\"lazyload\" loading=\"lazy\"><\/a>                                    \n\t\t                        <span class=\"condition neues-fahrzeug\">Neues Fahrzeug<\/span>\n                                <a href=\"#\" class=\"favorite\" data-id=\"20772692\">\n                                    <i class=\"fa-star fa-regular\"><\/i>\n                                    <span class=\"sr-only\">favorite<\/span>\n                                <\/a>\n                                <a href=\"https:\/\/autoshow.ch\/it\/macchina\/audi-a3-sportback-35-tfsi-attraction-s-tronic-3\/?pay-car=1\" class=\"btn-cart\">\n                                    <i class=\"fa-solid fa-cart-shopping\" aria-hidden=\"true\"><\/i>\n                                    <span class=\"sr-only\">buy car<\/span>\n                                <\/a>\n                            <\/figure>\n                            <div class=\"car-title\">\n                                <h4><a href=\"https:\/\/autoshow.ch\/it\/macchina\/audi-a3-sportback-35-tfsi-attraction-s-tronic-3\/\">AUDI A3 Sportback 35 TFSI Attraction S\u2011tronic<\/a><\/h4>\t\n                            <\/div>\n                            <div class=\"excerpt\">                         \n\t\t                      <p>NEUSTES MODELL \u2022 17\u201dAlu \u2022 el. Sitzver\u00adstel\u00adlung \u2022 Navi Audi Con\u00adnect \u2022 ACC \u2022 Assis\u00adtenz\u2026<\/p>\n                            <\/div>\n                            <div class=\"car-list\">\n\t                           <ul class=\"list-inline\"><li>10 km<\/li>\n                    \t                            <li>150 hp<\/li><li>Auto\u00admat\u00adic<\/li><li>Mild-Hybrid Benzin\/Elektro<\/li>\n                                    <li>Fron\u00adt\u00adwheel<\/li>\n                                <\/ul>\n                            <\/div><div class=\"car-content\"><div class=\"discount\">\n                                        <strong class=\"discount-value\">40%<\/strong>\n                                        <span class=\"discount-name\">ridot\u00adto<\/span>\n                                    <\/div><a class=\"leasing\" href=\"https:\/\/autoshow.ch\/it\/macchina\/audi-a3-sportback-35-tfsi-attraction-s-tronic-3\/#car-accordion-body-0leasing-berechnen\">\n                                    <span class=\"description\">Al mese da<\/span>\n                                    <span class=\"leasing-price\">383.40<\/span>\n                                <\/a><div class=\"price\">\n                                    <span class=\"description\">Prez\u00adzo di ven\u00addi\u00adta<\/span>\n                                    <del class=\"old-price\">47\u2019410.-<\/del>\n                                    <span class=\"new-price\">28\u2019500.-<\/span>\n                                <\/div><\/div><\/div>\n\t\t            <\/div><div class=\"swiper-slide\">\n\t\t                <div class=\"car-item\">\n\t\t                    <figure class=\"car-image\">\n\t\t                        <a class=\"img-link\" href=\"https:\/\/autoshow.ch\/it\/macchina\/audi-a5-avant-tdi-150-kw-s-tronic-s-line\/\"><img decoding=\"async\" src=\"https:\/\/autoshow.ch\/wp-content\/uploads\/2026\/06\/audi-a5-avant-tdi-150-kw-s-tronic-s-line-autoshow-aathal-ag-2-300x225.jpg\" alt=\"AUDI A5 Avant TDI 150 kW S tronic S-Line - Autoshow Aathal AG bei Uster bietet g\u00fcnstige Occasionen und Neuwagen 1\" class=\"lazyload\" loading=\"lazy\"><\/a>                                    \n\t\t                        <span class=\"condition jahreswagen\">Jahreswa\u00adgen<\/span>\n                                <a href=\"#\" class=\"favorite\" data-id=\"20567670\">\n                                    <i class=\"fa-star fa-regular\"><\/i>\n                                    <span class=\"sr-only\">favorite<\/span>\n                                <\/a>\n                                <a href=\"https:\/\/autoshow.ch\/it\/macchina\/audi-a5-avant-tdi-150-kw-s-tronic-s-line\/?pay-car=1\" class=\"btn-cart\">\n                                    <i class=\"fa-solid fa-cart-shopping\" aria-hidden=\"true\"><\/i>\n                                    <span class=\"sr-only\">buy car<\/span>\n                                <\/a>\n                            <\/figure>\n                            <div class=\"car-title\">\n                                <h4><a href=\"https:\/\/autoshow.ch\/it\/macchina\/audi-a5-avant-tdi-150-kw-s-tronic-s-line\/\">AUDI A5 Avant TDI 150 kW S tronic S\u2011Line<\/a><\/h4>\t\n                            <\/div>\n                            <div class=\"excerpt\">                         \n\t\t                      <p>S\u2011Line Sport-Paket \u2022 19\u201dAlu \u2022 Full LED \u2022 Navi+ \u2022 ACC \u2022 Assis\u00adten\u00adz\u00adpaket \u2022 el. Heck\u00adkla\u2026<\/p>\n                            <\/div>\n                            <div class=\"car-list\">\n\t                           <ul class=\"list-inline\"><li>5\/2025<\/li><li>7\u2019000 km<\/li>\n                    \t                            <li>204 hp<\/li><li>Auto\u00admat\u00adic<\/li><li>Mild-Hybrid Diesel\/Elektro<\/li>\n                                    <li>Fron\u00adt\u00adwheel<\/li>\n                                <\/ul>\n                            <\/div><div class=\"car-content\"><div class=\"discount\">\n                                        <strong class=\"discount-value\">43%<\/strong>\n                                        <span class=\"discount-name\">ridot\u00adto<\/span>\n                                    <\/div><a class=\"leasing\" href=\"https:\/\/autoshow.ch\/it\/macchina\/audi-a5-avant-tdi-150-kw-s-tronic-s-line\/#car-accordion-body-0leasing-berechnen\">\n                                    <span class=\"description\">Al mese da<\/span>\n                                    <span class=\"leasing-price\">536.35<\/span>\n                                <\/a><div class=\"price\">\n                                    <span class=\"description\">Prez\u00adzo di ven\u00addi\u00adta<\/span>\n                                    <del class=\"old-price\">72\u2019720.-<\/del>\n                                    <span class=\"new-price\">41\u2019500.-<\/span>\n                                <\/div><\/div><\/div>\n\t\t            <\/div><div class=\"swiper-slide\">\n\t\t                <div class=\"car-item\">\n\t\t                    <figure class=\"car-image\">\n\t\t                        <a class=\"img-link\" href=\"https:\/\/autoshow.ch\/it\/macchina\/audi-a5-avant-tdi-150-kw-s-tronic-s-line-2\/\"><img decoding=\"async\" src=\"https:\/\/autoshow.ch\/wp-content\/uploads\/2026\/07\/audi-a5-avant-tdi-150-kw-s-tronic-s-line-autoshow-aathal-ag-300x225.jpg\" alt=\"AUDI A5 Avant TDI 150 kW S tronic S-Line - Autoshow Aathal AG bei Uster bietet g\u00fcnstige Occasionen und Neuwagen\" class=\"lazyload\" loading=\"lazy\"><\/a>                                    \n\t\t                        <span class=\"condition jahreswagen\">Jahreswa\u00adgen<\/span>\n                                <a href=\"#\" class=\"favorite\" data-id=\"20457874\">\n                                    <i class=\"fa-star fa-regular\"><\/i>\n                                    <span class=\"sr-only\">favorite<\/span>\n                                <\/a>\n                                <a href=\"https:\/\/autoshow.ch\/it\/macchina\/audi-a5-avant-tdi-150-kw-s-tronic-s-line-2\/?pay-car=1\" class=\"btn-cart\">\n                                    <i class=\"fa-solid fa-cart-shopping\" aria-hidden=\"true\"><\/i>\n                                    <span class=\"sr-only\">buy car<\/span>\n                                <\/a>\n                            <\/figure>\n                            <div class=\"car-title\">\n                                <h4><a href=\"https:\/\/autoshow.ch\/it\/macchina\/audi-a5-avant-tdi-150-kw-s-tronic-s-line-2\/\">AUDI A5 Avant TDI 150 kW S tronic S\u2011Line<\/a><\/h4>\t\n                            <\/div>\n                            <div class=\"excerpt\">                         \n\t\t                      <p>S\u2011Line Sport-Paket \u2022 360\u00b0Kamera \u2022 19\u201dAlu \u2022 Matrix LED \u2022 Assis\u00adten\u00adz\u00adpaket+ \u2022 Navi+ \u2022 A\u2026<\/p>\n                            <\/div>\n                            <div class=\"car-list\">\n\t                           <ul class=\"list-inline\"><li>5\/2025<\/li><li>7\u2019000 km<\/li>\n                    \t                            <li>204 hp<\/li><li>Auto\u00admat\u00adic<\/li><li>Mild-Hybrid Diesel\/Elektro<\/li>\n                                    <li>Fron\u00adt\u00adwheel<\/li>\n                                <\/ul>\n                            <\/div><div class=\"car-content\"><div class=\"discount\">\n                                        <strong class=\"discount-value\">42%<\/strong>\n                                        <span class=\"discount-name\">ridot\u00adto<\/span>\n                                    <\/div><a class=\"leasing\" href=\"https:\/\/autoshow.ch\/it\/macchina\/audi-a5-avant-tdi-150-kw-s-tronic-s-line-2\/#car-accordion-body-0leasing-berechnen\">\n                                    <span class=\"description\">Al mese da<\/span>\n                                    <span class=\"leasing-price\">554.65<\/span>\n                                <\/a><div class=\"price\">\n                                    <span class=\"description\">Prez\u00adzo di ven\u00addi\u00adta<\/span>\n                                    <del class=\"old-price\">74\u2019220.-<\/del>\n                                    <span class=\"new-price\">42\u2019900.-<\/span>\n                                <\/div><\/div><\/div>\n\t\t            <\/div><div class=\"swiper-slide\">\n\t\t                <div class=\"car-item\">\n\t\t                    <figure class=\"car-image\">\n\t\t                        <a class=\"img-link\" href=\"https:\/\/autoshow.ch\/it\/macchina\/audi-a6-avant-40-tdi-s-line-quattro-s-tronic\/\"><img decoding=\"async\" src=\"https:\/\/autoshow.ch\/wp-content\/uploads\/2026\/07\/audi-a6-avant-40-tdi-s-line-quattro-s-tronic-autoshow-aathal-ag-300x225.jpg\" alt=\"AUDI A6 Avant 40 TDI S line quattro S-tronic - Autoshow Aathal AG bei Uster bietet g\u00fcnstige Occasionen und Neuwagen\" class=\"lazyload\" loading=\"lazy\"><\/a>                                    \n\t\t                        <span class=\"condition jahreswagen\">Jahreswa\u00adgen<\/span>\n                                <a href=\"#\" class=\"favorite\" data-id=\"20634152\">\n                                    <i class=\"fa-star fa-regular\"><\/i>\n                                    <span class=\"sr-only\">favorite<\/span>\n                                <\/a>\n                                <a href=\"https:\/\/autoshow.ch\/it\/macchina\/audi-a6-avant-40-tdi-s-line-quattro-s-tronic\/?pay-car=1\" class=\"btn-cart\">\n                                    <i class=\"fa-solid fa-cart-shopping\" aria-hidden=\"true\"><\/i>\n                                    <span class=\"sr-only\">buy car<\/span>\n                                <\/a>\n                            <\/figure>\n                            <div class=\"car-title\">\n                                <h4><a href=\"https:\/\/autoshow.ch\/it\/macchina\/audi-a6-avant-40-tdi-s-line-quattro-s-tronic\/\">AUDI A6 Avant 40 TDI S line quattro S\u2011tronic<\/a><\/h4>\t\n                            <\/div>\n                            <div class=\"excerpt\">                         \n\t\t                      <p>S\u2011Line Sport\u00adpaket \u2022 19\u201dAlu \u2022 MMi Navi+ \u2022 Matrix LED \u2022 AHK \u2022 Leder\/Alcantara \u2022 Assis\u2026<\/p>\n                            <\/div>\n                            <div class=\"car-list\">\n\t                           <ul class=\"list-inline\"><li>11\/2024<\/li><li>27\u2019000 km<\/li>\n                    \t                            <li>204 hp<\/li><li>Auto\u00admat\u00adic<\/li><li>Mild-Hybrid Diesel\/Elektro<\/li>\n                                    <li>4x4<\/li>\n                                <\/ul>\n                            <\/div><div class=\"car-content\"><div class=\"discount\">\n                                        <strong class=\"discount-value\">55%<\/strong>\n                                        <span class=\"discount-name\">ridot\u00adto<\/span>\n                                    <\/div><a class=\"leasing\" href=\"https:\/\/autoshow.ch\/it\/macchina\/audi-a6-avant-40-tdi-s-line-quattro-s-tronic\/#car-accordion-body-0leasing-berechnen\">\n                                    <span class=\"description\">Al mese da<\/span>\n                                    <span class=\"leasing-price\">530.95<\/span>\n                                <\/a><div class=\"price\">\n                                    <span class=\"description\">Prez\u00adzo di ven\u00addi\u00adta<\/span>\n                                    <del class=\"old-price\">87\u2019290.-<\/del>\n                                    <span class=\"new-price\">39\u2019500.-<\/span>\n                                <\/div><\/div><\/div>\n\t\t            <\/div><div class=\"swiper-slide\">\n\t\t                <div class=\"car-item\">\n\t\t                    <figure class=\"car-image\">\n\t\t                        <a class=\"img-link\" href=\"https:\/\/autoshow.ch\/it\/macchina\/audi-a6-avant-40-tdi-s-line-quattro-s-tronic-2\/\"><img decoding=\"async\" src=\"https:\/\/autoshow.ch\/wp-content\/uploads\/2026\/08\/audi-a6-avant-40-tdi-s-line-quattro-s-tronic-autoshow-aathal-ag-2-300x225.jpg\" alt=\"AUDI A6 Avant 40 TDI S line quattro S-tronic - Autoshow Aathal AG bei Uster bietet g\u00fcnstige Occasionen und Neuwagen 1\" class=\"lazyload\" loading=\"lazy\"><\/a>                                    \n\t\t                        <span class=\"condition jahreswagen\">Jahreswa\u00adgen<\/span>\n                                <a href=\"#\" class=\"favorite\" data-id=\"20338325\">\n                                    <i class=\"fa-star fa-regular\"><\/i>\n                                    <span class=\"sr-only\">favorite<\/span>\n                                <\/a>\n                                <a href=\"https:\/\/autoshow.ch\/it\/macchina\/audi-a6-avant-40-tdi-s-line-quattro-s-tronic-2\/?pay-car=1\" class=\"btn-cart\">\n                                    <i class=\"fa-solid fa-cart-shopping\" aria-hidden=\"true\"><\/i>\n                                    <span class=\"sr-only\">buy car<\/span>\n                                <\/a>\n                            <\/figure>\n                            <div class=\"car-title\">\n                                <h4><a href=\"https:\/\/autoshow.ch\/it\/macchina\/audi-a6-avant-40-tdi-s-line-quattro-s-tronic-2\/\">AUDI A6 Avant 40 TDI S line quattro S\u2011tronic<\/a><\/h4>\t\n                            <\/div>\n                            <div class=\"excerpt\">                         \n\t\t                      <p>S\u2011Line Sport\u00adpaket \u2022 19\u201dAlu \u2022 MMi Navi+ \u2022 Matrix LED \u2022 AHK \u2022 Leder\/Alcantara \u2022 Assis\u2026<\/p>\n                            <\/div>\n                            <div class=\"car-list\">\n\t                           <ul class=\"list-inline\"><li>12\/2024<\/li><li>19\u2019000 km<\/li>\n                    \t                            <li>204 hp<\/li><li>Auto\u00admat\u00adic<\/li><li>Mild-Hybrid Diesel\/Elektro<\/li>\n                                    <li>4x4<\/li>\n                                <\/ul>\n                            <\/div><div class=\"car-content\"><div class=\"discount\">\n                                        <strong class=\"discount-value\">51%<\/strong>\n                                        <span class=\"discount-name\">ridot\u00adto<\/span>\n                                    <\/div><a class=\"leasing\" href=\"https:\/\/autoshow.ch\/it\/macchina\/audi-a6-avant-40-tdi-s-line-quattro-s-tronic-2\/#car-accordion-body-0leasing-berechnen\">\n                                    <span class=\"description\">Al mese da<\/span>\n                                    <span class=\"leasing-price\">549.25<\/span>\n                                <\/a><div class=\"price\">\n                                    <span class=\"description\">Prez\u00adzo di ven\u00addi\u00adta<\/span>\n                                    <del class=\"old-price\">87\u2019290.-<\/del>\n                                    <span class=\"new-price\">42\u2019500.-<\/span>\n                                <\/div><\/div><\/div>\n\t\t            <\/div><div class=\"swiper-slide\">\n\t\t                <div class=\"car-item\">\n\t\t                    <figure class=\"car-image\">\n\t\t                        <a class=\"img-link\" href=\"https:\/\/autoshow.ch\/it\/macchina\/audi-a6-avant-40-tdi-s-line-quattro-s-tronic-3\/\"><img decoding=\"async\" src=\"https:\/\/autoshow.ch\/wp-content\/uploads\/2026\/08\/audi-a6-avant-40-tdi-s-line-quattro-s-tronic-autoshow-aathal-ag-3-300x225.jpg\" alt=\"AUDI A6 Avant 40 TDI S line quattro S-tronic - Autoshow Aathal AG bei Uster bietet g\u00fcnstige Occasionen und Neuwagen 2\" class=\"lazyload\" loading=\"lazy\"><\/a>                                    \n\t\t                        <span class=\"condition occasion\">Occa\u00adsion<\/span>\n                                <a href=\"#\" class=\"favorite\" data-id=\"20634154\">\n                                    <i class=\"fa-star fa-regular\"><\/i>\n                                    <span class=\"sr-only\">favorite<\/span>\n                                <\/a>\n                                <a href=\"https:\/\/autoshow.ch\/it\/macchina\/audi-a6-avant-40-tdi-s-line-quattro-s-tronic-3\/?pay-car=1\" class=\"btn-cart\">\n                                    <i class=\"fa-solid fa-cart-shopping\" aria-hidden=\"true\"><\/i>\n                                    <span class=\"sr-only\">buy car<\/span>\n                                <\/a>\n                            <\/figure>\n                            <div class=\"car-title\">\n                                <h4><a href=\"https:\/\/autoshow.ch\/it\/macchina\/audi-a6-avant-40-tdi-s-line-quattro-s-tronic-3\/\">AUDI A6 Avant 40 TDI S line quattro S\u2011tronic<\/a><\/h4>\t\n                            <\/div>\n                            <div class=\"excerpt\">                         \n\t\t                      <p>S\u2011Line Sport\u00adpaket \u2022 19\u201dAlu \u2022 MMi Navi+ \u2022 Matrix LED \u2022 AHK \u2022 Leder\/Alcantara \u2022 Assis\u2026<\/p>\n                            <\/div>\n                            <div class=\"car-list\">\n\t                           <ul class=\"list-inline\"><li>11\/2024<\/li><li>34\u2019000 km<\/li>\n                    \t                            <li>204 hp<\/li><li>Auto\u00admat\u00adic<\/li><li>Mild-Hybrid Diesel\/Elektro<\/li>\n                                    <li>4x4<\/li>\n                                <\/ul>\n                            <\/div><div class=\"car-content\"><div class=\"discount\">\n                                        <strong class=\"discount-value\">55%<\/strong>\n                                        <span class=\"discount-name\">ridot\u00adto<\/span>\n                                    <\/div><a class=\"leasing\" href=\"https:\/\/autoshow.ch\/it\/macchina\/audi-a6-avant-40-tdi-s-line-quattro-s-tronic-3\/#car-accordion-body-0leasing-berechnen\">\n                                    <span class=\"description\">Al mese da<\/span>\n                                    <span class=\"leasing-price\">530.95<\/span>\n                                <\/a><div class=\"price\">\n                                    <span class=\"description\">Prez\u00adzo di ven\u00addi\u00adta<\/span>\n                                    <del class=\"old-price\">87\u2019290.-<\/del>\n                                    <span class=\"new-price\">39\u2019500.-<\/span>\n                                <\/div><\/div><\/div>\n\t\t            <\/div><div class=\"swiper-slide\">\n\t\t                <div class=\"car-item\">\n\t\t                    <figure class=\"car-image\">\n\t\t                        <a class=\"img-link\" href=\"https:\/\/autoshow.ch\/it\/macchina\/audi-a6-avant-40-tdi-sport-quattro-s-tronic-2\/\"><img decoding=\"async\" src=\"https:\/\/autoshow.ch\/wp-content\/uploads\/2026\/06\/audi-a6-avant-40-tdi-sport-quattro-s-tronic-autoshow-aathal-ag-2-300x225.jpg\" alt=\"AUDI A6 Avant 40 TDI Sport quattro S-tronic - Autoshow Aathal AG bei Uster bietet g\u00fcnstige Occasionen und Neuwagen 1\" class=\"lazyload\" loading=\"lazy\"><\/a>                                    \n\t\t                        <span class=\"condition occasion\">Occa\u00adsion<\/span>\n                                <a href=\"#\" class=\"favorite\" data-id=\"20576832\">\n                                    <i class=\"fa-star fa-regular\"><\/i>\n                                    <span class=\"sr-only\">favorite<\/span>\n                                <\/a>\n                                <a href=\"https:\/\/autoshow.ch\/it\/macchina\/audi-a6-avant-40-tdi-sport-quattro-s-tronic-2\/?pay-car=1\" class=\"btn-cart\">\n                                    <i class=\"fa-solid fa-cart-shopping\" aria-hidden=\"true\"><\/i>\n                                    <span class=\"sr-only\">buy car<\/span>\n                                <\/a>\n                            <\/figure>\n                            <div class=\"car-title\">\n                                <h4><a href=\"https:\/\/autoshow.ch\/it\/macchina\/audi-a6-avant-40-tdi-sport-quattro-s-tronic-2\/\">AUDI A6 Avant 40 TDI Sport quattro S\u2011tronic<\/a><\/h4>\t\n                            <\/div>\n                            <div class=\"excerpt\">                         \n\t\t                      <p>Anschlussgarantie bis 2027 \u2022 19\u201dAlu \u2022 AHK \u2022 Stand\u00adheizung \u2022 Navi+ \u2022 Full LED \u2022 Assis\u2026<\/p>\n                            <\/div>\n                            <div class=\"car-list\">\n\t                           <ul class=\"list-inline\"><li>11\/2022<\/li><li>47\u2019000 km<\/li>\n                    \t                            <li>204 hp<\/li><li>Auto\u00admat\u00adic<\/li><li>Mild-Hybrid Diesel\/Elektro<\/li>\n                                    <li>4x4<\/li>\n                                <\/ul>\n                            <\/div><div class=\"car-content\"><div class=\"discount\">\n                                        <strong class=\"discount-value\">59%<\/strong>\n                                        <span class=\"discount-name\">ridot\u00adto<\/span>\n                                    <\/div><a class=\"leasing\" href=\"https:\/\/autoshow.ch\/it\/macchina\/audi-a6-avant-40-tdi-sport-quattro-s-tronic-2\/#car-accordion-body-0leasing-berechnen\">\n                                    <span class=\"description\">Al mese da<\/span>\n                                    <span class=\"leasing-price\">442.65<\/span>\n                                <\/a><div class=\"price\">\n                                    <span class=\"description\">Prez\u00adzo di ven\u00addi\u00adta<\/span>\n                                    <del class=\"old-price\">80\u2019320.-<\/del>\n                                    <span class=\"new-price\">32\u2019900.-<\/span>\n                                <\/div><\/div><\/div>\n\t\t            <\/div><div class=\"swiper-slide\">\n\t\t                <div class=\"car-item\">\n\t\t                    <figure class=\"car-image\">\n\t\t                        <a class=\"img-link\" href=\"https:\/\/autoshow.ch\/it\/macchina\/audi-a6-avant-45-tfsi-s-line-s-tronic-quattro-3\/\"><img decoding=\"async\" src=\"https:\/\/autoshow.ch\/wp-content\/uploads\/2026\/07\/audi-a6-avant-45-tfsi-s-line-s-tronic-quattro-autoshow-aathal-ag-3-300x225.jpg\" alt=\"AUDI A6 Avant 45 TFSI S line S-tronic quattro - Autoshow Aathal AG bei Uster bietet g\u00fcnstige Occasionen und Neuwagen 2\" class=\"lazyload\" loading=\"lazy\"><\/a>                                    \n\t\t                        <span class=\"condition occasion\">Occa\u00adsion<\/span>\n                                <a href=\"#\" class=\"favorite\" data-id=\"20597504\">\n                                    <i class=\"fa-star fa-regular\"><\/i>\n                                    <span class=\"sr-only\">favorite<\/span>\n                                <\/a>\n                                <a href=\"https:\/\/autoshow.ch\/it\/macchina\/audi-a6-avant-45-tfsi-s-line-s-tronic-quattro-3\/?pay-car=1\" class=\"btn-cart\">\n                                    <i class=\"fa-solid fa-cart-shopping\" aria-hidden=\"true\"><\/i>\n                                    <span class=\"sr-only\">buy car<\/span>\n                                <\/a>\n                            <\/figure>\n                            <div class=\"car-title\">\n                                <h4><a href=\"https:\/\/autoshow.ch\/it\/macchina\/audi-a6-avant-45-tfsi-s-line-s-tronic-quattro-3\/\">AUDI A6 Avant 45 TFSI S line S\u2011tronic quattro<\/a><\/h4>\t\n                            <\/div>\n                            <div class=\"excerpt\">                         \n\t\t                      <p>S Line Sport\u00adpaket BLACK \u2022 20\u201dAlu \u2022 Assis\u00adten\u00adz\u00adpaket \u2022 Leder\/Alcantara \u2022 Navi+ \u2022 ACC \u2022\u2026<\/p>\n                            <\/div>\n                            <div class=\"car-list\">\n\t                           <ul class=\"list-inline\"><li>2\/2024<\/li><li>22\u2019000 km<\/li>\n                    \t                            <li>265 hp<\/li><li>Auto\u00admat\u00adic<\/li><li>Mild-Hybrid Benzin\/Elektro<\/li>\n                                    <li>4x4<\/li>\n                                <\/ul>\n                            <\/div><div class=\"car-content\"><div class=\"discount\">\n                                        <strong class=\"discount-value\">55%<\/strong>\n                                        <span class=\"discount-name\">ridot\u00adto<\/span>\n                                    <\/div><a class=\"leasing\" href=\"https:\/\/autoshow.ch\/it\/macchina\/audi-a6-avant-45-tfsi-s-line-s-tronic-quattro-3\/#car-accordion-body-0leasing-berechnen\">\n                                    <span class=\"description\">Al mese da<\/span>\n                                    <span class=\"leasing-price\">541.75<\/span>\n                                <\/a><div class=\"price\">\n                                    <span class=\"description\">Prez\u00adzo di ven\u00addi\u00adta<\/span>\n                                    <del class=\"old-price\">92\u2019940.-<\/del>\n                                    <span class=\"new-price\">41\u2019900.-<\/span>\n                                <\/div><\/div><\/div>\n\t\t            <\/div><\/div><div class=\"swiper-button-prev\"><\/div>\n                        <div class=\"swiper-button-next\"><\/div>\n                        <div class=\"swiper-pagination\"><\/div><\/div>\t\t\t<\/div><!-- \/ feature-car -->\n\n\n\t\t<div class=\"info-media-section type2\">\n\t\t<div class=\"container md\">\n\t\t\t<div class=\"row g-0 flex-row-reverse\">\n\t\t\t\t\t\t\t\t\t\t\t\t<div class=\"col-md-6 d-md-flex\">\n\t\t\t\t\t<div class=\"bg-img\">\n\t\t\t\t\t\t    <img decoding=\"async\" class=\"lazyload\" src=\"https:\/\/autoshow.ch\/wp-content\/uploads\/2026\/04\/home-autoshow-aathal-ag-22.webp\" srcset=\"https:\/\/autoshow.ch\/wp-content\/uploads\/2026\/04\/home-autoshow-aathal-ag-22.webp 933w, https:\/\/autoshow.ch\/wp-content\/uploads\/2026\/04\/home-autoshow-aathal-ag-22-300x225.webp 300w\" sizes=\"auto, (max-width: 768px) 100vw, 50vw\" alt=\"Home - Autoshow Aathal AG bei Uster bietet g\u00fcnstige Occasionen und Neuwagen 22\" loading=\"lazy\" width=\"933\" height=\"701\">\n\t\t\t\t\t\t\t\t\t\t\t\n\t\t\t\t\t<\/div>\n\t\t\t\t<\/div>\n\t\t\t\t<div class=\"col-md-6 d-md-flex flex-md-column descr\">\n\t\t\t\t\t<h3>Fiat Pandina MY26<\/h3>\n<h4>Disponibile subito a magazzino<\/h4>\n<p>Nel\u00adla sua sto\u00adria di oltre 40 anni, la Fiat Pan\u00adda ha gi\u00e0 con\u00adquis\u00adta\u00adto mil\u00adioni di fan. Sali a bor\u00addo e vivi avven\u00adture emozio\u00adnan\u00adti.  Nuo\u00adva Fiat Pan\u00add\u00adi\u00adna (ex Pan\u00adda), mod\u00adel\u00adli MY26 a par\u00adtire da CHF 12\u2019900<\/p>\n\t\t\t\t\t\t\t\t\t\t\t\t\t\t\t\t\t<a href=\"https:\/\/autoshow.ch\/it\/auto\/?orderby=make-asc&amp;Make=FIAT&amp;Model=PANDA&amp;ConditionType=&amp;Price-from=&amp;Price-to=&amp;FirstRegYear-from=&amp;FirstRegYear-to=&amp;Km-from=&amp;Km-to=&amp;FuelType=&amp;TransmissionType=&amp;BodyType=&amp;CarNumber=&amp;BodyColor=&amp;Doors-from=&amp;Doors-to=&amp;Seats-from=&amp;Seats-to=&amp;ConsumptionTotal=&amp;ConsumptionRating=&amp;Hp=&amp;Cylinders=&amp;DriveType=&amp;extended-search=0\" target class=\"btn btn-primary\">Le nos\u00adtre Fiat Pan\u00adda<\/a>\n\t\t\t\t\t\t\n\t\t\t\t\t\t\t\t\n\t\t\t\t<\/div>\n\t\t\t<\/div>\n\t\t<\/div>\n\t<\/div><!-- \/ info-media-section -->\n\n\n\n\n\t<div class=\"info-container bg-gray\">\n\t\t<div class=\"container md\">\n\t\t\t<div class=\"row\">\n\t\t\t\t<div class=\"col-lg-4 narrow-col\">\n\t\t\t\t\t\t\t\t\t\t\t\t\t\t\t\t\t<div class=\"person-box\">\n\t\t\t\t\t\t\t<h3>Come posso aiutarti?<\/h3>\n\t\t\t\t\t\t\t<figure class=\"photo-box\">\n\t\t\t\t\t\t\t\t<img decoding=\"async\" src=\"https:\/\/autoshow.ch\/wp-content\/uploads\/2022\/11\/gaetano-rizzo-autoshow-aathal-ag-7.jpg\" alt=\"Gaetano Rizzo\" class=\"lazyload\" loading=\"lazy\">\n\t\t\t\t\t\t\t<\/figure>\n\t\t\t\t\t\t\t<h4>Gaetano Rizzo<\/h4>\n\t\t\t\t\t\t\t<p class=\"role\">Verkauf<\/p>\n\t\t\t\t\t\t\t<p class=\"employee-langs\">DE, FR, IT, EN, PT<\/p>\n\t\t\t\t\t\t\t<ul class=\"contact-btns type2\">\n\t\t\t\t\t\t\t\t\t\t\t\t\t\t\t\t<li class=\"person-box-email\">\n\t\t\t\t\t\t\t\t\t<a href=\"mailto:gr@autoshow.ch\">\n\t\t\t\t\t\t\t\t\t\t<i class=\"fa-regular fa-envelope\" aria-hidden=\"true\"><\/i>\n\t\t\t\t\t\t\t\t\t\t<span class=\"tooltip-item\">gr@autoshow.ch<\/span>\n\t\t\t\t\t\t\t\t\t<\/a>\n\t\t\t\t\t\t\t\t<\/li>\n\t\t\t\t\t\t\t\t\t\t\t\t\t\t\t\t<li class=\"person-box-phone\">\n\t\t\t\t\t\t\t\t\t<a href=\"tel:41449330044\">\n\t\t\t\t\t\t\t\t\t\t<i class=\"fa fa-phone\" aria-hidden=\"true\"><\/i>\n\t\t\t\t\t\t\t\t\t\t<span class=\"tooltip-item\">+41 44 933 00 44<\/span>\n\t\t\t\t\t\t\t\t\t<\/a>\n\t\t\t\t\t\t\t\t<\/li>\n\t\t\t\t\t\t\t\t\t\t\t\t\t\t\t\t<li class=\"person-box-mobile\">\n\t\t\t\t\t\t\t\t\t<a href=\"tel:41794220670\">\n\t\t\t\t\t\t\t\t\t\t<i class=\"fa-solid fa-mobile-screen-button\" aria-hidden=\"true\"><\/i>\n\t\t\t\t\t\t\t\t\t\t<span class=\"tooltip-item\">+41 79 422 06 70<\/span>\n\t\t\t\t\t\t\t\t\t<\/a>\n\t\t\t\t\t\t\t\t<\/li>\n\t\t\t\t\t\t\t<\/ul>\n\t\t\t\t\t\t\t<select id=\"team-box-select\">\n\t\t\t\t\t\t\t\t<option value>Scegli un consulente<\/option>\n\t\t\t\t\t\t\t\t\t\t\t\t\t\t\t\t\t\t\t\t\t\t\t\t\t\t<option value=\"{&quot;id&quot;:92917,&quot;img_alt&quot;:&quot;Gaetano Rizzo&quot;,&quot;img_url&quot;:&quot;https:\\\/\\\/autoshow.ch\\\/wp-content\\\/uploads\\\/2022\\\/11\\\/gaetano-rizzo-autoshow-aathal-ag-7.jpg&quot;,&quot;title&quot;:&quot;Gaetano Rizzo&quot;,&quot;positions&quot;:&quot;Verkauf&quot;,&quot;language&quot;:&quot;DE, FR, IT, EN, PT&quot;,&quot;email&quot;:&quot;gr@autoshow.ch&quot;,&quot;phone&quot;:&quot;+41 44 933 00 44&quot;,&quot;phone_href&quot;:&quot;41449330044&quot;,&quot;mobile&quot;:&quot;+41 79 422 06 70&quot;,&quot;mobile_href&quot;:&quot;41794220670&quot;}\">Gaetano Rizzo<\/option>\n\t\t\t\t\t\t\t\t\t\t\t\t\t\t\t\t\t\t\t\t\t\t\t\t\t\t<option value=\"{&quot;id&quot;:222854,&quot;img_alt&quot;:&quot;&quot;,&quot;img_url&quot;:&quot;https:\\\/\\\/autoshow.ch\\\/wp-content\\\/themes\\\/auto-haendler\\\/assets\\\/sources\\\/images\\\/placeholder.png&quot;,&quot;title&quot;:&quot;&quot;,&quot;positions&quot;:&quot;&quot;,&quot;language&quot;:&quot;&quot;,&quot;email&quot;:&quot;&quot;,&quot;phone&quot;:&quot;&quot;,&quot;phone_href&quot;:&quot;&quot;,&quot;mobile&quot;:&quot;&quot;,&quot;mobile_href&quot;:&quot;&quot;}\"><\/option>\n\t\t\t\t\t\t\t\t\t\t\t\t\t\t\t\t\t\t\t\t\t\t\t\t\t\t<option value=\"{&quot;id&quot;:222856,&quot;img_alt&quot;:&quot;Darko Simic&quot;,&quot;img_url&quot;:&quot;https:\\\/\\\/autoshow.ch\\\/wp-content\\\/uploads\\\/2025\\\/12\\\/darko-simic-autoshow-aathal-ag-3.jpg&quot;,&quot;title&quot;:&quot;Darko Simic&quot;,&quot;positions&quot;:&quot;Verkauf&quot;,&quot;language&quot;:&quot;DE, EN, SR&quot;,&quot;email&quot;:&quot;ds@autoshow.ch&quot;,&quot;phone&quot;:&quot;+41 44 933 00 48&quot;,&quot;phone_href&quot;:&quot;41449330048&quot;,&quot;mobile&quot;:&quot;+41 79 422 06 70&quot;,&quot;mobile_href&quot;:&quot;41794220670&quot;}\">Darko Simic<\/option>\n\t\t\t\t\t\t\t\t\t\t\t\t\t\t\t\t\t\t\t\t\t\t\t\t\t\t<option value=\"{&quot;id&quot;:222858,&quot;img_alt&quot;:&quot;Renat Uruqi&quot;,&quot;img_url&quot;:&quot;https:\\\/\\\/autoshow.ch\\\/wp-content\\\/uploads\\\/2025\\\/12\\\/renat-uruqi-autoshow-aathal-ag-3.jpg&quot;,&quot;title&quot;:&quot;Renat Uruqi&quot;,&quot;positions&quot;:&quot;Verkauf&quot;,&quot;language&quot;:&quot;DE, EN, SQ-AL&quot;,&quot;email&quot;:&quot;ru@autoshow.ch&quot;,&quot;phone&quot;:&quot;+41 44 933 00 42&quot;,&quot;phone_href&quot;:&quot;41449330042&quot;,&quot;mobile&quot;:&quot;+41 79 422 06 70&quot;,&quot;mobile_href&quot;:&quot;41794220670&quot;}\">Renat Uruqi<\/option>\n\t\t\t\t\t\t\t\t\t\t\t\t\t\t\t<\/select>\n\t\t\t\t\t\t<\/div>\n\t\t\t\t\t\t\t\t\t<\/div>\n\t\t\t\t<div class=\"col-lg-8 wide-col\">\n\t\t\t\t\t\t\t\t\t\t\t\t\t\t\t\t\t\t\t\t\t\t\t\t<div class=\"event-slider swiper\">\n\t\t\t\t\t\t\t\t<div class=\"swiper-wrapper\">\n\t\t\t\t\t\t\t\t\t\t\t\t\t\t\t\t\t\t\t\t\t\t\t\t\t\t\t\n\t\t\t\t\t\t\t\t\t\t<div class=\"swiper-slide\">\t\t\t\t\t\t\t\t\t\t\n\t\t\t\t\t\t\t\t\t\t\t<a href=\"https:\/\/autoshow.ch\/it\/news\/saldi-estivi-3\/\" class=\"event-item\">\n\t<figure class=\"bg-img\">\n\t\t\t\t\t\t\t\t<img decoding=\"async\" src=\"https:\/\/autoshow.ch\/wp-content\/uploads\/2026\/06\/welcome-back-autoshow-aathal-ag.jpg\" srcset=\"https:\/\/autoshow.ch\/wp-content\/uploads\/2026\/06\/welcome-back-autoshow-aathal-ag.jpg 1672w, https:\/\/autoshow.ch\/wp-content\/uploads\/2026\/06\/welcome-back-autoshow-aathal-ag-300x169.jpg 300w, https:\/\/autoshow.ch\/wp-content\/uploads\/2026\/06\/welcome-back-autoshow-aathal-ag-1024x576.jpg 1024w, https:\/\/autoshow.ch\/wp-content\/uploads\/2026\/06\/welcome-back-autoshow-aathal-ag-1536x864.jpg 1536w, https:\/\/autoshow.ch\/wp-content\/uploads\/2026\/06\/welcome-back-autoshow-aathal-ag-1320x743.jpg 1320w\" sizes=\"auto, (max-width: 768px) 100vw, 33vw\" alt=\"Saldi estivi\" loading=\"lazy\" class=\"lazyload\" width=\"768\" height=\"0\">\n\t\t\t<\/figure>\n\t<div class=\"descr\">\n\t\t<div class=\"descr-meta\">\n\t\t\t<time class=\"date\" datetime=\"2026-08-14 12:26:39\">14.08.2026<\/time>\n\t\t\t\t\t\t\t\t\t\t<span class=\"cat-str\">Notizie<\/span>\n\t\t\t\t\n\t\t<\/div>\n\t\t<h3>Saldi estivi<\/h3>\n\t\t<p>Sal\u00addi estivi: tro\u00adva l\u2019au\u00adto dei tuoi sog\u00adni tra 400 vet\u00adture di 30 marche\u2026<\/p>\n\t<\/div>\n<\/a>\t\t\t\t\t\t\t\t\t\t<\/div>\n\t\t\t\t\t\t\t\t\t\t\t\t\t\t\t\t\t\t\t\t\t\t\t\t\t\t\t\n\t\t\t\t\t\t\t\t\t\t<div class=\"swiper-slide\">\t\t\t\t\t\t\t\t\t\t\n\t\t\t\t\t\t\t\t\t\t\t<a href=\"https:\/\/autoshow.ch\/it\/news\/saldi-estivi-2\/\" class=\"event-item\">\n\t<figure class=\"bg-img\">\n\t\t\t\t\t\t\t\t<img decoding=\"async\" src=\"https:\/\/autoshow.ch\/wp-content\/uploads\/2026\/06\/ferien-zu-hause-autoshow-aathal-ag.jpg\" srcset=\"https:\/\/autoshow.ch\/wp-content\/uploads\/2026\/06\/ferien-zu-hause-autoshow-aathal-ag.jpg 1920w, https:\/\/autoshow.ch\/wp-content\/uploads\/2026\/06\/ferien-zu-hause-autoshow-aathal-ag-300x169.jpg 300w, https:\/\/autoshow.ch\/wp-content\/uploads\/2026\/06\/ferien-zu-hause-autoshow-aathal-ag-1024x576.jpg 1024w, https:\/\/autoshow.ch\/wp-content\/uploads\/2026\/06\/ferien-zu-hause-autoshow-aathal-ag-1536x864.jpg 1536w, https:\/\/autoshow.ch\/wp-content\/uploads\/2026\/06\/ferien-zu-hause-autoshow-aathal-ag-1320x743.jpg 1320w\" sizes=\"auto, (max-width: 768px) 100vw, 33vw\" alt=\"Saldi estivi\" loading=\"lazy\" class=\"lazyload\" width=\"768\" height=\"0\">\n\t\t\t<\/figure>\n\t<div class=\"descr\">\n\t\t<div class=\"descr-meta\">\n\t\t\t<time class=\"date\" datetime=\"2026-07-15 09:53:19\">15.07.2026<\/time>\n\t\t\t\t\t\t\t\t\t\t<span class=\"cat-str\">Notizie<\/span>\n\t\t\t\t\n\t\t<\/div>\n\t\t<h3>Saldi estivi<\/h3>\n\t\t<p>Sal\u00addi estivi: tro\u00adva l\u2019au\u00adto dei tuoi sog\u00adni tra 400 vet\u00adture di 30 marche\u2026<\/p>\n\t<\/div>\n<\/a>\t\t\t\t\t\t\t\t\t\t<\/div>\n\t\t\t\t\t\t\t\t\t\t\t\t\t\t\t\t\t\t\t\t\t\t\t\t\t\t\t\n\t\t\t\t\t\t\t\t\t\t<div class=\"swiper-slide\">\t\t\t\t\t\t\t\t\t\t\n\t\t\t\t\t\t\t\t\t\t\t<a href=\"https:\/\/autoshow.ch\/it\/news\/muscle-cars\/\" class=\"event-item\">\n\t<figure class=\"bg-img\">\n\t\t\t\t\t\t\t\t<img decoding=\"async\" src=\"https:\/\/autoshow.ch\/wp-content\/uploads\/2026\/01\/muscle-cars-autoshow-aathal-ag.webp\" srcset=\"https:\/\/autoshow.ch\/wp-content\/uploads\/2026\/01\/muscle-cars-autoshow-aathal-ag.webp 1536w, https:\/\/autoshow.ch\/wp-content\/uploads\/2026\/01\/muscle-cars-autoshow-aathal-ag-300x183.webp 300w, https:\/\/autoshow.ch\/wp-content\/uploads\/2026\/01\/muscle-cars-autoshow-aathal-ag-1024x625.webp 1024w, https:\/\/autoshow.ch\/wp-content\/uploads\/2026\/01\/muscle-cars-autoshow-aathal-ag-1320x806.webp 1320w\" sizes=\"auto, (max-width: 768px) 100vw, 33vw\" alt=\"MUSCLE CARS\" loading=\"lazy\" class=\"lazyload\" width=\"768\" height=\"0\">\n\t\t\t<\/figure>\n\t<div class=\"descr\">\n\t\t<div class=\"descr-meta\">\n\t\t\t<time class=\"date\" datetime=\"2026-07-15 09:52:51\">15.07.2026<\/time>\n\t\t\t\t\t\t\t\t\t\t<span class=\"cat-str\">Notizie<\/span>\n\t\t\t\t\n\t\t<\/div>\n\t\t<h3>MUSCLE CARS<\/h3>\n\t\t<p>Mus\u00adcle Cars \u2013 il tuo cuore bat\u00adte V8? Allo\u00adra sei nel pos\u00adto gius\u00adto!\u2026<\/p>\n\t<\/div>\n<\/a>\t\t\t\t\t\t\t\t\t\t<\/div>\n\t\t\t\t\t\t\t\t\t\t\n\t\t\t\t\t\t\t\t\t\t\t\t\t\t\t\n\t\t\t\t\t\t\t\t<\/div>\n\t\t\t\t\t\t\t\t<div class=\"swiper-button-prev\"><\/div>\n\t\t\t\t\t\t\t\t<div class=\"swiper-button-next\"><\/div>\n\t\t\t\t\t\t\t\t<div class=\"swiper-pagination\"><\/div>\n\t\t\t\t\t\t\t<\/div>\t\t\t\t\t\t\t\t\n\t\t\t\t\t\t\t\t\t\t\t\t\t\t\t<\/div>\n\t\t\t<\/div>\n\t\t<\/div>\n\t<\/div><!-- \/ info-container -->\n\n\n\t<div class=\"row banner-two-cols g-0\">\n\t\t<div class=\"col-md-6 d-flex\">\n\t\t\t\t\t\t<div class=\"info-block-bg type1 text-white bg-outline-primary\">\n\t\t\t\t<div class=\"container-fluid\">\n\t\t\t\t\t\t\t\t\t\t<div class=\"descr\">\n\t\t\t\t\t\t\t\t\t\t\t\t\t<h2>Cer\u00adchi un\u2019au\u00adto nuo\u00adva?<\/h2>\n\t\t\t\t\t\t\t\t\t\t\t\t\t\t\t\t\t\t\t<p>Pres\u00adso Autoshow Aathal tro\u00advi oltre 400 veicoli: dal\u00adl\u2019au\u00adto usa\u00adta eco\u00adnom\u00adi\u00adca alle auto semes\u00adtrali van\u00adtag\u00adgiose, fino alla nuo\u00adva auto dei tuoi sog\u00adni. Tut\u00adti i veicoli sono subito disponi\u00adbili in pronta con\u00adseg\u00adna. <\/p>\n\t\t\t\t\t\t\t\n\t\t\t\t\t\t\t\t\t\t\t\t\t\t\t\t\t\t\t\t<div class=\"btn-hold\">\n\t\t\t\t\t\t\t\t<a href=\"https:\/\/autoshow.ch\/it\/auto\/\" target class=\"btn btn-primary\">Acquista auto<\/a>\n\t\t\t\t\t\t\t<\/div>\n\t\t\t\t\t\t\t\t\t\t\t<\/div>\n\t\t\t\t<\/div>\n\t\t\t\t\t\t\t\t\t<figure class=\"bg-img\">\n\t\t\t\t\t\t<img decoding=\"async\" class=\"lazyload\" src=\"https:\/\/autoshow.ch\/wp-content\/uploads\/2026\/04\/home-autoshow-aathal-ag-24.jpeg\" alt=\"Home - Autoshow Aathal AG bei Uster bietet g\u00fcnstige Occasionen und Neuwagen 24\" loading=\"lazy\">\n\t\t\t\t\t<\/figure>\n\t\t\t\t\t\t\t<\/div>\n\t\t<\/div>\n\t\t<div class=\"col-md-6 d-flex\">\n\t\t\t\t\t\t<div class=\"info-block-bg type2 text-white bg-primary-dark\">\n\t\t\t\t<div class=\"container-fluid\">\n\t\t\t\t\t\t\t\t\t\t<div class=\"descr\">\n\t\t\t\t\t\t\t\t\t\t\t\t\t\t<h2>Vendere l\u2019auto \u2013 non potrebbe essere pi\u00f9 semplice<\/h2>\n\t\t\t\t\t\t\t\t\t\t\t\t\t\t\t\t\t\t\t<p>Vieni a trovar\u00adci, val\u00aduter\u00ade\u00admo la tua auto in modo equo e in lin\u00adea con il mer\u00adca\u00adto, e ricev\u00aderai subito un\u2019of\u00adfer\u00adta. Se siamo d\u2019ac\u00adcor\u00addo, ci occu\u00adper\u00ade\u00admo noi del resto. L\u2019ac\u00adquis\u00adto auto richiede anni di espe\u00adrien\u00adza, e noi ce l\u2019ab\u00adbi\u00adamo.  <\/p>\n\t\t\t\t\t\t\t\n\t\t\t\t\t\t\t\t\t\t\t\t\t\t\t\t\t\t\t\t<div class=\"btn-hold\">\n\t\t\t\t\t\t\t\t<a href=\"https:\/\/autoshow.ch\/it\/servizi\/acquisto-auto\/\" target class=\"btn btn-secondary\">Acquis\u00adto auto<\/a>\n\t\t\t\t\t\t\t<\/div>\n\t\t\t\t\t\t\t\t\t\t\t<\/div>\n\t\t\t\t<\/div>\n\t\t\t\t\t\t\t\t\t<figure class=\"bg-img\">\n\t\t\t\t\t\t<img decoding=\"async\" class=\"lazyload\" src=\"https:\/\/autoshow.ch\/wp-content\/uploads\/2026\/04\/home-autoshow-aathal-ag-23.jpeg\" alt=\"Home - Autoshow Aathal AG bei Uster bietet g\u00fcnstige Occasionen und Neuwagen 23\" loading=\"lazy\">\n\t\t\t\t\t<\/figure>\n\t\t\t\t\t\t\t<\/div>\n\t\t<\/div>\n\t<\/div><!-- \/ banner-two-cols -->\n\n\n\t\n\t\t\t<div class=\"text-section spacing-type-2 no-background\">\n\t\t<div class=\"container\">\n\t\t\t<div class=\"row\">\n\t\t\t\t<div class=\"col-md-4\">\n\t\t\t\t\t\t\t\t\t\t\t\t\t\t\t\t<figure><img decoding=\"async\" src=\"https:\/\/autoshow.ch\/wp-content\/uploads\/2025\/12\/autoshow-aathal-logo.svg\" alt loading=\"lazy\" class=\"lazyload\"><\/figure>\n\t\t\t\t\t\t\t\t\t\t\n\t\t\t\t\t\t\t\t\t\n\t\t\t\t<\/div>\n\t\t\t\t\t\t\t\t\t<div class=\"col-md-4\">\n\t\t\t\t\t\t\t\t\t\t\t\t\t<h2>\u00abAAA\u00bb Autoshow Aathal \u2013 Il tuo autodiscounter in Svizzera<\/h2>\n<h3>PREZZI SHOCK: 400 AUTO, 30 MARCHE \u2013 SUBITO DISPONIBILI IN PRONTA CONSEGNA<\/h3>\n<p>Ben\u00advenu\u00adti alla \u00abAAA\u00bb Autoshow Aathal AG \u2013 il tuo autodis\u00adcounter con pas\u00adsione nel\u00adl\u2019Ober\u00adland zurigh\u00adese. Da noi tro\u00advi oltre 400 veicoli di 30 marche: auto nuove, semes\u00adtrali, usate, elet\u00adtriche e ibride \u2013 tutte subito disponi\u00adbili in pronta con\u00adseg\u00adna e a prezzi per\u00adma\u00adnen\u00adte\u00admente con\u00adve\u00adni\u00aden\u00adti. <\/p>\n<h3>Comprare un\u2019auto in Svizzera \u2013 conviene grazie all\u2019importazione diretta<\/h3>\n<p>Per\u00adch\u00e9 pagare di pi\u00f9 quan\u00addo si pu\u00f2 fare in modo \u00abA\u00bbltro? Gra\u00adzie alla nos\u00adtra impor\u00adtazione diret\u00adta dal\u00adl\u2019UE, approf\u00aditti di van\u00adtag\u00adgi di prez\u00adzo fino al 45% rispet\u00adto al prez\u00adzo di listi\u00adno. Che tu voglia com\u00adprare un\u2019au\u00adto nuo\u00adva a buon mer\u00adca\u00adto, cer\u00adchi un usato o desideri un\u2019au\u00adto semes\u00adtrale al miglior prez\u00adzo \u2013 da Autoshow Aathal tro\u00adverai quel\u00adlo che cer\u00adchi.  <\/p>\n<h3>Come funziona l\u2019acquisto di un\u2019auto presso Autoshow Aathal?<\/h3>\n<p>Deci\u00addi, acquisti e por\u00adti via. Tut\u00adti i nos\u00adtri veicoli sono disponi\u00adbili per la visione e il test dri\u00adve pres\u00adso la nos\u00adtra sede di Aathal, tra Uster e Wet\u00adzikon. Il nos\u00adtro team \u00abAAA\u00bb vi fornir\u00e0 una con\u00adsulen\u00adza per\u00adson\u00adal\u00adiz\u00adza\u00adta in tedesco, inglese, francese, ital\u00adiano, tamil, ser\u00adbo, albanese, spag\u00adno\u00adlo e por\u00adtogh\u00adese. <\/p>\n\t\t\t\t\t\t\t\t\t\t\t\t\t\t\t\t\t<\/div>\n\t\t\t\t\t<div class=\"col-md-4\">\n\t\t\t\t\t\t\t\t\t\t\t\t\t<h3>Perch\u00e9 Autoshow Aathal \u00e8 pi\u00f9 conveniente di altri rivenditori?<\/h3>\n<p>Il nos\u00adtro con\u00adcet\u00adto di val\u00adori Triple \u00abAAA\u00bb sta per \u00abA\u00bbttualit\u00e0, \u00abA\u00bbffidabilit\u00e0 e \u00abA\u00bbrmonia. Dalle util\u00adi\u00adtarie eco\u00adnomiche ai SUV di lus\u00adso, ti offri\u00adamo una scelta equi\u00adli\u00adbra\u00adta. A ci\u00f2 si aggiun\u00adgono servizi com\u00adpleti: leas\u00ading, finanzi\u00ada\u00admen\u00adto, esten\u00adsione del\u00adla garanzia, pac\u00adchet\u00adti di assis\u00adten\u00adza e soc\u00adcor\u00adso stradale TCS.<br>\nLeas\u00ading auto sen\u00adza anticipo? Cred\u00adi\u00adto auto a con\u00addizioni eque? Tro\u00advi\u00adamo la soluzione otti\u00admale per ogni bud\u00adget.    <\/p>\n<h3>Compriamo anche la tua auto<\/h3>\n<p>Vuoi vendere la tua auto? Anche nel\u00adl\u2019ac\u00adquis\u00adto di auto siamo sem\u00adpre un pas\u00adso \u00abA\u00bbvanti con il con\u00adcet\u00adto di val\u00adori Triple \u00abAAA\u00bb: \u00abA\u00bbrriva, \u00abA\u00bbscendi, \u00abA\u00bbffida \u2013 in modo equo, con\u00adforme al mer\u00adca\u00adto e sem\u00adplice. <\/p>\n<p>Vieni a trovar\u00adci e con\u00advinci\u00adti di per\u00adsona! Ti aspet\u00adti\u00adamo! <\/p>\n<p>Il tuo team \u00abAAA\u00bb \u2013 Autoshow Aathal AG<\/p>\n\t\t\t\t\t\t\t\t\t\t\t\t\t\t\t\t\t<\/div>\n\t\t\t\t\t\t\t<\/div>\n\t\t<\/div>\n\t<\/div>\n\t<!-- \/ text-section -->\n\n\n\t\n\n\t\t\t\t<div class=\"newsletter-section\">\n\t\t<div class=\"container\">\n\t\t\t<div class=\"row\">\n\t\t\t\t<div class=\"col-md-10 mx-auto\">\n\t\t\t\t\t<div class=\"inner\">\n\t\t\t\t\t\t\t\t\t\t\t\t\t<h2 class=\"h5\">Iscrizione newsletter<\/h2>\n\t\t\t\t\t\t\t\n\t\t\t\t\t\t\t\t\t\t\t\t\t\n<div class=\"wpcf7 no-js\" id=\"wpcf7-f232618-o1\" lang=\"it-IT\" dir=\"ltr\" data-wpcf7-id=\"232618\">\n<div class=\"screen-reader-response\"><p role=\"status\" aria-live=\"polite\" aria-atomic=\"true\"><\/p> <ul><\/ul><\/div>\n<form action=\"\/it\/wp-json\/wp\/v2\/pages\/227324#wpcf7-f232618-o1\" method=\"post\" class=\"wpcf7-form init\" aria-label=\"Modulo di contatto\" novalidate=\"novalidate\" data-status=\"init\">\n<fieldset class=\"hidden-fields-container\"><input type=\"hidden\" name=\"_wpcf7\" value=\"232618\"><input type=\"hidden\" name=\"_wpcf7_version\" value=\"6.1.7\"><input type=\"hidden\" name=\"_wpcf7_locale\" value=\"it_IT\"><input type=\"hidden\" name=\"_wpcf7_unit_tag\" value=\"wpcf7-f232618-o1\"><input type=\"hidden\" name=\"_wpcf7_container_post\" value=\"0\"><input type=\"hidden\" name=\"_wpcf7_posted_data_hash\" value><input type=\"hidden\" name=\"_wpcf7cf_hidden_group_fields\" value=\"[]\"><input type=\"hidden\" name=\"_wpcf7cf_hidden_groups\" value=\"[]\"><input type=\"hidden\" name=\"_wpcf7cf_visible_groups\" value=\"[]\"><input type=\"hidden\" name=\"_wpcf7cf_repeaters\" value=\"[]\"><input type=\"hidden\" name=\"_wpcf7cf_steps\" value=\"{}\"><input type=\"hidden\" name=\"_wpcf7cf_options\" value=\"{&quot;form_id&quot;:232618,&quot;conditions&quot;:[],&quot;settings&quot;:{&quot;animation&quot;:&quot;yes&quot;,&quot;animation_intime&quot;:200,&quot;animation_outtime&quot;:200,&quot;conditions_ui&quot;:&quot;normal&quot;,&quot;notice_dismissed&quot;:false,&quot;repeater_remove_button&quot;:&quot;bottom&quot;,&quot;notice_dismissed_rollback-cf7-5.8&quot;:true,&quot;notice_dismissed_rollback-cf7-5.8.1&quot;:true,&quot;notice_dismissed_rollback-cf7-5.8.3&quot;:true,&quot;notice_dismissed_rollback-cf7-5.8.4&quot;:true}}\">\n<\/fieldset>\n<div class=\"row\">\n<div class=\"col-md-6 col-lg-3\">\n<div class=\"form-group\">\n<span class=\"wpcf7-form-control-wrap\" data-name=\"salutation\"><select class=\"wpcf7-form-control wpcf7-select wpcf7-validates-as-required\" id=\"lbl-select-01\" aria-required=\"true\" aria-invalid=\"false\" name=\"salutation\"><option value>Titolo<\/option><option value=\"Signora\">Signora<\/option><option value=\"Signore\">Signore<\/option><option value=\"Diverso\">Diverso<\/option><\/select><\/span>\n<label for=\"lbl-select-01\">Tito\u00adlo<\/label>\n<\/div>\n<\/div>\n<div class=\"col-md-6 col-lg-3\">\n<div class=\"form-group\">\n<span class=\"wpcf7-form-control-wrap\" data-name=\"your-email\"><input size=\"40\" maxlength=\"400\" class=\"wpcf7-form-control wpcf7-email wpcf7-validates-as-required wpcf7-text wpcf7-validates-as-email form-control\" id=\"email\" aria-required=\"true\" aria-invalid=\"false\" placeholder=\"Indirizzo e-mail\" value type=\"email\" name=\"your-email\"><\/span>\n<\/div>\n<\/div>\n<div class=\"col-md-6 col-lg-3\">\n<div class=\"form-group\">\n<span class=\"wpcf7-form-control-wrap\" data-name=\"your-name\"><input size=\"40\" maxlength=\"400\" class=\"wpcf7-form-control wpcf7-text wpcf7-validates-as-required form-control\" id=\"your-name\" aria-required=\"true\" aria-invalid=\"false\" placeholder=\"Nome\" value type=\"text\" name=\"your-name\"><\/span>\n<\/div>\n<\/div>\n<div class=\"col-md-6 col-lg-3\">\n<div class=\"form-group\">\n<span class=\"wpcf7-form-control-wrap\" data-name=\"your-nachname\"><input size=\"40\" maxlength=\"400\" class=\"wpcf7-form-control wpcf7-text wpcf7-validates-as-required form-control\" id=\"your-nachname\" aria-required=\"true\" aria-invalid=\"false\" placeholder=\"Cognome\" value type=\"text\" name=\"your-nachname\"><\/span>\n<\/div>\n<\/div>\n<div class=\"col-md-12 col-lg-8 col-xl-12\">\n<div class=\"form-check\">\n<span class=\"wpcf7-form-control-wrap\" data-name=\"newsletter\"><span class=\"wpcf7-form-control wpcf7-acceptance optional\"><span class=\"wpcf7-list-item\"><label><input type=\"checkbox\" name=\"newsletter\" value=\"1\" aria-invalid=\"false\"><span class=\"wpcf7-list-item-label\">Iscriv\u00adi\u00adti alla newslet\u00adter<\/span><\/label><\/span><\/span><\/span>\n<span class=\"wpcf7-form-control-wrap\" data-name=\"acceptance\"><span class=\"wpcf7-form-control wpcf7-acceptance\"><span class=\"wpcf7-list-item\"><label><input type=\"checkbox\" name=\"acceptance\" value=\"1\" aria-invalid=\"false\"><span class=\"wpcf7-list-item-label\">Ho let\u00adto, com\u00adpre\u00adso e accetta\u00adto l\u2019<a target=\"_blank\" class=\"acceptance-link\" href=\"\/it\/informativa-sulla-privacy\/\">infor\u00adma\u00adti\u00adva sul\u00adla pri\u00adva\u00adcy<\/a> *<\/span><\/label><\/span><\/span><\/span>\n<\/div>\n<\/div>\n<div class=\"col-md-6 col-lg-4 col-xl-3 btn-holder\">\n<input class=\"wpcf7-form-control wpcf7-submit has-spinner btn btn-primary\" type=\"submit\" value=\"ISCRIVITI ALLA NEWSLETTER\">\n<\/div>\n<\/div><div class=\"wpcf7-response-output\" aria-hidden=\"true\"><\/div>\n<\/form>\n<\/div>\n\t\t\t\t\n\t\t\t\t\t\t\t\t\t\t\t<\/div>\n\t\t\t\t<\/div>\n\t\t\t<\/div>\n\t\t<\/div>\n\t\t\t\t\n\t\t\t<figure class=\"bg-img\">\n\t\t\t\t<img decoding=\"async\" src=\"https:\/\/autoshow.ch\/wp-content\/uploads\/2025\/12\/news-autoshow.jpg\" alt loading=\"lazy\" class=\"lazyload\">\n\t\t\t<\/figure>\n\t\t\t<\/div>\n\t<!-- \/.newsletter-section -->\n\n","protected":false},"excerpt":{"rendered":"","protected":false},"author":31,"featured_media":0,"parent":0,"menu_order":0,"comment_status":"closed","ping_status":"closed","template":"","meta":{"_acf_changed":false,"inline_featured_image":false,"wp_typography_post_enhancements_disabled":false,"footnotes":""},"class_list":["post-227324","page","type-page","status-publish","hentry"],"acf":[],"yoast_head":"<!-- This site is optimized with the Yoast SEO plugin v28.4 - https:\/\/yoast.com\/product\/yoast-seo-wordpress\/ -->\n<title>Comprare auto in Svizzera | 400 auto in pronta consegna | Autoshow Aathal \u2013 Autodiscounter<\/title>\n<meta name=\"description\" content=\"Oltre 400 auto di 30 marche subito in pronta consegna: auto nuove, usate, semestrali ed elettriche. Fino al 45% di sconto grazie all&#039;importazione diretta. Autoshow Aathal \u2013 Il tuo autodiscounter nell&#039;Oberland zurighese.\" \/>\n<meta name=\"robots\" content=\"index, follow, max-snippet:-1, max-image-preview:large, max-video-preview:-1\" \/>\n<link rel=\"canonical\" href=\"https:\/\/autoshow.ch\/it\/\" \/>\n<meta property=\"og:locale\" content=\"it_IT\" \/>\n<meta property=\"og:type\" content=\"article\" \/>\n<meta property=\"og:title\" content=\"Comprare auto in Svizzera | 400 auto in pronta consegna | Autoshow Aathal \u2013 Autodiscounter\" \/>\n<meta property=\"og:description\" content=\"Oltre 400 auto di 30 marche subito in pronta consegna: auto nuove, usate, semestrali ed elettriche. Fino al 45% di sconto grazie all&#039;importazione diretta. Autoshow Aathal \u2013 Il tuo autodiscounter nell&#039;Oberland zurighese.\" \/>\n<meta property=\"og:url\" content=\"https:\/\/autoshow.ch\/it\/\" \/>\n<meta property=\"og:site_name\" content=\"Autoshow Aathal AG\" \/>\n<meta property=\"article:publisher\" content=\"https:\/\/www.facebook.com\/autoshow.ch\" \/>\n<meta property=\"article:modified_time\" content=\"2026-04-24T12:31:06+00:00\" \/>\n<meta property=\"og:image\" content=\"https:\/\/autoshow.ch\/wp-content\/uploads\/2025\/12\/autoshow-aathal-ag-logo@1200x675.png\" \/>\n\t<meta property=\"og:image:width\" content=\"1200\" \/>\n\t<meta property=\"og:image:height\" content=\"675\" \/>\n\t<meta property=\"og:image:type\" content=\"image\/png\" \/>\n<meta name=\"twitter:card\" content=\"summary_large_image\" \/>\n<!-- \/ Yoast SEO plugin. -->","yoast_head_json":{"title":"Comprare auto in Svizzera | 400 auto in pronta consegna | Autoshow Aathal \u2013 Autodiscounter","description":"Oltre 400 auto di 30 marche subito in pronta consegna: auto nuove, usate, semestrali ed elettriche. Fino al 45% di sconto grazie all'importazione diretta. Autoshow Aathal \u2013 Il tuo autodiscounter nell'Oberland zurighese.","robots":{"index":"index","follow":"follow","max-snippet":"max-snippet:-1","max-image-preview":"max-image-preview:large","max-video-preview":"max-video-preview:-1"},"canonical":"https:\/\/autoshow.ch\/it\/","og_locale":"it_IT","og_type":"article","og_title":"Comprare auto in Svizzera | 400 auto in pronta consegna | Autoshow Aathal \u2013 Autodiscounter","og_description":"Oltre 400 auto di 30 marche subito in pronta consegna: auto nuove, usate, semestrali ed elettriche. Fino al 45% di sconto grazie all'importazione diretta. Autoshow Aathal \u2013 Il tuo autodiscounter nell'Oberland zurighese.","og_url":"https:\/\/autoshow.ch\/it\/","og_site_name":"Autoshow Aathal AG","article_publisher":"https:\/\/www.facebook.com\/autoshow.ch","article_modified_time":"2026-04-24T12:31:06+00:00","og_image":[{"width":1200,"height":675,"url":"https:\/\/autoshow.ch\/wp-content\/uploads\/2025\/12\/autoshow-aathal-ag-logo@1200x675.png","type":"image\/png"}],"twitter_card":"summary_large_image","schema":{"@context":"https:\/\/schema.org","@graph":[{"@type":"WebPage","@id":"https:\/\/autoshow.ch\/it\/","url":"https:\/\/autoshow.ch\/it\/","name":"Comprare auto in Svizzera | 400 auto in pronta consegna | Autoshow Aathal \u2013 Autodiscounter","isPartOf":{"@id":"https:\/\/autoshow.ch\/it\/#website"},"datePublished":"2022-09-01T11:07:41+00:00","dateModified":"2026-04-24T12:31:06+00:00","description":"Oltre 400 auto di 30 marche subito in pronta consegna: auto nuove, usate, semestrali ed elettriche. Fino al 45% di sconto grazie all'importazione diretta. Autoshow Aathal \u2013 Il tuo autodiscounter nell'Oberland zurighese.","breadcrumb":{"@id":"https:\/\/autoshow.ch\/it\/#breadcrumb"},"inLanguage":"it-IT","potentialAction":[{"@type":"ReadAction","target":["https:\/\/autoshow.ch\/it\/"]}]},{"@type":"BreadcrumbList","@id":"https:\/\/autoshow.ch\/it\/#breadcrumb","itemListElement":[{"@type":"ListItem","position":1,"name":"Startseite","item":"https:\/\/autoshow.ch\/it\/"},{"@type":"ListItem","position":2,"name":"Home"}]},{"@type":"WebSite","@id":"https:\/\/autoshow.ch\/it\/#website","url":"https:\/\/autoshow.ch\/it\/","name":"Autoshow Aathal AG","description":"bei Uster bietet g\u00fcnstige Occasionen und Neuwagen","publisher":{"@id":"https:\/\/autoshow.ch\/it\/#organization"},"alternateName":"Autoshow","potentialAction":[{"@type":"SearchAction","target":{"@type":"EntryPoint","urlTemplate":"https:\/\/autoshow.ch\/it\/?s={search_term_string}"},"query-input":{"@type":"PropertyValueSpecification","valueRequired":true,"valueName":"search_term_string"}}],"inLanguage":"it-IT"},{"@type":"Organization","@id":"https:\/\/autoshow.ch\/it\/#organization","name":"Autoshow Aathal AG","alternateName":"Autoshow","url":"https:\/\/autoshow.ch\/it\/","logo":{"@type":"ImageObject","inLanguage":"it-IT","@id":"https:\/\/autoshow.ch\/it\/#\/schema\/logo\/image\/","url":"https:\/\/autoshow.ch\/wp-content\/uploads\/2025\/12\/autoshow-aathal-ag-logo@696x696.png","contentUrl":"https:\/\/autoshow.ch\/wp-content\/uploads\/2025\/12\/autoshow-aathal-ag-logo@696x696.png","width":696,"height":696,"caption":"Autoshow Aathal AG"},"image":{"@id":"https:\/\/autoshow.ch\/it\/#\/schema\/logo\/image\/"},"sameAs":["https:\/\/www.facebook.com\/autoshow.ch","https:\/\/www.instagram.com\/autoshow_aathal\/","https:\/\/www.linkedin.com\/company\/autoshow-aathal-ag","https:\/\/www.youtube.com\/user\/AutoshowAathal"]}]}},"_links":{"self":[{"href":"https:\/\/autoshow.ch\/it\/wp-json\/wp\/v2\/pages\/227324","targetHints":{"allow":["GET"]}}],"collection":[{"href":"https:\/\/autoshow.ch\/it\/wp-json\/wp\/v2\/pages"}],"about":[{"href":"https:\/\/autoshow.ch\/it\/wp-json\/wp\/v2\/types\/page"}],"author":[{"embeddable":true,"href":"https:\/\/autoshow.ch\/it\/wp-json\/wp\/v2\/users\/31"}],"replies":[{"embeddable":true,"href":"https:\/\/autoshow.ch\/it\/wp-json\/wp\/v2\/comments?post=227324"}],"version-history":[{"count":3,"href":"https:\/\/autoshow.ch\/it\/wp-json\/wp\/v2\/pages\/227324\/revisions"}],"predecessor-version":[{"id":236823,"href":"https:\/\/autoshow.ch\/it\/wp-json\/wp\/v2\/pages\/227324\/revisions\/236823"}],"wp:attachment":[{"href":"https:\/\/autoshow.ch\/it\/wp-json\/wp\/v2\/media?parent=227324"}],"curies":[{"name":"wp","href":"https:\/\/api.w.org\/{rel}","templated":true}]}}