{"id":225855,"date":"2022-12-13T14:11:59","date_gmt":"2022-12-13T13:11:59","guid":{"rendered":"https:\/\/autoshow.ch\/vehicules-dun-an\/"},"modified":"2026-04-10T10:58:13","modified_gmt":"2026-04-10T08:58:13","slug":"vehicules-dun-an","status":"publish","type":"page","link":"https:\/\/autoshow.ch\/fr\/voitures\/vehicules-dun-an\/","title":{"rendered":"V\u00e9hicules d\u2019un an"},"content":{"rendered":"\t<header class=\"visual-title\">\n\t\t\t\t\t<img decoding=\"async\" class=\"lazyload\" src=\"https:\/\/autoshow.ch\/wp-content\/uploads\/2026\/04\/jahreswagen-autoshow-aathal-ag-3.jpeg\" alt=\"Jahreswagen - Autoshow Aathal AG bei Uster bietet g\u00fcnstige Occasionen und Neuwagen 2\" loading=\"lazy\">\n\t\t\t\t\n\t\t\t\t\t\n\n\n\n\t<\/header><!-- \/ visual-title -->\n\n<div class=\"wp-block-group\"><div class=\"wp-block-group__inner-container is-layout-constrained wp-block-group-is-layout-constrained\">\t<div class=\"breadcrumbs-section container\">\n\t\t<ul class=\"breadcrumb\">\n\t\t\t<li class=\"breadcrumb-item\"><a property=\"item\" typeof=\"WebPage\" title=\"Go to Autoshow Aathal AG.\" href=\"https:\/\/autoshow.ch\/fr\/\" class=\"home\"><span property=\"name\">Start\u00adseite<\/span><\/a><meta property=\"position\" content=\"1\"><\/li><li class=\"breadcrumb-item\"><a property=\"item\" typeof=\"WebPage\" title=\"Go to Actualit\u00e9s.\" href=\"https:\/\/autoshow.ch\/fr\/actualites\/\" class=\"post-root post post-post\" aria-current=\"page\"><span property=\"name\">Actu\u00adal\u00adit\u00e9s<\/span><\/a><meta property=\"position\" content=\"2\"><\/li>\t\t<\/ul>\n\t<\/div>\n<!-- \/.breadcrumbs-section -->\n\n\n\n<h1 class=\"wp-block-heading\">Notre s\u00e9lection de v\u00e9hicules d\u2019un an pour vous.<\/h1>\n\n\n<div class=\"row product-listing\">\n        <aside class=\"col-lg-3 sidebar\">\n            <header class=\"sidebar-head\">\n                <h3>Recherche de v\u00e9hicules<\/h3>\n                <a href=\"https:\/\/autoshow.ch\/fr\/autos\/\">R\u00e9ini\u00adtialis\u00ader les fil\u00adtres<\/a>\n            <\/header>                    \n                    <form class=\"car-search car-search-full widget shadow-box\" id=\"carSearch\" method=\"get\" action=\"https:\/\/autoshow.ch\/fr\/autos\/\">\n                        <h4><strong class=\"number-results\">51<\/strong> V\u00e9hicules trouv\u00e9s<\/h4>\n                    \t<input type=\"hidden\" name=\"orderby\" value=\"make-asc\">\n                        <div class=\"row\"><div class=\"col-12 form-group\">\n                                    <select id=\"select-Make\" name=\"Make\"><option value>Marque<\/option><option value=\"AUDI\">AUDI<\/option><option value=\"BMW\">BMW<\/option><option value=\"CHEVROLET\">CHEVROLET<\/option><option value=\"CUPRA\">CUPRA<\/option><option value=\"DACIA\">DACIA<\/option><option value=\"FIAT\">FIAT<\/option><option value=\"FORD\">FORD<\/option><option value=\"HYUNDAI\">HYUNDAI<\/option><option value=\"JAGUAR\">JAGUAR<\/option><option value=\"JEEP\">JEEP<\/option><option value=\"KIA\">KIA<\/option><option value=\"LAND%20ROVER\">LAND ROVER<\/option><option value=\"MAZDA\">MAZDA<\/option><option value=\"MERCEDES-BENZ\">MERCEDES-BENZ<\/option><option value=\"MG\">MG<\/option><option value=\"MINI\">MINI<\/option><option value=\"NISSAN\">NISSAN<\/option><option value=\"OPEL\">OPEL<\/option><option value=\"PEUGEOT\">PEUGEOT<\/option><option value=\"RENAULT\">RENAULT<\/option><option value=\"SKODA\">SKODA<\/option><option value=\"TOYOTA\">TOYOTA<\/option><option value=\"VOLVO\">VOLVO<\/option><option value=\"VW\">VW<\/option><\/select>\n                                    <label for=\"lbl-search-01\"><\/label>\n                                <\/div><div class=\"col-12 form-group\">\n                                <select id=\"select-Model\" name=\"Model\"><option value>Mod\u00e8le<\/option><option value>Choose the make<\/option><\/select>\n                                <label for=\"lbl-search-02\"><\/label>\n                            <\/div>\n                                 <div class=\"col-12 form-group\">\n                                    <select id=\"select-ConditionType\" class=\" selected\" name=\"ConditionType\"><option value>Condition<\/option><option value>Tout<\/option><option value=\"Jahreswagen\" selected=\"selected\">Jahreswagen<\/option><option value=\"Neues%20Fahrzeug\">Neues Fahrzeug<\/option><option value=\"Occasion\">Occasion<\/option><\/select>\n                                    <label for=\"lbl-search-03\"><\/label>\n                                 <\/div><div class=\"col-6 form-group\">\n                                <select id=\"select-Price-from\" class=\"first\" name=\"Price-from\"><option value>Prix \u00e0 partir<\/option><option value=\"2500\">CHF 2'500<\/option><option value=\"5000\">CHF 5'000<\/option><option value=\"7500\">CHF 7'500<\/option><option value=\"10000\">CHF 10'000<\/option><option value=\"15000\">CHF 15'000<\/option><option value=\"20000\">CHF 20'000<\/option><option value=\"25000\">CHF 25'000<\/option><option value=\"30000\">CHF 30'000<\/option><option value=\"35000\">CHF 35'000<\/option><option value=\"40000\">CHF 40'000<\/option><option value=\"45000\">CHF 45'000<\/option><option value=\"50000\">CHF 50'000<\/option><option value=\"60000\">CHF 60'000<\/option><option value=\"70000\">CHF 70'000<\/option><option value=\"80000\">CHF 80'000<\/option><option value=\"90000\">CHF 90'000<\/option><option value=\"100000\">CHF 100'000<\/option><option value=\"150000\">CHF 150'000<\/option><\/select>\n                                <label for=\"lbl-search-04\"><\/label>\n                            <\/div><div class=\"col-6 form-group\">\n                                <select id=\"select-Price-to\" name=\"Price-to\"><option value>Prix \u00e0<\/option><option value=\"2500\">CHF 2'500<\/option><option value=\"5000\">CHF 5'000<\/option><option value=\"7500\">CHF 7'500<\/option><option value=\"10000\">CHF 10'000<\/option><option value=\"15000\">CHF 15'000<\/option><option value=\"20000\">CHF 20'000<\/option><option value=\"25000\">CHF 25'000<\/option><option value=\"30000\">CHF 30'000<\/option><option value=\"35000\">CHF 35'000<\/option><option value=\"40000\">CHF 40'000<\/option><option value=\"45000\">CHF 45'000<\/option><option value=\"50000\">CHF 50'000<\/option><option value=\"60000\">CHF 60'000<\/option><option value=\"70000\">CHF 70'000<\/option><option value=\"80000\">CHF 80'000<\/option><option value=\"90000\">CHF 90'000<\/option><option value=\"100000\">CHF 100'000<\/option><option value=\"150000\">CHF 150'000<\/option><\/select>\n                                <label for=\"lbl-search-05\"><\/label>\n                            <\/div><div class=\"col-6 form-group\">\n                                    <select id=\"select-FirstRegYear-from\" class=\"first\" name=\"FirstRegYear-from\"><option value>Ann\u00e9e de<\/option><option value=\"2001\">2001<\/option><option value=\"2005\">2005<\/option><option value=\"2007\">2007<\/option><option value=\"2009\">2009<\/option><option value=\"2010\">2010<\/option><option value=\"2011\">2011<\/option><option value=\"2012\">2012<\/option><option value=\"2013\">2013<\/option><option value=\"2014\">2014<\/option><option value=\"2015\">2015<\/option><option value=\"2016\">2016<\/option><option value=\"2017\">2017<\/option><option value=\"2018\">2018<\/option><option value=\"2019\">2019<\/option><option value=\"2020\">2020<\/option><option value=\"2021\">2021<\/option><option value=\"2022\">2022<\/option><option value=\"2023\">2023<\/option><option value=\"2024\">2024<\/option><option value=\"2025\">2025<\/option><option value=\"2026\">2026<\/option><\/select>\n                                    <label for=\"lbl-search-06\"><\/label>\n                                <\/div>\n                                <div class=\"col-6 form-group\">\n                                    <select id=\"select-FirstRegYear-to\" name=\"FirstRegYear-to\"><option value>Ann\u00e9e de<\/option><option value=\"2001\">2001<\/option><option value=\"2005\">2005<\/option><option value=\"2007\">2007<\/option><option value=\"2009\">2009<\/option><option value=\"2010\">2010<\/option><option value=\"2011\">2011<\/option><option value=\"2012\">2012<\/option><option value=\"2013\">2013<\/option><option value=\"2014\">2014<\/option><option value=\"2015\">2015<\/option><option value=\"2016\">2016<\/option><option value=\"2017\">2017<\/option><option value=\"2018\">2018<\/option><option value=\"2019\">2019<\/option><option value=\"2020\">2020<\/option><option value=\"2021\">2021<\/option><option value=\"2022\">2022<\/option><option value=\"2023\">2023<\/option><option value=\"2024\">2024<\/option><option value=\"2025\">2025<\/option><option value=\"2026\">2026<\/option><\/select>\n                                    <label for=\"lbl-search-07\"><\/label>\n                                <\/div><div class=\"col-6 form-group\">\n                                    <select id=\"select-Km-from\" class=\"first\" name=\"Km-from\"><option value>Kilom\u00e9trage de d\u00e9part<\/option><option value=\"1000\">1'000 Km<\/option><option value=\"5000\">5'000 Km<\/option><option value=\"7500\">7'500 Km<\/option><option value=\"10000\">10'000 Km<\/option><option value=\"20000\">20'000 Km<\/option><option value=\"30000\">30'000 Km<\/option><option value=\"40000\">40'000 Km<\/option><option value=\"50000\">50'000 Km<\/option><option value=\"60000\">60'000 Km<\/option><option value=\"70000\">70'000 Km<\/option><option value=\"80000\">80'000 Km<\/option><option value=\"90000\">90'000 Km<\/option><option value=\"100000\">100'000 Km<\/option><option value=\"110000\">110'000 Km<\/option><option value=\"120000\">120'000 Km<\/option><option value=\"130000\">130'000 Km<\/option><option value=\"140000\">140'000 Km<\/option><option value=\"150000\">150'000 Km<\/option><\/select>\n                                    <label for=\"lbl-search-06\"><\/label>\n                                <\/div>\n                                <div class=\"col-6 form-group\">\n                                    <select id=\"select-Km-to\" name=\"Km-to\"><option value>Kilom\u00e9trage maximal<\/option><option value=\"1000\">1'000 Km<\/option><option value=\"5000\">5'000 Km<\/option><option value=\"7500\">7'500 Km<\/option><option value=\"10000\">10'000 Km<\/option><option value=\"20000\">20'000 Km<\/option><option value=\"30000\">30'000 Km<\/option><option value=\"40000\">40'000 Km<\/option><option value=\"50000\">50'000 Km<\/option><option value=\"60000\">60'000 Km<\/option><option value=\"70000\">70'000 Km<\/option><option value=\"80000\">80'000 Km<\/option><option value=\"90000\">90'000 Km<\/option><option value=\"100000\">100'000 Km<\/option><option value=\"110000\">110'000 Km<\/option><option value=\"120000\">120'000 Km<\/option><option value=\"130000\">130'000 Km<\/option><option value=\"140000\">140'000 Km<\/option><option value=\"150000\">150'000 Km<\/option><\/select>\n                                    <label for=\"lbl-search-07\"><\/label>\n                                <\/div><div class=\"col-12 form-group\">\n                                    <select id=\"select-FuelType\" name=\"FuelType\"><option value>Type de carburant<\/option><option value=\"Benzin\">Benzin<\/option><option value=\"Diesel\">Diesel<\/option><option value=\"Elektro\">Elektro<\/option><option value=\"Hybrid%20%28Benzin%2FElektro%29\">Hybrid (Benzin\/Elektro)<\/option><option value=\"Mild-Hybrid%20Benzin%2FElektro\">Mild-Hybrid Benzin\/Elektro<\/option><option value=\"Mild-Hybrid%20Diesel%2FElektro\">Mild-Hybrid Diesel\/Elektro<\/option><option value=\"Plug-in-Hybrid%20Benzin%2FElektro\">Plug-in-Hybrid Benzin\/Elektro<\/option><option value=\"Plug-in-Hybrid%20Diesel%2FElektro\">Plug-in-Hybrid Diesel\/Elektro<\/option><\/select>\n                                <\/div><div class=\"col-12 form-group\">\n                                    <select id=\"select-TransmissionType\" name=\"TransmissionType\"><option value>Transmission type<\/option><option value=\"automat\">Automat<\/option><option value=\"manuell\">Manuell<\/option><\/select>\n                                <\/div> <div class=\"col-12 form-group\">\n                                                <select id=\"select-BodyType\" name=\"BodyType\"><option value>Type de v\u00e9hicule<\/option><option value=\"Bus\">Bus<\/option><option value=\"Cabriolet\">Cabriolet<\/option><option value=\"Coup%C3%A9\">Coup\u00e9<\/option><option value=\"Kleinwagen\">Kleinwagen<\/option><option value=\"Kombi\">Kombi<\/option><option value=\"Kompaktvan%20%2F%20Minivan\">Kompaktvan \/ Minivan<\/option><option value=\"Limousine\">Limousine<\/option><option value=\"Pick-up\">Pick-up<\/option><option value=\"SUV%20%2F%20Gel%C3%A4ndewagen\">SUV \/ Gel\u00e4ndewagen<\/option><\/select>\n                                            <\/div><div class=\"col-12 form-group\">\n                                <input class=\"form-control\" type=\"text\" name=\"CarNumber\" id=\"CarNumber\" value placeholder=\"Num\u00e9ro de voiture\">\n                            <\/div><div class=\"extended-search\" style=\"display:none;\">\n                    <div class=\"col-12 form-group\">\n                                <select id=\"select-BodyColor\" name=\"BodyColor\"><option value>Couleur carrosserie<\/option><option value=\"Anthrazit\">Anthrazit<\/option><option value=\"Beige\">Beige<\/option><option value=\"Blau\">Blau<\/option><option value=\"Braun\">Braun<\/option><option value=\"Grau\">Grau<\/option><option value=\"Gr%C3%BCn\">Gr\u00fcn<\/option><option value=\"Rot\">Rot<\/option><option value=\"Schwarz\">Schwarz<\/option><option value=\"Silber\">Silber<\/option><option value=\"Weiss\">Weiss<\/option><\/select>\n                    <\/div>\n                    <div class=\"col-6 form-group\">\n                        <select id=\"select-Doors-from\" class=\"first\" name=\"Doors-from\"><option value>Nombre de portes<\/option><option value=\"2\">2<\/option><option value=\"3\">3<\/option><option value=\"4\">4<\/option><option value=\"5\">5<\/option><option value=\"6\">6<\/option><option value=\"7\">7<\/option><\/select>\n                    <\/div>\n                    <div class=\"col-6 form-group\">\n                        <select id=\"select-Doors-to\" name=\"Doors-to\"><option value>Nombre de portes jusqu'\u00e0<\/option><option value=\"2\">2<\/option><option value=\"3\">3<\/option><option value=\"4\">4<\/option><option value=\"5\">5<\/option><option value=\"6\">6<\/option><option value=\"7\">7<\/option><\/select>\n                    <\/div>\n                        \n\t\t\t\t\t<div class=\"col-6 form-group\">\n                        <select id=\"select-Seats-from\" class=\"first\" name=\"Seats-from\"><option value>Nombre de places<\/option><option value=\"1\">1<\/option><option value=\"2\">2<\/option><option value=\"3\">3<\/option><option value=\"4\">4<\/option><option value=\"5\">5<\/option><option value=\"6\">6<\/option><option value=\"7\">7<\/option><\/select>\n                    <\/div>\n                    <div class=\"col-6 form-group\">\n                        <select id=\"select-Seats-to\" name=\"Seats-to\"><option value>Nombre de places jusqu'\u00e0<\/option><option value=\"1\">1<\/option><option value=\"2\">2<\/option><option value=\"3\">3<\/option><option value=\"4\">4<\/option><option value=\"5\">5<\/option><option value=\"6\">6<\/option><option value=\"7\">7<\/option><\/select>\n                    <\/div>\n                        \n\t\t\t\t\t<div class=\"col-6 form-group\">\n                        <select id=\"select-ConsumptionTotal\" class=\"first\" name=\"ConsumptionTotal\"><option value>Consommation jusqu'\u00e0<\/option><option value=\"4\">4 l\/100km<\/option><option value=\"5\">5 l\/100km<\/option><option value=\"6\">6 l\/100km<\/option><option value=\"7\">7 l\/100km<\/option><option value=\"8\">8 l\/100km<\/option><option value=\"9\">9 l\/100km<\/option><option value=\"10\">10 l\/100km<\/option><option value=\"12\">12 l\/100km<\/option><option value=\"15\">15 l\/100km<\/option><option value=\"20\">20 l\/100km<\/option><\/select>\n                    <\/div>\n                    <div class=\"col-6 form-group\">\n                        <select id=\"select-ConsumptionRating\" name=\"ConsumptionRating\"><option value>Classe de consommation<\/option><option value=\"A\">A<\/option><option value=\"B\">B<\/option><option value=\"C\">C<\/option><option value=\"D\">D<\/option><option value=\"E\">E<\/option><option value=\"F\">F<\/option><option value=\"G\">G<\/option><\/select>\n                    <\/div>\n                        \n                    <div class=\"col-6 form-group\">\n                        <select id=\"select-Hp\" class=\"first\" name=\"Hp\"><option value>Puissance \u00e0 partir de<\/option><option value=\"50\">50 Hp<\/option><option value=\"60\">60 Hp<\/option><option value=\"70\">70 Hp<\/option><option value=\"80\">80 Hp<\/option><option value=\"90\">90 Hp<\/option><option value=\"100\">100 Hp<\/option><option value=\"110\">110 Hp<\/option><option value=\"120\">120 Hp<\/option><option value=\"130\">130 Hp<\/option><option value=\"140\">140 Hp<\/option><option value=\"150\">150 Hp<\/option><option value=\"160\">160 Hp<\/option><option value=\"170\">170 Hp<\/option><option value=\"180\">180 Hp<\/option><option value=\"190\">190 Hp<\/option><option value=\"200\">200 Hp<\/option><option value=\"210\">210 Hp<\/option><option value=\"220\">220 Hp<\/option><option value=\"230\">230 Hp<\/option><option value=\"240\">240 Hp<\/option><option value=\"250\">250 Hp<\/option><option value=\"300\">300 Hp<\/option><option value=\"350\">350 Hp<\/option><option value=\"400\">400 Hp<\/option><\/select>\n                    <\/div>\n                    <div class=\"col-6 form-group\">\n                        <select id=\"select-Cylinders\" name=\"Cylinders\"><option value>Nombre de cylindres<\/option><option value=\"3\">3<\/option><option value=\"4\">4<\/option><option value=\"5\">5<\/option><option value=\"6\">6<\/option><option value=\"7\">7<\/option><option value=\"8\">8<\/option><\/select>\n                    <\/div>\n                                <div class=\"col-12 form-group\">\n                                    <select id=\"select-DriveType\" name=\"DriveType\"><option value>Type de transmission<\/option><option value=\"Allrad\">Allrad<\/option><option value=\"Hinterradantrieb\">Hinterradantrieb<\/option><option value=\"Vorderradantrieb\">Vorderradantrieb<\/option><\/select>\n                                <\/div>\n                                <div class=\"list-group-item\">\n                                    <div class=\"row\">    \n                                        <div class=\"col-md-12\">\n                                            <a href=\"#\"><h6>Extras<\/h6><\/a>\n                                        <\/div>\n                                                        <div class=\"col-md-12 no-margin\">\n                                        \t\t\t\t\t<input type=\"checkbox\" id=\"Klimaanlage\" name=\"Klimaanlage\" value=\"1\"> <label for=\"Klimaanlage\">Kli\u00admaan\u00adlage<\/label>\n\n                                        \t\t\t\t<\/div>\n                                                        <div class=\"col-md-12 no-margin\">\n                                        \t\t\t\t\t<input type=\"checkbox\" id=\"Alufelgen\" name=\"Alufelgen\" value=\"1\"> <label for=\"Alufelgen\">Alufel\u00adgen<\/label>\n\n                                        \t\t\t\t<\/div>\n                                                        <div class=\"col-md-12 no-margin\">\n                                        \t\t\t\t\t<input type=\"checkbox\" id=\"Tempomat\" name=\"Tempomat\" value=\"1\"> <label for=\"Tempomat\">Tem\u00adpo\u00admat<\/label>\n\n                                        \t\t\t\t<\/div>\n                                                        <div class=\"col-md-12 no-margin\">\n                                        \t\t\t\t\t<input type=\"checkbox\" id=\"Navigationssystem\" name=\"Navigationssystem\" value=\"1\"> <label for=\"Navigationssystem\">Nav\u00adi\u00adga\u00adtion\u00adssys\u00adtem<\/label>\n\n                                        \t\t\t\t<\/div>\n                                                        <div class=\"col-md-12 no-margin\">\n                                        \t\t\t\t\t<input type=\"checkbox\" id=\"Bluetooth\" name=\"Bluetooth\" value=\"1\"> <label for=\"Bluetooth\">Blue\u00adtooth-Schnittstelle<\/label>\n\n                                        \t\t\t\t<\/div>\n                                                        <div class=\"col-md-12 no-margin\">\n                                        \t\t\t\t\t<input type=\"checkbox\" id=\"DABPlus\" name=\"DABPlus\" value=\"1\"> <label for=\"DABPlus\">DAB+-Radio<\/label>\n\n                                        \t\t\t\t<\/div>\n                                                        <div class=\"col-md-12 no-margin\">\n                                        \t\t\t\t\t<input type=\"checkbox\" id=\"Freisprechanlage\" name=\"Freisprechanlage\" value=\"1\"> <label for=\"Freisprechanlage\">Freis\u00adprechan\u00adlage<\/label>\n\n                                        \t\t\t\t<\/div>\n                                                        <div class=\"col-md-12 no-margin\">\n                                        \t\t\t\t\t<input type=\"checkbox\" id=\"Rueckfahrkamera\" name=\"Rueckfahrkamera\" value=\"1\"> <label for=\"Rueckfahrkamera\">R\u00fcck\u00adfahrkam\u00adera<\/label>\n\n                                        \t\t\t\t<\/div>\n                                                        <div class=\"col-md-12 no-margin\">\n                                        \t\t\t\t\t<input type=\"checkbox\" id=\"Parksensoren\" name=\"Parksensoren\" value=\"1\"> <label for=\"Parksensoren\">Park\u00adsen\u00adsoren<\/label>\n\n                                        \t\t\t\t<\/div>\n                                                        <div class=\"col-md-12 no-margin\">\n                                        \t\t\t\t\t<input type=\"checkbox\" id=\"Parkhilfe\" name=\"Parkhilfe\" value=\"1\"> <label for=\"Parkhilfe\">Parkhil\u00adfe<\/label>\n\n                                        \t\t\t\t<\/div>\n                                                        <div class=\"col-md-12 no-margin\">\n                                        \t\t\t\t\t<input type=\"checkbox\" id=\"SchluesselloserZugang\" name=\"SchluesselloserZugang\" value=\"1\"> <label for=\"SchluesselloserZugang\">Schl\u00fcs\u00adsel\u00adlos\u00ader Zugang<\/label>\n\n                                        \t\t\t\t<\/div>\n                                                        <div class=\"col-md-12 no-margin\">\n                                        \t\t\t\t\t<input type=\"checkbox\" id=\"StartStopSystem\" name=\"StartStopSystem\" value=\"1\"> <label for=\"StartStopSystem\">Start-\/Stop-Sys\u00adtem<\/label>\n\n                                        \t\t\t\t<\/div>\n                                                        <div class=\"col-md-12 no-margin\">\n                                        \t\t\t\t\t<input type=\"checkbox\" id=\"Totwinkelassistent\" name=\"Totwinkelassistent\" value=\"1\"> <label for=\"Totwinkelassistent\">Totwinke\u00adlas\u00adsis\u00adtent<\/label>\n\n                                        \t\t\t\t<\/div>\n                                                        <div class=\"col-md-12 no-margin\">\n                                        \t\t\t\t\t<input type=\"checkbox\" id=\"Spurhalteassistent\" name=\"Spurhalteassistent\" value=\"1\"> <label for=\"Spurhalteassistent\">Spurhal\u00adte\u00adas\u00adsis\u00adtent<\/label>\n\n                                        \t\t\t\t<\/div>\n                                                        <div class=\"col-md-12 no-margin\">\n                                        \t\t\t\t\t<input type=\"checkbox\" id=\"Distanzregler\" name=\"Distanzregler\" value=\"1\"> <label for=\"Distanzregler\">Dis\u00adtanzre\u00adgler<\/label>\n\n                                        \t\t\t\t<\/div>\n                                                        <div class=\"col-md-12 no-margin\">\n                                        \t\t\t\t\t<input type=\"checkbox\" id=\"LED-Scheinwerfer\" name=\"LED-Scheinwerfer\" value=\"1\"> <label for=\"LED-Scheinwerfer\">LED-Schein\u00adwer\u00adfer<\/label>\n\n                                        \t\t\t\t<\/div>\n                                                        <div class=\"col-md-12 no-margin\">\n                                        \t\t\t\t\t<input type=\"checkbox\" id=\"Xenon-Scheinwerfer\" name=\"Xenon-Scheinwerfer\" value=\"1\"> <label for=\"Xenon-Scheinwerfer\">Xenon-Schein\u00adwer\u00adfer<\/label>\n\n                                        \t\t\t\t<\/div>\n                                                        <div class=\"col-md-12 no-margin\">\n                                        \t\t\t\t\t<input type=\"checkbox\" id=\"Kurvenlicht\" name=\"Kurvenlicht\" value=\"1\"> <label for=\"Kurvenlicht\">Kur\u00adven\u00adlicht<\/label>\n\n                                        \t\t\t\t<\/div>\n                                                        <div class=\"col-md-12 no-margin\">\n                                        \t\t\t\t\t<input type=\"checkbox\" id=\"Panoramadach\" name=\"Panoramadach\" value=\"1\"> <label for=\"Panoramadach\">Panora\u00admadach<\/label>\n\n                                        \t\t\t\t<\/div>\n                                                        <div class=\"col-md-12 no-margin\">\n                                        \t\t\t\t\t<input type=\"checkbox\" id=\"Schiebedach\" name=\"Schiebedach\" value=\"1\"> <label for=\"Schiebedach\">Schiebe\u00addach<\/label>\n\n                                        \t\t\t\t<\/div>\n                                                        <div class=\"col-md-12 no-margin\">\n                                        \t\t\t\t\t<input type=\"checkbox\" id=\"Leder\" name=\"Leder\" value=\"1\"> <label for=\"Leder\">Sitzbezug Led\u00ader<\/label>\n\n                                        \t\t\t\t<\/div>\n                                                        <div class=\"col-md-12 no-margin\">\n                                        \t\t\t\t\t<input type=\"checkbox\" id=\"Alcantara\" name=\"Alcantara\" value=\"1\"> <label for=\"Alcantara\">Sitzbezug Alcan\u00adtara<\/label>\n\n                                        \t\t\t\t<\/div>\n                                                        <div class=\"col-md-12 no-margin\">\n                                        \t\t\t\t\t<input type=\"checkbox\" id=\"Sportsitze\" name=\"Sportsitze\" value=\"1\"> <label for=\"Sportsitze\">Sport\u00adsitze<\/label>\n\n                                        \t\t\t\t<\/div>\n                                                        <div class=\"col-md-12 no-margin\">\n                                        \t\t\t\t\t<input type=\"checkbox\" id=\"Elektrische-Sitzverstellung\" name=\"Elektrische-Sitzverstellung\" value=\"1\"> <label for=\"Elektrische-Sitzverstellung\">Elek\u00adtrische-Sitzver\u00adstel\u00adlung<\/label>\n\n                                        \t\t\t\t<\/div>\n                                                        <div class=\"col-md-12 no-margin\">\n                                        \t\t\t\t\t<input type=\"checkbox\" id=\"Sitzheizung\" name=\"Sitzheizung\" value=\"1\"> <label for=\"Sitzheizung\">Sitzheizung<\/label>\n\n                                        \t\t\t\t<\/div>\n                                                        <div class=\"col-md-12 no-margin\">\n                                        \t\t\t\t\t<input type=\"checkbox\" id=\"Sitzbelueftung\" name=\"Sitzbelueftung\" value=\"1\"> <label for=\"Sitzbelueftung\">Sitz\u00adbel\u00fcf\u00adtung<\/label>\n\n                                        \t\t\t\t<\/div>\n                                                        <div class=\"col-md-12 no-margin\">\n                                        \t\t\t\t\t<input type=\"checkbox\" id=\"Anhaengerkupplung\" name=\"Anhaengerkupplung\" value=\"1\"> <label for=\"Anhaengerkupplung\">Anh\u00e4ngerkup\u00adplung<\/label>\n\n                                        \t\t\t\t<\/div>\n                                                        <div class=\"col-md-12 no-margin\">\n                                        \t\t\t\t\t<input type=\"checkbox\" id=\"Differenzialsperre\" name=\"Differenzialsperre\" value=\"1\"> <label for=\"Differenzialsperre\">Dif\u00adferen\u00adzialsperre<\/label>\n\n                                        \t\t\t\t<\/div>\n                                                        <div class=\"col-md-12 no-margin\">\n                                        \t\t\t\t\t<input type=\"checkbox\" id=\"Standheizung\" name=\"Standheizung\" value=\"1\"> <label for=\"Standheizung\">Stand\u00adheizung<\/label>\n\n                                        \t\t\t\t<\/div>\n                                                        <div class=\"col-md-12 no-margin\">\n                                        \t\t\t\t\t<input type=\"checkbox\" id=\"Isofix\" name=\"Isofix\" value=\"1\"> <label for=\"Isofix\">Isofix<\/label>\n\n                                        \t\t\t\t<\/div>\n                                                        <div class=\"col-md-12 no-margin\">\n                                        \t\t\t\t\t<input type=\"checkbox\" id=\"Hardtop\" name=\"Hardtop\" value=\"1\"> <label for=\"Hardtop\">Hard\u00adtop<\/label>\n\n                                        \t\t\t\t<\/div>\n                                                        <div class=\"col-md-12 no-margin\">\n                                        \t\t\t\t\t<input type=\"checkbox\" id=\"Luftfederung\" name=\"Luftfederung\" value=\"1\"> <label for=\"Luftfederung\">Luftfederung<\/label>\n\n                                        \t\t\t\t<\/div><input type=\"hidden\" name=\"extended-search\" value=\"0\">\n                                <\/div>\n                            <\/div><\/div><\/div><a onclick=\"document.getElementById('carSearch').submit();\" class=\"btn btn-primary\">Affich\u00ader <span class=\"number-results\">51<\/span> voitures<\/a><a class=\"show-extended-search\">Recherche \u00e9ten\u00addue<\/a><a href=\"#popup-newsletter\" data-bs-toggle=\"modal\" class=\"btn-link\">S\u2019abonner aux nou\u00adveaut\u00e9s<\/a><\/form>\n        <\/aside><div class=\"col-lg-9\">\n\n                <nav class=\"sorting-options-main\">\n                    <div class=\"sel-hold\">\n                        <select name=\"orderby-selection\" id=\"lbl-sort-01\">\n                            <option>Sorting<\/option>\n                            <option value=\"make-asc\" selected=\"selected\">\n                                Marque (A-Z)\n                            <\/option>\n                            <option value=\"make-desc\">\n                                Marque (Z-A)\n                            <\/option>\n                            <option value=\"price-asc\">\n                                Prix (lowest first)\n                            <\/option>\n                            <option value=\"price-desc\">\n                                Prix (highest first)\n                            <\/option>\n                            <option value=\"km-asc\">\n                                Km (lowest first)\n                            <\/option>\n                            <option value=\"km-desc\">\n                                Km (highest first)\n                            <\/option>\n                            <option value=\"age-asc\">\n                                Age (lowest first)\n                            <\/option>\n                            <option value=\"age-desc\">\n                                Age (highest first)\n                            <\/option>\n                        <\/select>\n                        <label for=\"lbl-sort-01\">Sortieren<\/label>\n                    <\/div>\n                    <div class=\"fav-widget\">\n                        <a href=\"\/fr\/wp-json\/wp\/v2\/pages\/225855?favorits=1\">\n                            <i class=\"fa-regular fa-star\"><\/i>\n                            <strong>0<\/strong> in der Merk\u00adliste\n                        <\/a>\n                    <\/div>\n                    <div class=\"change-view-button\">\n                        <a class=\"change-view active\" data-view=\"grid\" href=\"#\"><i class=\"fa-solid fa-grip\"><\/i><\/a>\n                        <a class=\"change-view\" data-view=\"list\" href=\"#\"><i class=\"fa fa-list-ul\"><\/i><\/a>\n                    <\/div>\n                <\/nav><div class=\"row car-grid\" data-view=\"grid\"><article class=\"col-xl-4 col-md-6 col-12\">\n                                        <div class=\"car-item\">\n                                            <figure class=\"car-image\">\n                                                <a href=\"https:\/\/autoshow.ch\/fr\/voiture\/audi-a5-avant-tdi-150-kw-s-tronic-s-line\/?ConditionType=Jahreswagen\" title=\"AUDI A5 Avant TDI 150 kW S tronic S\u2011Line\" class=\"img-link\"><img decoding=\"async\" class=\"lazyload\" loading=\"lazy\" src=\"https:\/\/autoshow.ch\/wp-content\/uploads\/2026\/06\/audi-a5-avant-tdi-150-kw-s-tronic-s-line-autoshow-aathal-ag-2.jpg\" alt=\"AUDI A5 Avant TDI 150 kW S tronic S-Line - Autoshow Aathal AG bei Uster bietet g\u00fcnstige Occasionen und Neuwagen 1\"><\/a>\n                                                <span class=\"condition jahreswagen\">Jahreswa\u00adgen<\/span>\n                                                <a href=\"#\" class=\"favorite\" data-id=\"20567670\">\n                                                    <i class=\"fa-regular fa-star\"><\/i>\n                                                    <span class=\"sr-only\">favorite<\/span>\n                                                <\/a>\n                                                <a class=\"btn-cart\" href=\"https:\/\/autoshow.ch\/fr\/voiture\/audi-a5-avant-tdi-150-kw-s-tronic-s-line\/?pay-car=1\">\n                                                    <i class=\"fa-solid fa-cart-shopping\" aria-hidden=\"true\"><\/i><span class=\"sr-only\">buy car<\/span>\n                                                <\/a>\n                                            <\/figure>\n                                            <div class=\"car-title\">\n                                                <h4>\n                                                    <a href=\"https:\/\/autoshow.ch\/fr\/voiture\/audi-a5-avant-tdi-150-kw-s-tronic-s-line\/?ConditionType=Jahreswagen\" title=\"AUDI A5 Avant TDI 150 kW S tronic S\u2011Line\" id=\"audi-a5-avant-tdi-150-kw-s-tronic-s-line\"><span class=\"grid-title\">AUDI A5 Avant TDI 150 kW S tronic S\u2011Line<\/span><span class=\"list-title\">AUDI A5 Avant TDI 150 kW S tronic S\u2011Line<\/span><\/a>\n                                                <\/h4>\n                                            <\/div>\n                                            <div class=\"excerpt\">\n                                                <p>S\u2011Line Sport-Paket \u2022 19\u201dAlu \u2022 Full LED \u2022 Navi+ \u2022 ACC \u2022 Assis\u00adten\u00adz\u00adpaket \u2022 el. Heck\u00adklappe \u2022 Key\u00adless Go \u2022 RF-Kam\u00adera \u2022 Sport\u00adsitze heizb \u2026<\/p>\n                                            <\/div><div class=\"car-list\">\n                                                <ul class=\"list-inline\"><li>5\/2025<\/li><li> 7\u2019000 km<\/li><li> 204 hp<\/li><li> Auto\u00admat\u00adic<\/li><li> Mild-Hybrid Diesel\/Elektro<\/li><li> Fron\u00adt\u00adwheel<\/li><\/ul>\n                                            <\/div><div class=\"car-content\"><div class=\"discount\">\n                                                            <strong class=\"discount-value\">43%<\/strong>\n                                                            <span class=\"discount-name\">r\u00e9duit<\/span>\n                                                        <\/div><a class=\"leasing\" href=\"https:\/\/autoshow.ch\/fr\/voiture\/audi-a5-avant-tdi-150-kw-s-tronic-s-line\/#car-accordion-body-0leasing-berechnen\">\n                                                        <span class=\"description\">\u00c0 par\u00adtir de \/ mois<\/span>\n                                                        <span class=\"leasing-price\">536.35<\/span>\n                                                    <\/a><div class=\"price\">\n                                                        <span class=\"description\">Prix de vente<\/span>\n                                                        <del class=\"old-price\">72\u2019720.-<\/del>\n                                                        <span class=\"new-price\">41\u2019500.-<\/span>\n                                                    <\/div><\/div><\/div><\/article><article class=\"col-xl-4 col-md-6 col-12\">\n                                        <div class=\"car-item\">\n                                            <figure class=\"car-image\">\n                                                <a href=\"https:\/\/autoshow.ch\/fr\/voiture\/audi-a5-avant-tdi-150-kw-s-tronic-s-line-2\/?ConditionType=Jahreswagen\" title=\"AUDI A5 Avant TDI 150 kW S tronic S\u2011Line\" class=\"img-link\"><img decoding=\"async\" class=\"lazyload\" loading=\"lazy\" src=\"https:\/\/autoshow.ch\/wp-content\/uploads\/2026\/07\/audi-a5-avant-tdi-150-kw-s-tronic-s-line-autoshow-aathal-ag.jpg\" alt=\"AUDI A5 Avant TDI 150 kW S tronic S-Line - Autoshow Aathal AG bei Uster bietet g\u00fcnstige Occasionen und Neuwagen\"><\/a>\n                                                <span class=\"condition jahreswagen\">Jahreswa\u00adgen<\/span>\n                                                <a href=\"#\" class=\"favorite\" data-id=\"20457874\">\n                                                    <i class=\"fa-regular fa-star\"><\/i>\n                                                    <span class=\"sr-only\">favorite<\/span>\n                                                <\/a>\n                                                <a class=\"btn-cart\" href=\"https:\/\/autoshow.ch\/fr\/voiture\/audi-a5-avant-tdi-150-kw-s-tronic-s-line-2\/?pay-car=1\">\n                                                    <i class=\"fa-solid fa-cart-shopping\" aria-hidden=\"true\"><\/i><span class=\"sr-only\">buy car<\/span>\n                                                <\/a>\n                                            <\/figure>\n                                            <div class=\"car-title\">\n                                                <h4>\n                                                    <a href=\"https:\/\/autoshow.ch\/fr\/voiture\/audi-a5-avant-tdi-150-kw-s-tronic-s-line-2\/?ConditionType=Jahreswagen\" title=\"AUDI A5 Avant TDI 150 kW S tronic S\u2011Line\" id=\"audi-a5-avant-tdi-150-kw-s-tronic-s-line-2\"><span class=\"grid-title\">AUDI A5 Avant TDI 150 kW S tronic S\u2011Line<\/span><span class=\"list-title\">AUDI A5 Avant TDI 150 kW S tronic S\u2011Line<\/span><\/a>\n                                                <\/h4>\n                                            <\/div>\n                                            <div class=\"excerpt\">\n                                                <p>S\u2011Line Sport-Paket \u2022 360\u00b0Kamera \u2022 19\u201dAlu \u2022 Matrix LED \u2022 Assis\u00adten\u00adz\u00adpaket+ \u2022 Navi+ \u2022 ACC \u2022 el. Heck\u00adklappe \u2022 Key\u00adless Advanced \u2022 MMI B \u2026<\/p>\n                                            <\/div><div class=\"car-list\">\n                                                <ul class=\"list-inline\"><li>5\/2025<\/li><li> 7\u2019000 km<\/li><li> 204 hp<\/li><li> Auto\u00admat\u00adic<\/li><li> Mild-Hybrid Diesel\/Elektro<\/li><li> Fron\u00adt\u00adwheel<\/li><\/ul>\n                                            <\/div><div class=\"car-content\"><div class=\"discount\">\n                                                            <strong class=\"discount-value\">42%<\/strong>\n                                                            <span class=\"discount-name\">r\u00e9duit<\/span>\n                                                        <\/div><a class=\"leasing\" href=\"https:\/\/autoshow.ch\/fr\/voiture\/audi-a5-avant-tdi-150-kw-s-tronic-s-line-2\/#car-accordion-body-0leasing-berechnen\">\n                                                        <span class=\"description\">\u00c0 par\u00adtir de \/ mois<\/span>\n                                                        <span class=\"leasing-price\">554.65<\/span>\n                                                    <\/a><div class=\"price\">\n                                                        <span class=\"description\">Prix de vente<\/span>\n                                                        <del class=\"old-price\">74\u2019220.-<\/del>\n                                                        <span class=\"new-price\">42\u2019900.-<\/span>\n                                                    <\/div><\/div><\/div><\/article><article class=\"col-xl-4 col-md-6 col-12\">\n                                        <div class=\"car-item\">\n                                            <figure class=\"car-image\">\n                                                <a href=\"https:\/\/autoshow.ch\/fr\/voiture\/audi-a6-avant-40-tdi-s-line-quattro-s-tronic\/?ConditionType=Jahreswagen\" title=\"AUDI A6 Avant 40 TDI S line quattro S\u2011tronic\" class=\"img-link\"><img decoding=\"async\" class=\"lazyload\" loading=\"lazy\" src=\"https:\/\/autoshow.ch\/wp-content\/uploads\/2026\/07\/audi-a6-avant-40-tdi-s-line-quattro-s-tronic-autoshow-aathal-ag.jpg\" alt=\"AUDI A6 Avant 40 TDI S line quattro S-tronic - Autoshow Aathal AG bei Uster bietet g\u00fcnstige Occasionen und Neuwagen\"><\/a>\n                                                <span class=\"condition jahreswagen\">Jahreswa\u00adgen<\/span>\n                                                <a href=\"#\" class=\"favorite\" data-id=\"20634152\">\n                                                    <i class=\"fa-regular fa-star\"><\/i>\n                                                    <span class=\"sr-only\">favorite<\/span>\n                                                <\/a>\n                                                <a class=\"btn-cart\" href=\"https:\/\/autoshow.ch\/fr\/voiture\/audi-a6-avant-40-tdi-s-line-quattro-s-tronic\/?pay-car=1\">\n                                                    <i class=\"fa-solid fa-cart-shopping\" aria-hidden=\"true\"><\/i><span class=\"sr-only\">buy car<\/span>\n                                                <\/a>\n                                            <\/figure>\n                                            <div class=\"car-title\">\n                                                <h4>\n                                                    <a href=\"https:\/\/autoshow.ch\/fr\/voiture\/audi-a6-avant-40-tdi-s-line-quattro-s-tronic\/?ConditionType=Jahreswagen\" title=\"AUDI A6 Avant 40 TDI S line quattro S\u2011tronic\" id=\"audi-a6-avant-40-tdi-s-line-quattro-s-tronic\"><span class=\"grid-title\">AUDI A6 Avant 40 TDI S line quattro S\u2011tronic<\/span><span class=\"list-title\">AUDI A6 Avant 40 TDI S line quattro S\u2011tronic<\/span><\/a>\n                                                <\/h4>\n                                            <\/div>\n                                            <div class=\"excerpt\">\n                                                <p>S\u2011Line Sport\u00adpaket \u2022 19\u201dAlu \u2022 MMi Navi+ \u2022 Matrix LED \u2022 AHK \u2022 Leder\/Alcantara \u2022 Assis\u00adten\u00adz\u00adpaket+ \u2022 el. Heck\u00adklappe \u2022 ACC, 4\u2011Zonen Kli\u00admat \u2026<\/p>\n                                            <\/div><div class=\"car-list\">\n                                                <ul class=\"list-inline\"><li>11\/2024<\/li><li> 27\u2019000 km<\/li><li> 204 hp<\/li><li> Auto\u00admat\u00adic<\/li><li> Mild-Hybrid Diesel\/Elektro<\/li><li> 4x4<\/li><\/ul>\n                                            <\/div><div class=\"car-content\"><div class=\"discount\">\n                                                            <strong class=\"discount-value\">55%<\/strong>\n                                                            <span class=\"discount-name\">r\u00e9duit<\/span>\n                                                        <\/div><a class=\"leasing\" href=\"https:\/\/autoshow.ch\/fr\/voiture\/audi-a6-avant-40-tdi-s-line-quattro-s-tronic\/#car-accordion-body-0leasing-berechnen\">\n                                                        <span class=\"description\">\u00c0 par\u00adtir de \/ mois<\/span>\n                                                        <span class=\"leasing-price\">530.95<\/span>\n                                                    <\/a><div class=\"price\">\n                                                        <span class=\"description\">Prix de vente<\/span>\n                                                        <del class=\"old-price\">87\u2019290.-<\/del>\n                                                        <span class=\"new-price\">39\u2019500.-<\/span>\n                                                    <\/div><\/div><\/div><\/article><article class=\"col-xl-4 col-md-6 col-12\">\n                                        <div class=\"car-item\">\n                                            <figure class=\"car-image\">\n                                                <a href=\"https:\/\/autoshow.ch\/fr\/voiture\/audi-a6-avant-40-tdi-s-line-quattro-s-tronic-2\/?ConditionType=Jahreswagen\" title=\"AUDI A6 Avant 40 TDI S line quattro S\u2011tronic\" class=\"img-link\"><img decoding=\"async\" class=\"lazyload\" loading=\"lazy\" src=\"https:\/\/autoshow.ch\/wp-content\/uploads\/2026\/08\/audi-a6-avant-40-tdi-s-line-quattro-s-tronic-autoshow-aathal-ag-2.jpg\" alt=\"AUDI A6 Avant 40 TDI S line quattro S-tronic - Autoshow Aathal AG bei Uster bietet g\u00fcnstige Occasionen und Neuwagen 1\"><\/a>\n                                                <span class=\"condition jahreswagen\">Jahreswa\u00adgen<\/span>\n                                                <a href=\"#\" class=\"favorite\" data-id=\"20338325\">\n                                                    <i class=\"fa-regular fa-star\"><\/i>\n                                                    <span class=\"sr-only\">favorite<\/span>\n                                                <\/a>\n                                                <a class=\"btn-cart\" href=\"https:\/\/autoshow.ch\/fr\/voiture\/audi-a6-avant-40-tdi-s-line-quattro-s-tronic-2\/?pay-car=1\">\n                                                    <i class=\"fa-solid fa-cart-shopping\" aria-hidden=\"true\"><\/i><span class=\"sr-only\">buy car<\/span>\n                                                <\/a>\n                                            <\/figure>\n                                            <div class=\"car-title\">\n                                                <h4>\n                                                    <a href=\"https:\/\/autoshow.ch\/fr\/voiture\/audi-a6-avant-40-tdi-s-line-quattro-s-tronic-2\/?ConditionType=Jahreswagen\" title=\"AUDI A6 Avant 40 TDI S line quattro S\u2011tronic\" id=\"audi-a6-avant-40-tdi-s-line-quattro-s-tronic-2\"><span class=\"grid-title\">AUDI A6 Avant 40 TDI S line quattro S\u2011tronic<\/span><span class=\"list-title\">AUDI A6 Avant 40 TDI S line quattro S\u2011tronic<\/span><\/a>\n                                                <\/h4>\n                                            <\/div>\n                                            <div class=\"excerpt\">\n                                                <p>S\u2011Line Sport\u00adpaket \u2022 19\u201dAlu \u2022 MMi Navi+ \u2022 Matrix LED \u2022 AHK \u2022 Leder\/Alcantara \u2022 Assis\u00adten\u00adz\u00adpaket+ \u2022 el. Heck\u00adklappe \u2022 ACC, 4\u2011Zonen Kli\u00admat \u2026<\/p>\n                                            <\/div><div class=\"car-list\">\n                                                <ul class=\"list-inline\"><li>12\/2024<\/li><li> 19\u2019000 km<\/li><li> 204 hp<\/li><li> Auto\u00admat\u00adic<\/li><li> Mild-Hybrid Diesel\/Elektro<\/li><li> 4x4<\/li><\/ul>\n                                            <\/div><div class=\"car-content\"><div class=\"discount\">\n                                                            <strong class=\"discount-value\">51%<\/strong>\n                                                            <span class=\"discount-name\">r\u00e9duit<\/span>\n                                                        <\/div><a class=\"leasing\" href=\"https:\/\/autoshow.ch\/fr\/voiture\/audi-a6-avant-40-tdi-s-line-quattro-s-tronic-2\/#car-accordion-body-0leasing-berechnen\">\n                                                        <span class=\"description\">\u00c0 par\u00adtir de \/ mois<\/span>\n                                                        <span class=\"leasing-price\">549.25<\/span>\n                                                    <\/a><div class=\"price\">\n                                                        <span class=\"description\">Prix de vente<\/span>\n                                                        <del class=\"old-price\">87\u2019290.-<\/del>\n                                                        <span class=\"new-price\">42\u2019500.-<\/span>\n                                                    <\/div><\/div><\/div><\/article><article class=\"col-xl-4 col-md-6 col-12\">\n                                        <div class=\"car-item\">\n                                            <figure class=\"car-image\">\n                                                <a href=\"https:\/\/autoshow.ch\/fr\/voiture\/bmw-120d-m-sport-steptronic\/?ConditionType=Jahreswagen\" title=\"BMW 120d M Sport Steptronic\" class=\"img-link\"><img decoding=\"async\" class=\"lazyload\" loading=\"lazy\" src=\"https:\/\/autoshow.ch\/wp-content\/uploads\/2026\/04\/bmw-120d-m-sport-steptronic-autoshow-aathal-ag.jpg\" alt=\"BMW 120d M Sport Steptronic - Autoshow Aathal AG bei Uster bietet g\u00fcnstige Occasionen und Neuwagen\"><\/a>\n                                                <span class=\"condition jahreswagen\">Jahreswa\u00adgen<\/span>\n                                                <a href=\"#\" class=\"favorite\" data-id=\"20382456\">\n                                                    <i class=\"fa-regular fa-star\"><\/i>\n                                                    <span class=\"sr-only\">favorite<\/span>\n                                                <\/a>\n                                                <a class=\"btn-cart\" href=\"https:\/\/autoshow.ch\/fr\/voiture\/bmw-120d-m-sport-steptronic\/?pay-car=1\">\n                                                    <i class=\"fa-solid fa-cart-shopping\" aria-hidden=\"true\"><\/i><span class=\"sr-only\">buy car<\/span>\n                                                <\/a>\n                                            <\/figure>\n                                            <div class=\"car-title\">\n                                                <h4>\n                                                    <a href=\"https:\/\/autoshow.ch\/fr\/voiture\/bmw-120d-m-sport-steptronic\/?ConditionType=Jahreswagen\" title=\"BMW 120d M Sport Steptronic\" id=\"bmw-120d-m-sport-steptronic\"><span class=\"grid-title\">BMW 120d M Sport Steptronic<\/span><span class=\"list-title\">BMW 120d M Sport Steptronic<\/span><\/a>\n                                                <\/h4>\n                                            <\/div>\n                                            <div class=\"excerpt\">\n                                                <p>M Sport\u00adpaket \u2022 Navi+ \u2022 18\u201dAlu \u2022 RF-Kam\u00adera \u2022 Full LED \u2022 Key\u00adless \u2022 Sitze heizbar \u2022 Dri\u00adving Assis\u00adtant \u2022 Active Guard \u2022 PDC+ \u2022 Sport \u2026<\/p>\n                                            <\/div><div class=\"car-list\">\n                                                <ul class=\"list-inline\"><li>7\/2025<\/li><li> 5\u2019000 km<\/li><li> 163 hp<\/li><li> Auto\u00admat\u00adic<\/li><li> Mild-Hybrid Diesel\/Elektro<\/li><li> Fron\u00adt\u00adwheel<\/li><\/ul>\n                                            <\/div><div class=\"car-content\"><div class=\"discount\">\n                                                            <strong class=\"discount-value\">48%<\/strong>\n                                                            <span class=\"discount-name\">r\u00e9duit<\/span>\n                                                        <\/div><a class=\"leasing\" href=\"https:\/\/autoshow.ch\/fr\/voiture\/bmw-120d-m-sport-steptronic\/#car-accordion-body-0leasing-berechnen\">\n                                                        <span class=\"description\">\u00c0 par\u00adtir de \/ mois<\/span>\n                                                        <span class=\"leasing-price\">437.25<\/span>\n                                                    <\/a><div class=\"price\">\n                                                        <span class=\"description\">Prix de vente<\/span>\n                                                        <del class=\"old-price\">62\u2019190.-<\/del>\n                                                        <span class=\"new-price\">32\u2019500.-<\/span>\n                                                    <\/div><\/div><\/div><\/article><article class=\"col-xl-4 col-md-6 col-12\">\n                                        <div class=\"car-item\">\n                                            <figure class=\"car-image\">\n                                                <a href=\"https:\/\/autoshow.ch\/fr\/voiture\/bmw-120d-m-sport-steptronic-3\/?ConditionType=Jahreswagen\" title=\"BMW 120d M Sport Steptronic\" class=\"img-link\"><img decoding=\"async\" class=\"lazyload\" loading=\"lazy\" src=\"https:\/\/autoshow.ch\/wp-content\/uploads\/2026\/04\/bmw-120d-m-sport-steptronic-autoshow-aathal-ag-3.jpg\" alt=\"BMW 120d M Sport Steptronic - Autoshow Aathal AG bei Uster bietet g\u00fcnstige Occasionen und Neuwagen 2\"><\/a>\n                                                <span class=\"condition jahreswagen\">Jahreswa\u00adgen<\/span>\n                                                <a href=\"#\" class=\"favorite\" data-id=\"20382458\">\n                                                    <i class=\"fa-regular fa-star\"><\/i>\n                                                    <span class=\"sr-only\">favorite<\/span>\n                                                <\/a>\n                                                <a class=\"btn-cart\" href=\"https:\/\/autoshow.ch\/fr\/voiture\/bmw-120d-m-sport-steptronic-3\/?pay-car=1\">\n                                                    <i class=\"fa-solid fa-cart-shopping\" aria-hidden=\"true\"><\/i><span class=\"sr-only\">buy car<\/span>\n                                                <\/a>\n                                            <\/figure>\n                                            <div class=\"car-title\">\n                                                <h4>\n                                                    <a href=\"https:\/\/autoshow.ch\/fr\/voiture\/bmw-120d-m-sport-steptronic-3\/?ConditionType=Jahreswagen\" title=\"BMW 120d M Sport Steptronic\" id=\"bmw-120d-m-sport-steptronic-3\"><span class=\"grid-title\">BMW 120d M Sport Steptronic<\/span><span class=\"list-title\">BMW 120d M Sport Steptronic<\/span><\/a>\n                                                <\/h4>\n                                            <\/div>\n                                            <div class=\"excerpt\">\n                                                <p>M Sport\u00adpaket \u2022 Navi+ \u2022 18\u201dAlu \u2022 RF-Kam\u00adera \u2022 Full LED \u2022 Key\u00adless \u2022 Sport\u00adsitze heizbar \u2022 Dri\u00adving Assis\u00adtant \u2022 Active Guard \u2022 PDC+ \u2022  \u2026<\/p>\n                                            <\/div><div class=\"car-list\">\n                                                <ul class=\"list-inline\"><li>7\/2025<\/li><li> 5\u2019000 km<\/li><li> 163 hp<\/li><li> Auto\u00admat\u00adic<\/li><li> Mild-Hybrid Diesel\/Elektro<\/li><li> Fron\u00adt\u00adwheel<\/li><\/ul>\n                                            <\/div><div class=\"car-content\"><div class=\"discount\">\n                                                            <strong class=\"discount-value\">48%<\/strong>\n                                                            <span class=\"discount-name\">r\u00e9duit<\/span>\n                                                        <\/div><a class=\"leasing\" href=\"https:\/\/autoshow.ch\/fr\/voiture\/bmw-120d-m-sport-steptronic-3\/#car-accordion-body-0leasing-berechnen\">\n                                                        <span class=\"description\">\u00c0 par\u00adtir de \/ mois<\/span>\n                                                        <span class=\"leasing-price\">437.25<\/span>\n                                                    <\/a><div class=\"price\">\n                                                        <span class=\"description\">Prix de vente<\/span>\n                                                        <del class=\"old-price\">62\u2019190.-<\/del>\n                                                        <span class=\"new-price\">32\u2019500.-<\/span>\n                                                    <\/div><\/div><\/div><\/article><article class=\"col-xl-4 col-md-6 col-12\">\n                                        <div class=\"car-item\">\n                                            <figure class=\"car-image\">\n                                                <a href=\"https:\/\/autoshow.ch\/fr\/voiture\/bmw-120d-m-sport-steptronic-2\/?ConditionType=Jahreswagen\" title=\"BMW 120d M Sport Steptronic\" class=\"img-link\"><img decoding=\"async\" class=\"lazyload\" loading=\"lazy\" src=\"https:\/\/autoshow.ch\/wp-content\/uploads\/2026\/05\/bmw-120d-m-sport-steptronic-autoshow-aathal-ag-2.jpg\" alt=\"BMW 120d M Sport Steptronic - Autoshow Aathal AG bei Uster bietet g\u00fcnstige Occasionen und Neuwagen 1\"><\/a>\n                                                <span class=\"condition jahreswagen\">Jahreswa\u00adgen<\/span>\n                                                <a href=\"#\" class=\"favorite\" data-id=\"20382457\">\n                                                    <i class=\"fa-regular fa-star\"><\/i>\n                                                    <span class=\"sr-only\">favorite<\/span>\n                                                <\/a>\n                                                <a class=\"btn-cart\" href=\"https:\/\/autoshow.ch\/fr\/voiture\/bmw-120d-m-sport-steptronic-2\/?pay-car=1\">\n                                                    <i class=\"fa-solid fa-cart-shopping\" aria-hidden=\"true\"><\/i><span class=\"sr-only\">buy car<\/span>\n                                                <\/a>\n                                            <\/figure>\n                                            <div class=\"car-title\">\n                                                <h4>\n                                                    <a href=\"https:\/\/autoshow.ch\/fr\/voiture\/bmw-120d-m-sport-steptronic-2\/?ConditionType=Jahreswagen\" title=\"BMW 120d M Sport Steptronic\" id=\"bmw-120d-m-sport-steptronic-2\"><span class=\"grid-title\">BMW 120d M Sport Steptronic<\/span><span class=\"list-title\">BMW 120d M Sport Steptronic<\/span><\/a>\n                                                <\/h4>\n                                            <\/div>\n                                            <div class=\"excerpt\">\n                                                <p>M Sport\u00adpaket \u2022 Navi+ \u2022 18\u201dAlu \u2022 RF-Kam\u00adera \u2022 Full LED \u2022 Key\u00adless \u2022 Sitze heizbar \u2022 Dri\u00adving Assis\u00adtant \u2022 Active Guard \u2022 PDC+ \u2022 Sport \u2026<\/p>\n                                            <\/div><div class=\"car-list\">\n                                                <ul class=\"list-inline\"><li>7\/2025<\/li><li> 5\u2019000 km<\/li><li> 163 hp<\/li><li> Auto\u00admat\u00adic<\/li><li> Mild-Hybrid Diesel\/Elektro<\/li><li> Fron\u00adt\u00adwheel<\/li><\/ul>\n                                            <\/div><div class=\"car-content\"><div class=\"discount\">\n                                                            <strong class=\"discount-value\">48%<\/strong>\n                                                            <span class=\"discount-name\">r\u00e9duit<\/span>\n                                                        <\/div><a class=\"leasing\" href=\"https:\/\/autoshow.ch\/fr\/voiture\/bmw-120d-m-sport-steptronic-2\/#car-accordion-body-0leasing-berechnen\">\n                                                        <span class=\"description\">\u00c0 par\u00adtir de \/ mois<\/span>\n                                                        <span class=\"leasing-price\">437.25<\/span>\n                                                    <\/a><div class=\"price\">\n                                                        <span class=\"description\">Prix de vente<\/span>\n                                                        <del class=\"old-price\">62\u2019190.-<\/del>\n                                                        <span class=\"new-price\">32\u2019500.-<\/span>\n                                                    <\/div><\/div><\/div><\/article><article class=\"col-xl-4 col-md-6 col-12\">\n                                        <div class=\"car-item\">\n                                            <figure class=\"car-image\">\n                                                <a href=\"https:\/\/autoshow.ch\/fr\/voiture\/bmw-320d-xdrive-48v-touring-steptronic-m-sport-2\/?ConditionType=Jahreswagen\" title=\"BMW 320d xDrive 48V Touring Steptronic M Sport\" class=\"img-link\"><img decoding=\"async\" class=\"lazyload\" loading=\"lazy\" src=\"https:\/\/autoshow.ch\/wp-content\/uploads\/2026\/06\/bmw-320d-xdrive-48v-touring-steptronic-m-sport-autoshow-aathal-ag-2.jpg\" alt=\"BMW 320d xDrive 48V Touring Steptronic M Sport - Autoshow Aathal AG bei Uster bietet g\u00fcnstige Occasionen und Neuwagen 1\"><\/a>\n                                                <span class=\"condition jahreswagen\">Jahreswa\u00adgen<\/span>\n                                                <a href=\"#\" class=\"favorite\" data-id=\"20527609\">\n                                                    <i class=\"fa-regular fa-star\"><\/i>\n                                                    <span class=\"sr-only\">favorite<\/span>\n                                                <\/a>\n                                                <a class=\"btn-cart\" href=\"https:\/\/autoshow.ch\/fr\/voiture\/bmw-320d-xdrive-48v-touring-steptronic-m-sport-2\/?pay-car=1\">\n                                                    <i class=\"fa-solid fa-cart-shopping\" aria-hidden=\"true\"><\/i><span class=\"sr-only\">buy car<\/span>\n                                                <\/a>\n                                            <\/figure>\n                                            <div class=\"car-title\">\n                                                <h4>\n                                                    <a href=\"https:\/\/autoshow.ch\/fr\/voiture\/bmw-320d-xdrive-48v-touring-steptronic-m-sport-2\/?ConditionType=Jahreswagen\" title=\"BMW 320d xDrive 48V Touring Steptronic M Sport\" id=\"bmw-320d-xdrive-48v-touring-steptronic-m-sport-2\"><span class=\"grid-title\">BMW 320d xDrive 48V Touring Steptronic M Sport<\/span><span class=\"list-title\">BMW 320d xDrive 48V Touring Steptronic M Sport<\/span><\/a>\n                                                <\/h4>\n                                            <\/div>\n                                            <div class=\"excerpt\">\n                                                <p>M Sport-Paket \u2022 360\u00b0Kamera \u2022 19\u201dAlu \u2022 Active Guard+ \u2022 Leder\/Alcantara \u2022 Navi+ \u2022 ACC \u2022 Head-Up Dis\u00adplay \u2022 el. Heck\u00adklappe &amp; Vir\u00adtua \u2026<\/p>\n                                            <\/div><div class=\"car-list\">\n                                                <ul class=\"list-inline\"><li>4\/2025<\/li><li> 14\u2019000 km<\/li><li> 190 hp<\/li><li> Auto\u00admat\u00adic<\/li><li> Mild-Hybrid Diesel\/Elektro<\/li><li> 4x4<\/li><\/ul>\n                                            <\/div><div class=\"car-content\"><div class=\"discount\">\n                                                            <strong class=\"discount-value\">52%<\/strong>\n                                                            <span class=\"discount-name\">r\u00e9duit<\/span>\n                                                        <\/div><a class=\"leasing\" href=\"https:\/\/autoshow.ch\/fr\/voiture\/bmw-320d-xdrive-48v-touring-steptronic-m-sport-2\/#car-accordion-body-0leasing-berechnen\">\n                                                        <span class=\"description\">\u00c0 par\u00adtir de \/ mois<\/span>\n                                                        <span class=\"leasing-price\">530.95<\/span>\n                                                    <\/a><div class=\"price\">\n                                                        <span class=\"description\">Prix de vente<\/span>\n                                                        <del class=\"old-price\">82\u2019300.-<\/del>\n                                                        <span class=\"new-price\">39\u2019500.-<\/span>\n                                                    <\/div><\/div><\/div><\/article><article class=\"col-xl-4 col-md-6 col-12\">\n                                        <div class=\"car-item\">\n                                            <figure class=\"car-image\">\n                                                <a href=\"https:\/\/autoshow.ch\/fr\/voiture\/bmw-320d-xdrive-48v-touring-steptronic-m-sport-5\/?ConditionType=Jahreswagen\" title=\"BMW 320d xDrive 48V Touring Steptronic M Sport\" class=\"img-link\"><img decoding=\"async\" class=\"lazyload\" loading=\"lazy\" src=\"https:\/\/autoshow.ch\/wp-content\/uploads\/2026\/06\/bmw-320d-xdrive-48v-touring-steptronic-m-sport-autoshow-aathal-ag-5.jpg\" alt=\"BMW 320d xDrive 48V Touring Steptronic M Sport - Autoshow Aathal AG bei Uster bietet g\u00fcnstige Occasionen und Neuwagen 4\"><\/a>\n                                                <span class=\"condition jahreswagen\">Jahreswa\u00adgen<\/span>\n                                                <a href=\"#\" class=\"favorite\" data-id=\"20527614\">\n                                                    <i class=\"fa-regular fa-star\"><\/i>\n                                                    <span class=\"sr-only\">favorite<\/span>\n                                                <\/a>\n                                                <a class=\"btn-cart\" href=\"https:\/\/autoshow.ch\/fr\/voiture\/bmw-320d-xdrive-48v-touring-steptronic-m-sport-5\/?pay-car=1\">\n                                                    <i class=\"fa-solid fa-cart-shopping\" aria-hidden=\"true\"><\/i><span class=\"sr-only\">buy car<\/span>\n                                                <\/a>\n                                            <\/figure>\n                                            <div class=\"car-title\">\n                                                <h4>\n                                                    <a href=\"https:\/\/autoshow.ch\/fr\/voiture\/bmw-320d-xdrive-48v-touring-steptronic-m-sport-5\/?ConditionType=Jahreswagen\" title=\"BMW 320d xDrive 48V Touring Steptronic M Sport\" id=\"bmw-320d-xdrive-48v-touring-steptronic-m-sport-5\"><span class=\"grid-title\">BMW 320d xDrive 48V Touring Steptronic M Sport<\/span><span class=\"list-title\">BMW 320d xDrive 48V Touring Steptronic M Sport<\/span><\/a>\n                                                <\/h4>\n                                            <\/div>\n                                            <div class=\"excerpt\">\n                                                <p>M Sport-Paket \u2022 360\u00b0Kamera \u2022 19\u201dAlu \u2022 Active Guard+ \u2022 Leder\/Alcantara \u2022 Navi+ \u2022 ACC \u2022 Head-Up Dis\u00adplay \u2022 el. Heck\u00adklappe &amp; Vir\u00adtua \u2026<\/p>\n                                            <\/div><div class=\"car-list\">\n                                                <ul class=\"list-inline\"><li>4\/2025<\/li><li> 16\u2019000 km<\/li><li> 190 hp<\/li><li> Auto\u00admat\u00adic<\/li><li> Mild-Hybrid Diesel\/Elektro<\/li><li> 4x4<\/li><\/ul>\n                                            <\/div><div class=\"car-content\"><div class=\"discount\">\n                                                            <strong class=\"discount-value\">52%<\/strong>\n                                                            <span class=\"discount-name\">r\u00e9duit<\/span>\n                                                        <\/div><a class=\"leasing\" href=\"https:\/\/autoshow.ch\/fr\/voiture\/bmw-320d-xdrive-48v-touring-steptronic-m-sport-5\/#car-accordion-body-0leasing-berechnen\">\n                                                        <span class=\"description\">\u00c0 par\u00adtir de \/ mois<\/span>\n                                                        <span class=\"leasing-price\">530.95<\/span>\n                                                    <\/a><div class=\"price\">\n                                                        <span class=\"description\">Prix de vente<\/span>\n                                                        <del class=\"old-price\">82\u2019300.-<\/del>\n                                                        <span class=\"new-price\">39\u2019500.-<\/span>\n                                                    <\/div><\/div><\/div><\/article><article class=\"col-xl-4 col-md-6 col-12\">\n                                        <div class=\"car-item\">\n                                            <figure class=\"car-image\">\n                                                <a href=\"https:\/\/autoshow.ch\/fr\/voiture\/bmw-320d-xdrive-48v-touring-steptronic-m-sport\/?ConditionType=Jahreswagen\" title=\"BMW 320d xDrive 48V Touring Steptronic M Sport\" class=\"img-link\"><img decoding=\"async\" class=\"lazyload\" loading=\"lazy\" src=\"https:\/\/autoshow.ch\/wp-content\/uploads\/2026\/09\/bmw-320d-xdrive-48v-touring-steptronic-m-sport-autoshow-aathal-ag.jpg\" alt=\"BMW 320d xDrive 48V Touring Steptronic M Sport - Autoshow Aathal AG bei Uster bietet g\u00fcnstige Occasionen und Neuwagen\"><\/a>\n                                                <span class=\"condition jahreswagen\">Jahreswa\u00adgen<\/span>\n                                                <a href=\"#\" class=\"favorite\" data-id=\"20636067\">\n                                                    <i class=\"fa-regular fa-star\"><\/i>\n                                                    <span class=\"sr-only\">favorite<\/span>\n                                                <\/a>\n                                                <a class=\"btn-cart\" href=\"https:\/\/autoshow.ch\/fr\/voiture\/bmw-320d-xdrive-48v-touring-steptronic-m-sport\/?pay-car=1\">\n                                                    <i class=\"fa-solid fa-cart-shopping\" aria-hidden=\"true\"><\/i><span class=\"sr-only\">buy car<\/span>\n                                                <\/a>\n                                            <\/figure>\n                                            <div class=\"car-title\">\n                                                <h4>\n                                                    <a href=\"https:\/\/autoshow.ch\/fr\/voiture\/bmw-320d-xdrive-48v-touring-steptronic-m-sport\/?ConditionType=Jahreswagen\" title=\"BMW 320d xDrive 48V Touring Steptronic M Sport\" id=\"bmw-320d-xdrive-48v-touring-steptronic-m-sport\"><span class=\"grid-title\">BMW 320d xDrive 48V Touring Steptronic M Sport<\/span><span class=\"list-title\">BMW 320d xDrive 48V Touring Steptronic M Sport<\/span><\/a>\n                                                <\/h4>\n                                            <\/div>\n                                            <div class=\"excerpt\">\n                                                <p>M Sport-Paket \u2022 360\u00b0Kamera \u2022 19\u201dAlu \u2022 Active Guard+ \u2022 Leder\/Alcantara \u2022 Navi+ \u2022 ACC \u2022 Head-Up Dis\u00adplay \u2022 el. Heck\u00adklappe &amp; Vir\u00adtua \u2026<\/p>\n                                            <\/div><div class=\"car-list\">\n                                                <ul class=\"list-inline\"><li>4\/2025<\/li><li> 15\u2019000 km<\/li><li> 190 hp<\/li><li> Auto\u00admat\u00adic<\/li><li> Mild-Hybrid Diesel\/Elektro<\/li><li> 4x4<\/li><\/ul>\n                                            <\/div><div class=\"car-content\"><div class=\"discount\">\n                                                            <strong class=\"discount-value\">54%<\/strong>\n                                                            <span class=\"discount-name\">r\u00e9duit<\/span>\n                                                        <\/div><a class=\"leasing\" href=\"https:\/\/autoshow.ch\/fr\/voiture\/bmw-320d-xdrive-48v-touring-steptronic-m-sport\/#car-accordion-body-0leasing-berechnen\">\n                                                        <span class=\"description\">\u00c0 par\u00adtir de \/ mois<\/span>\n                                                        <span class=\"leasing-price\">515.90<\/span>\n                                                    <\/a><div class=\"price\">\n                                                        <span class=\"description\">Prix de vente<\/span>\n                                                        <del class=\"old-price\">84\u2019300.-<\/del>\n                                                        <span class=\"new-price\">38\u2019400.-<\/span>\n                                                    <\/div><\/div><\/div><\/article><article class=\"col-xl-4 col-md-6 col-12\">\n                                        <div class=\"car-item\">\n                                            <figure class=\"car-image\">\n                                                <a href=\"https:\/\/autoshow.ch\/fr\/voiture\/bmw-330e-x-drivetouring-steptronic-m-sport-2\/?ConditionType=Jahreswagen\" title=\"BMW 330e x DriveTouring Steptronic M Sport\" class=\"img-link\"><img decoding=\"async\" class=\"lazyload\" loading=\"lazy\" src=\"https:\/\/autoshow.ch\/wp-content\/uploads\/2026\/07\/bmw-330e-x-drivetouring-steptronic-m-sport-autoshow-aathal-ag-2.jpg\" alt=\"BMW 330e x DriveTouring Steptronic M Sport - Autoshow Aathal AG bei Uster bietet g\u00fcnstige Occasionen und Neuwagen 1\"><\/a>\n                                                <span class=\"condition jahreswagen\">Jahreswa\u00adgen<\/span>\n                                                <a href=\"#\" class=\"favorite\" data-id=\"20582516\">\n                                                    <i class=\"fa-regular fa-star\"><\/i>\n                                                    <span class=\"sr-only\">favorite<\/span>\n                                                <\/a>\n                                                <a class=\"btn-cart\" href=\"https:\/\/autoshow.ch\/fr\/voiture\/bmw-330e-x-drivetouring-steptronic-m-sport-2\/?pay-car=1\">\n                                                    <i class=\"fa-solid fa-cart-shopping\" aria-hidden=\"true\"><\/i><span class=\"sr-only\">buy car<\/span>\n                                                <\/a>\n                                            <\/figure>\n                                            <div class=\"car-title\">\n                                                <h4>\n                                                    <a href=\"https:\/\/autoshow.ch\/fr\/voiture\/bmw-330e-x-drivetouring-steptronic-m-sport-2\/?ConditionType=Jahreswagen\" title=\"BMW 330e x DriveTouring Steptronic M Sport\" id=\"bmw-330e-x-drivetouring-steptronic-m-sport-2\"><span class=\"grid-title\">BMW 330e x DriveTouring Steptronic M Sport<\/span><span class=\"list-title\">BMW 330e x DriveTouring Steptronic M Sport<\/span><\/a>\n                                                <\/h4>\n                                            <\/div>\n                                            <div class=\"excerpt\">\n                                                <p>M Sport-Paket \u2022 Led\u00ader \u2022 Head-Up Dis\u00adplay \u2022 el. Sitzver\u00adstel\u00adlung &amp; Mem\u00ado\u00adry \u2022 ACC \u2022 Active Guard+ \u2022 Full LED \u2022 RF-Kam\u00adera \u2022 Sport\u00adsitze h \u2026<\/p>\n                                            <\/div><div class=\"car-list\">\n                                                <ul class=\"list-inline\"><li>9\/2025<\/li><li> 21\u2019000 km<\/li><li> 292 hp<\/li><li> Auto\u00admat\u00adic<\/li><li> Plug-in-Hybrid Benzin\/Elektro<\/li><li> 4x4<\/li><\/ul>\n                                            <\/div><div class=\"car-content\"><div class=\"discount\">\n                                                            <strong class=\"discount-value\">49%<\/strong>\n                                                            <span class=\"discount-name\">r\u00e9duit<\/span>\n                                                        <\/div><a class=\"leasing\" href=\"https:\/\/autoshow.ch\/fr\/voiture\/bmw-330e-x-drivetouring-steptronic-m-sport-2\/#car-accordion-body-0leasing-berechnen\">\n                                                        <span class=\"description\">\u00c0 par\u00adtir de \/ mois<\/span>\n                                                        <span class=\"leasing-price\">535.25<\/span>\n                                                    <\/a><div class=\"price\">\n                                                        <span class=\"description\">Prix de vente<\/span>\n                                                        <del class=\"old-price\">81\u2019080.-<\/del>\n                                                        <span class=\"new-price\">41\u2019400.-<\/span>\n                                                    <\/div><\/div><\/div><\/article><article class=\"col-xl-4 col-md-6 col-12\">\n                                        <div class=\"car-item\">\n                                            <figure class=\"car-image\">\n                                                <a href=\"https:\/\/autoshow.ch\/fr\/voiture\/bmw-430i-xdrive-gran-coupe-m-sport-steptronic\/?ConditionType=Jahreswagen\" title=\"BMW 430i xDrive Gran Coup\u00e9 M Sport Steptronic\" class=\"img-link\"><img decoding=\"async\" class=\"lazyload\" loading=\"lazy\" src=\"https:\/\/autoshow.ch\/wp-content\/uploads\/2026\/07\/bmw-430i-xdrive-gran-coupe-m-sport-steptronic-autoshow-aathal-ag.jpg\" alt=\"BMW 430i xDrive Gran Coup\u00e9 M Sport Steptronic - Autoshow Aathal AG bei Uster bietet g\u00fcnstige Occasionen und Neuwagen\"><\/a>\n                                                <span class=\"condition jahreswagen\">Jahreswa\u00adgen<\/span>\n                                                <a href=\"#\" class=\"favorite\" data-id=\"20489687\">\n                                                    <i class=\"fa-regular fa-star\"><\/i>\n                                                    <span class=\"sr-only\">favorite<\/span>\n                                                <\/a>\n                                                <a class=\"btn-cart\" href=\"https:\/\/autoshow.ch\/fr\/voiture\/bmw-430i-xdrive-gran-coupe-m-sport-steptronic\/?pay-car=1\">\n                                                    <i class=\"fa-solid fa-cart-shopping\" aria-hidden=\"true\"><\/i><span class=\"sr-only\">buy car<\/span>\n                                                <\/a>\n                                            <\/figure>\n                                            <div class=\"car-title\">\n                                                <h4>\n                                                    <a href=\"https:\/\/autoshow.ch\/fr\/voiture\/bmw-430i-xdrive-gran-coupe-m-sport-steptronic\/?ConditionType=Jahreswagen\" title=\"BMW 430i xDrive Gran Coup\u00e9 M Sport Steptronic\" id=\"bmw-430i-xdrive-gran-coupe-m-sport-steptronic\"><span class=\"grid-title\">BMW 430i xDrive Gran Coup\u00e9 M Sport Steptronic<\/span><span class=\"list-title\">BMW 430i xDrive Gran Coup\u00e9 M Sport Steptronic<\/span><\/a>\n                                                <\/h4>\n                                            <\/div>\n                                            <div class=\"excerpt\">\n                                                <p>M Sport\u00adpaket \u2022 Led\u00ader \u2022 el. Heck\u00adklappe \u2022 Navi+ \u2022 Full LED \u2022 Active Guard+ \u2022 Key\u00adless \u2022 Sport\u00adsitze heizbar \u2022 Tem\u00adpo\u00admat ACC \u2022 Wid\u00adscreen D \u2026<\/p>\n                                            <\/div><div class=\"car-list\">\n                                                <ul class=\"list-inline\"><li>11\/2025<\/li><li> 5\u2019000 km<\/li><li> 245 hp<\/li><li> Auto\u00admat\u00adic<\/li><li> Ben\u00adzin<\/li><li> 4x4<\/li><\/ul>\n                                            <\/div><div class=\"car-content\"><div class=\"discount\">\n                                                            <strong class=\"discount-value\">55%<\/strong>\n                                                            <span class=\"discount-name\">r\u00e9duit<\/span>\n                                                        <\/div><a class=\"leasing\" href=\"https:\/\/autoshow.ch\/fr\/voiture\/bmw-430i-xdrive-gran-coupe-m-sport-steptronic\/#car-accordion-body-0leasing-berechnen\">\n                                                        <span class=\"description\">\u00c0 par\u00adtir de \/ mois<\/span>\n                                                        <span class=\"leasing-price\">554.65<\/span>\n                                                    <\/a><div class=\"price\">\n                                                        <span class=\"description\">Prix de vente<\/span>\n                                                        <del class=\"old-price\">94\u2019980.-<\/del>\n                                                        <span class=\"new-price\">42\u2019900.-<\/span>\n                                                    <\/div><\/div><\/div><\/article><\/div><ul class=\"pagination text-center spacing-type-2\">\n    \n            <li class=\"page-num page-num-first disabled\"><a href=\"https:\/\/autoshow.ch\/fr\/wp-json\/wp\/v2\/pages\/225855\/\">\u00ab<\/a><\/li>\n    \n            <li class=\"page-num page-num-next disabled\"><a class=\"paged-num-link\" href=\"https:\/\/autoshow.ch\/fr\/wp-json\/wp\/v2\/pages\/225855\/\">\u2039<\/a><\/li>\n    \n            <li class=\"page-num page-num-next\">Page 1 de 5<\/li>\n    \n            <li class=\"page-num page-num-next\"><a href=\"https:\/\/autoshow.ch\/fr\/wp-json\/wp\/v2\/pages\/225855\/page\/2\/\">\u203a<\/a><\/li>\n    \n            <li class=\"page-num page-num-last\"><a href=\"https:\/\/autoshow.ch\/fr\/wp-json\/wp\/v2\/pages\/225855\/page\/5\/\">\u00bb<\/a><\/li>\n    \n        <\/ul><!-- \/ pagination --><\/div>\n        <\/div><\/div><\/div>\n\t\n\t\t\t<div class=\"text-section spacing-type-2 with-background\">\n\t\t<div class=\"container\">\n\t\t\t<div class=\"row\">\n\t\t\t\t<div class=\"col-md-4\">\n\t\t\t\t\t\t\t\t\t\t\t<h2>Acheter des v\u00e9hicules d\u2019un an \u2013 Prix imbattables chez Autoshow Aathal<\/h2>\n\t\t\t\t\t\t\t\t\t\t\t\t\t\t\t\n\t\t\t\t\t\t\t\t\t\n\t\t\t\t<\/div>\n\t\t\t\t\t\t\t\t\t<div class=\"col-md-4\">\n\t\t\t\t\t\t\t\t\t\t\t\t\t<h3>La d\u00e9cence fait partie de nos valeurs fondamentales ! C\u2019est pourquoi vous profitez \u00e9galement d\u2019un autre avantage avec nos v\u00e9hicules d\u2019un an : encore moins chers que nos v\u00e9hicules neufs, avec un faible kilom\u00e9trage et des prestations de garantie compl\u00e8tes. <\/h3>\n<h3>Qu\u2019est-ce qu\u2019un v\u00e9hicule d\u2019un an ?<\/h3>\n<p>Un v\u00e9hicule d\u2019un an est un v\u00e9hicule qui a g\u00e9n\u00e9rale\u00adment \u00e9t\u00e9 imma\u00adtricul\u00e9 pen\u00addant 12 mois max\u00adi\u00admum et qui pr\u00e9sente un faible kilo\u00adm\u00e9\u00adtrage. Chez Autoshow Aathal, vous obtenez des v\u00e9hicules d\u2019un an et des v\u00e9hicules de d\u00e9mon\u00adstra\u00adtion \u00e0 des prix imbat\u00adta\u00adbles \u2013 sou\u00advent 30 \u00e0 50 % sous le prix du neuf. <\/p>\n\t\t\t\t\t\t\t\t\t\t\t\t\t\t\t\t\t<\/div>\n\t\t\t\t\t<div class=\"col-md-4\">\n\t\t\t\t\t\t\t\t\t\t\t\t\t<h3>Quelle est la diff\u00e9rence entre un v\u00e9hicule d\u2019un an et un v\u00e9hicule de d\u00e9monstration ?<\/h3>\n<p>Un v\u00e9hicule d\u2019un an a g\u00e9n\u00e9rale\u00adment \u00e9t\u00e9 con\u00adduit pen\u00addant une courte p\u00e9ri\u00adode par un par\u00adti\u00adc\u00aduli\u00ader ou une entre\u00adprise. Un v\u00e9hicule de d\u00e9mon\u00adstra\u00adtion provient directe\u00adment du con\u00adces\u00adsion\u00adnaire et a servi de v\u00e9hicule de pr\u00e9sen\u00adta\u00adtion. Les deux cat\u00e9\u00adgories vous offrent des v\u00e9hicules qua\u00adsi neufs \u00e0 des prix net\u00adte\u00adment r\u00e9duits.  <\/p>\n<h3>Acheter des v\u00e9hicules d\u2019un an \u2013 en toute s\u00e9curit\u00e9<\/h3>\n<p>Tous nos v\u00e9hicules d\u2019un an et v\u00e9hicules de d\u00e9mon\u00adstra\u00adtion b\u00e9n\u00e9\u00adfi\u00adcient de nos presta\u00adtions com\u00adpl\u00e8tes de garantie et de ser\u00advice. Vous pou\u00advez pro\u00adlonger la garantie exis\u00adtante de 12, 24 ou 36 mois sur demande. <\/p>\n<p>Vous cherchez un v\u00e9hicule d\u2019un an ? Autoshow Aathal \u2013 tou\u00adjours \u00e9quitable et plus hon\u00adn\u00eate ! <\/p>\n\t\t\t\t\t\t\t\t\t\t\t\t\t\t\t\t\t<\/div>\n\t\t\t\t\t\t\t<\/div>\n\t\t<\/div>\n\t<\/div>\n\t<!-- \/ text-section -->\n","protected":false},"excerpt":{"rendered":"<p>Notre s\u00e9lec\u00adtion de v\u00e9hicules d\u2019un an pour vou\u2026<\/p>\n","protected":false},"author":31,"featured_media":225861,"parent":231575,"menu_order":12,"comment_status":"closed","ping_status":"closed","template":"","meta":{"_acf_changed":false,"inline_featured_image":false,"wp_typography_post_enhancements_disabled":false,"footnotes":""},"class_list":["post-225855","page","type-page","status-publish","has-post-thumbnail","hentry"],"acf":[],"yoast_head":"<!-- This site is optimized with the Yoast SEO plugin v28.4 - https:\/\/yoast.com\/product\/yoast-seo-wordpress\/ -->\n<title>Acheter des v\u00e9hicules d&#039;un an &amp; v\u00e9hicules de d\u00e9monstration en Suisse | Autoshow Aathal AG<\/title>\n<meta name=\"description\" content=\"V\u00e9hicules d&#039;un an et v\u00e9hicules de d\u00e9monstration \u00e0 des prix imbattables. Faible kilom\u00e9trage, garantie compl\u00e8te, jusqu&#039;\u00e0 50 % sous le prix du neuf. Autoshow Aathal.\" \/>\n<meta name=\"robots\" content=\"index, follow, max-snippet:-1, max-image-preview:large, max-video-preview:-1\" \/>\n<link rel=\"canonical\" href=\"https:\/\/autoshow.ch\/fr\/voitures\/vehicules-dun-an\/\" \/>\n<meta property=\"og:locale\" content=\"fr_FR\" \/>\n<meta property=\"og:type\" content=\"article\" \/>\n<meta property=\"og:title\" content=\"Acheter des v\u00e9hicules d&#039;un an &amp; v\u00e9hicules de d\u00e9monstration en Suisse | Autoshow Aathal AG\" \/>\n<meta property=\"og:description\" content=\"V\u00e9hicules d&#039;un an et v\u00e9hicules de d\u00e9monstration \u00e0 des prix imbattables. Faible kilom\u00e9trage, garantie compl\u00e8te, jusqu&#039;\u00e0 50 % sous le prix du neuf. Autoshow Aathal.\" \/>\n<meta property=\"og:url\" content=\"https:\/\/autoshow.ch\/fr\/voitures\/vehicules-dun-an\/\" \/>\n<meta property=\"og:site_name\" content=\"Autoshow Aathal AG\" \/>\n<meta property=\"article:publisher\" content=\"https:\/\/www.facebook.com\/autoshow.ch\" \/>\n<meta property=\"article:modified_time\" content=\"2026-04-10T08:58:13+00:00\" \/>\n<meta property=\"og:image\" content=\"https:\/\/autoshow.ch\/wp-content\/uploads\/2026\/04\/jahreswagen-autoshow-aathal-ag-4.jpeg\" \/>\n\t<meta property=\"og:image:width\" content=\"1920\" \/>\n\t<meta property=\"og:image:height\" content=\"1076\" \/>\n\t<meta property=\"og:image:type\" content=\"image\/jpeg\" \/>\n<meta name=\"twitter:card\" content=\"summary_large_image\" \/>\n<!-- \/ Yoast SEO plugin. -->","yoast_head_json":{"title":"Acheter des v\u00e9hicules d'un an & v\u00e9hicules de d\u00e9monstration en Suisse | Autoshow Aathal AG","description":"V\u00e9hicules d'un an et v\u00e9hicules de d\u00e9monstration \u00e0 des prix imbattables. Faible kilom\u00e9trage, garantie compl\u00e8te, jusqu'\u00e0 50 % sous le prix du neuf. Autoshow Aathal.","robots":{"index":"index","follow":"follow","max-snippet":"max-snippet:-1","max-image-preview":"max-image-preview:large","max-video-preview":"max-video-preview:-1"},"canonical":"https:\/\/autoshow.ch\/fr\/voitures\/vehicules-dun-an\/","og_locale":"fr_FR","og_type":"article","og_title":"Acheter des v\u00e9hicules d'un an & v\u00e9hicules de d\u00e9monstration en Suisse | Autoshow Aathal AG","og_description":"V\u00e9hicules d'un an et v\u00e9hicules de d\u00e9monstration \u00e0 des prix imbattables. Faible kilom\u00e9trage, garantie compl\u00e8te, jusqu'\u00e0 50 % sous le prix du neuf. Autoshow Aathal.","og_url":"https:\/\/autoshow.ch\/fr\/voitures\/vehicules-dun-an\/","og_site_name":"Autoshow Aathal AG","article_publisher":"https:\/\/www.facebook.com\/autoshow.ch","article_modified_time":"2026-04-10T08:58:13+00:00","og_image":[{"width":1920,"height":1076,"url":"https:\/\/autoshow.ch\/wp-content\/uploads\/2026\/04\/jahreswagen-autoshow-aathal-ag-4.jpeg","type":"image\/jpeg"}],"twitter_card":"summary_large_image","schema":{"@context":"https:\/\/schema.org","@graph":[{"@type":"WebPage","@id":"https:\/\/autoshow.ch\/fr\/voitures\/vehicules-dun-an\/","url":"https:\/\/autoshow.ch\/fr\/voitures\/vehicules-dun-an\/","name":"Acheter des v\u00e9hicules d'un an & v\u00e9hicules de d\u00e9monstration en Suisse | Autoshow Aathal AG","isPartOf":{"@id":"https:\/\/autoshow.ch\/fr\/#website"},"primaryImageOfPage":{"@id":"https:\/\/autoshow.ch\/fr\/voitures\/vehicules-dun-an\/#primaryimage"},"image":{"@id":"https:\/\/autoshow.ch\/fr\/voitures\/vehicules-dun-an\/#primaryimage"},"thumbnailUrl":"https:\/\/autoshow.ch\/wp-content\/uploads\/2026\/04\/jahreswagen-autoshow-aathal-ag-4.jpeg","datePublished":"2022-12-13T13:11:59+00:00","dateModified":"2026-04-10T08:58:13+00:00","description":"V\u00e9hicules d'un an et v\u00e9hicules de d\u00e9monstration \u00e0 des prix imbattables. Faible kilom\u00e9trage, garantie compl\u00e8te, jusqu'\u00e0 50 % sous le prix du neuf. Autoshow Aathal.","breadcrumb":{"@id":"https:\/\/autoshow.ch\/fr\/voitures\/vehicules-dun-an\/#breadcrumb"},"inLanguage":"fr-FR","potentialAction":[{"@type":"ReadAction","target":["https:\/\/autoshow.ch\/fr\/voitures\/vehicules-dun-an\/"]}]},{"@type":"ImageObject","inLanguage":"fr-FR","@id":"https:\/\/autoshow.ch\/fr\/voitures\/vehicules-dun-an\/#primaryimage","url":"https:\/\/autoshow.ch\/wp-content\/uploads\/2026\/04\/jahreswagen-autoshow-aathal-ag-4.jpeg","contentUrl":"https:\/\/autoshow.ch\/wp-content\/uploads\/2026\/04\/jahreswagen-autoshow-aathal-ag-4.jpeg","width":1920,"height":1076,"caption":"Gros plan avec faible profondeur de champ de voitures neuves. IA g\u00e9n\u00e9rative."},{"@type":"BreadcrumbList","@id":"https:\/\/autoshow.ch\/fr\/voitures\/vehicules-dun-an\/#breadcrumb","itemListElement":[{"@type":"ListItem","position":1,"name":"Startseite","item":"https:\/\/autoshow.ch\/fr\/"},{"@type":"ListItem","position":2,"name":"Voitures","item":"https:\/\/autoshow.ch\/fr\/voitures\/"},{"@type":"ListItem","position":3,"name":"V\u00e9hicules d\u2019un an"}]},{"@type":"WebSite","@id":"https:\/\/autoshow.ch\/fr\/#website","url":"https:\/\/autoshow.ch\/fr\/","name":"Autoshow Aathal AG","description":"bei Uster bietet g\u00fcnstige Occasionen und Neuwagen","publisher":{"@id":"https:\/\/autoshow.ch\/fr\/#organization"},"alternateName":"Autoshow","potentialAction":[{"@type":"SearchAction","target":{"@type":"EntryPoint","urlTemplate":"https:\/\/autoshow.ch\/fr\/?s={search_term_string}"},"query-input":{"@type":"PropertyValueSpecification","valueRequired":true,"valueName":"search_term_string"}}],"inLanguage":"fr-FR"},{"@type":"Organization","@id":"https:\/\/autoshow.ch\/fr\/#organization","name":"Autoshow Aathal AG","alternateName":"Autoshow","url":"https:\/\/autoshow.ch\/fr\/","logo":{"@type":"ImageObject","inLanguage":"fr-FR","@id":"https:\/\/autoshow.ch\/fr\/#\/schema\/logo\/image\/","url":"https:\/\/autoshow.ch\/wp-content\/uploads\/2025\/12\/autoshow-aathal-ag-logo@696x696.png","contentUrl":"https:\/\/autoshow.ch\/wp-content\/uploads\/2025\/12\/autoshow-aathal-ag-logo@696x696.png","width":696,"height":696,"caption":"Autoshow Aathal AG"},"image":{"@id":"https:\/\/autoshow.ch\/fr\/#\/schema\/logo\/image\/"},"sameAs":["https:\/\/www.facebook.com\/autoshow.ch","https:\/\/www.instagram.com\/autoshow_aathal\/","https:\/\/www.linkedin.com\/company\/autoshow-aathal-ag","https:\/\/www.youtube.com\/user\/AutoshowAathal"]}]}},"_links":{"self":[{"href":"https:\/\/autoshow.ch\/fr\/wp-json\/wp\/v2\/pages\/225855","targetHints":{"allow":["GET"]}}],"collection":[{"href":"https:\/\/autoshow.ch\/fr\/wp-json\/wp\/v2\/pages"}],"about":[{"href":"https:\/\/autoshow.ch\/fr\/wp-json\/wp\/v2\/types\/page"}],"author":[{"embeddable":true,"href":"https:\/\/autoshow.ch\/fr\/wp-json\/wp\/v2\/users\/31"}],"replies":[{"embeddable":true,"href":"https:\/\/autoshow.ch\/fr\/wp-json\/wp\/v2\/comments?post=225855"}],"version-history":[{"count":1,"href":"https:\/\/autoshow.ch\/fr\/wp-json\/wp\/v2\/pages\/225855\/revisions"}],"predecessor-version":[{"id":225862,"href":"https:\/\/autoshow.ch\/fr\/wp-json\/wp\/v2\/pages\/225855\/revisions\/225862"}],"up":[{"embeddable":true,"href":"https:\/\/autoshow.ch\/fr\/wp-json\/wp\/v2\/pages\/231575"}],"wp:featuredmedia":[{"embeddable":true,"href":"https:\/\/autoshow.ch\/fr\/wp-json\/wp\/v2\/media\/225861"}],"wp:attachment":[{"href":"https:\/\/autoshow.ch\/fr\/wp-json\/wp\/v2\/media?parent=225855"}],"curies":[{"name":"wp","href":"https:\/\/api.w.org\/{rel}","templated":true}]}}